{"id":65522,"date":"2021-08-17T16:10:27","date_gmt":"2021-08-17T19:10:27","guid":{"rendered":"https:\/\/www.adf.org.br\/home\/sobre-a-adf-copy\/"},"modified":"2021-08-18T14:20:46","modified_gmt":"2021-08-18T17:20:46","slug":"oracoes","status":"publish","type":"page","link":"https:\/\/www.adf.org.br\/home\/oracoes\/","title":{"rendered":"Ora\u00e7\u00f5es"},"content":{"rendered":"\t\t<div data-elementor-type=\"wp-page\" data-elementor-id=\"65522\" class=\"elementor elementor-65522\" data-elementor-settings=\"[]\">\n\t\t\t\t\t\t<div class=\"elementor-inner\">\n\t\t\t\t\t\t\t<div class=\"elementor-section-wrap\">\n\t\t\t\t\t\t\t<section class=\"elementor-section elementor-top-section elementor-element elementor-element-4090e8a elementor-section-boxed elementor-section-height-default elementor-section-height-default\" data-id=\"4090e8a\" data-element_type=\"section\" data-settings=\"{&quot;background_background&quot;:&quot;classic&quot;}\">\n\t\t\t\t\t\t<div class=\"elementor-container elementor-column-gap-default\">\n\t\t\t\t\t\t\t<div class=\"elementor-row\">\n\t\t\t\t\t<div class=\"elementor-column elementor-col-100 elementor-top-column elementor-element elementor-element-19f586d\" data-id=\"19f586d\" data-element_type=\"column\" data-settings=\"{&quot;background_background&quot;:&quot;classic&quot;}\">\n\t\t\t<div class=\"elementor-column-wrap elementor-element-populated\">\n\t\t\t\t\t\t\t<div class=\"elementor-widget-wrap\">\n\t\t\t\t\t\t\t\t<\/div>\n\t\t\t\t\t<\/div>\n\t\t<\/div>\n\t\t\t\t\t\t\t\t<\/div>\n\t\t\t\t\t<\/div>\n\t\t<\/section>\n\t\t\t\t<section class=\"elementor-section elementor-top-section elementor-element elementor-element-53f13ae elementor-section-boxed elementor-section-height-default elementor-section-height-default\" data-id=\"53f13ae\" data-element_type=\"section\">\n\t\t\t\t\t\t<div class=\"elementor-container elementor-column-gap-default\">\n\t\t\t\t\t\t\t<div class=\"elementor-row\">\n\t\t\t\t\t<div class=\"elementor-column elementor-col-100 elementor-top-column elementor-element elementor-element-a950f51\" data-id=\"a950f51\" data-element_type=\"column\">\n\t\t\t<div class=\"elementor-column-wrap elementor-element-populated\">\n\t\t\t\t\t\t\t<div class=\"elementor-widget-wrap\">\n\t\t\t\t\t\t<div class=\"elementor-element elementor-element-1d86c01 elementor-grid-3 elementor-grid-tablet-2 elementor-grid-mobile-1 elementor-posts--thumbnail-top elementor-widget elementor-widget-posts\" data-id=\"1d86c01\" data-element_type=\"widget\" data-settings=\"{&quot;classic_columns&quot;:&quot;3&quot;,&quot;classic_columns_tablet&quot;:&quot;2&quot;,&quot;classic_columns_mobile&quot;:&quot;1&quot;,&quot;classic_row_gap&quot;:{&quot;unit&quot;:&quot;px&quot;,&quot;size&quot;:35,&quot;sizes&quot;:[]}}\" data-widget_type=\"posts.classic\">\n\t\t\t\t<div class=\"elementor-widget-container\">\n\t\t\t\t\t<div class=\"elementor-posts-container elementor-posts elementor-posts--skin-classic elementor-grid\">\n\t\t\t\t<article class=\"elementor-post elementor-grid-item post-67433 post type-post status-publish format-standard has-post-thumbnail hentry category-boletim category-nossa-senhora-de-fatima category-oracoes category-velario tag-intercessao-maternal tag-nossa-senhora-de-fatima tag-oracao tag-perseveranca wpbf-post\">\n\t\t\t\t<a class=\"elementor-post__thumbnail__link\" href=\"https:\/\/www.adf.org.br\/home\/oracao-para-alcancar-a-perseveranca-2\/\" >\n\t\t\t<div class=\"elementor-post__thumbnail\"><img width=\"300\" height=\"169\" src=\"https:\/\/www.adf.org.br\/home\/wp-content\/uploads\/2022\/02\/ADF_Video_YT_28-01-300x169.jpg\" class=\"attachment-medium size-medium\" alt=\"\" loading=\"lazy\" srcset=\"https:\/\/www.adf.org.br\/home\/wp-content\/uploads\/2022\/02\/ADF_Video_YT_28-01-300x169.jpg 300w, https:\/\/www.adf.org.br\/home\/wp-content\/uploads\/2022\/02\/ADF_Video_YT_28-01-1024x576.jpg 1024w, https:\/\/www.adf.org.br\/home\/wp-content\/uploads\/2022\/02\/ADF_Video_YT_28-01-768x432.jpg 768w, https:\/\/www.adf.org.br\/home\/wp-content\/uploads\/2022\/02\/ADF_Video_YT_28-01-1536x864.jpg 1536w, https:\/\/www.adf.org.br\/home\/wp-content\/uploads\/2022\/02\/ADF_Video_YT_28-01.jpg 1920w\" sizes=\"(max-width: 300px) 100vw, 300px\" \/><\/div>\n\t\t<\/a>\n\t\t\t\t<div class=\"elementor-post__text\">\n\t\t\t\t<h3 class=\"elementor-post__title\">\n\t\t\t<a href=\"https:\/\/www.adf.org.br\/home\/oracao-para-alcancar-a-perseveranca-2\/\" >\n\t\t\t\tOra\u00e7\u00e3o para alcan\u00e7ar a Perseveran\u00e7a.\t\t\t<\/a>\n\t\t<\/h3>\n\t\t\t\t<div class=\"elementor-post__excerpt\">\n\t\t\t<p>Ora\u00e7\u00e3o para alcan\u00e7ar a Perseveran\u00e7a. &nbsp; Os problemas muitas vezes nos fazem querer desistir de continuar e em outros momentos n\u00e3o temos for\u00e7as para seguir<\/p>\n\t\t<\/div>\n\t\t\t\t\t<a class=\"elementor-post__read-more\" href=\"https:\/\/www.adf.org.br\/home\/oracao-para-alcancar-a-perseveranca-2\/\" >\n\t\t\t\tLeia Mais  \u00bb\t\t\t<\/a>\n\t\t\t\t<\/div>\n\t\t\t\t<\/article>\n\t\t\t\t<article class=\"elementor-post elementor-grid-item post-71241 post type-post status-publish format-standard has-post-thumbnail hentry category-boletim category-nossa-senhora-de-fatima category-oracoes category-velario tag-acao-de-gracas tag-final-de-ano tag-oracao wpbf-post\">\n\t\t\t\t<a class=\"elementor-post__thumbnail__link\" href=\"https:\/\/www.adf.org.br\/home\/momento-de-agradecer-a-deus-todas-as-gracas-recebidas-neste-ano-reze-conosco\/\" >\n\t\t\t<div class=\"elementor-post__thumbnail\"><img width=\"258\" height=\"300\" src=\"https:\/\/www.adf.org.br\/home\/wp-content\/uploads\/2021\/12\/unnamed-3-258x300.jpg\" class=\"attachment-medium size-medium\" alt=\"\" loading=\"lazy\" srcset=\"https:\/\/www.adf.org.br\/home\/wp-content\/uploads\/2021\/12\/unnamed-3-258x300.jpg 258w, https:\/\/www.adf.org.br\/home\/wp-content\/uploads\/2021\/12\/unnamed-3-768x894.jpg 768w, https:\/\/www.adf.org.br\/home\/wp-content\/uploads\/2021\/12\/unnamed-3.jpg 880w\" sizes=\"(max-width: 258px) 100vw, 258px\" \/><\/div>\n\t\t<\/a>\n\t\t\t\t<div class=\"elementor-post__text\">\n\t\t\t\t<h3 class=\"elementor-post__title\">\n\t\t\t<a href=\"https:\/\/www.adf.org.br\/home\/momento-de-agradecer-a-deus-todas-as-gracas-recebidas-neste-ano-reze-conosco\/\" >\n\t\t\t\tMomento de agradecer a Deus todas as gra\u00e7as recebidas neste ano. Reze conosco!\t\t\t<\/a>\n\t\t<\/h3>\n\t\t\t\t<div class=\"elementor-post__excerpt\">\n\t\t\t<p>Momento de agradecer a Deus todas as gra\u00e7as recebidas neste ano. Reze conosco! &nbsp; Chegamos, enfim, ao \u00faltimo dia deste ano. Hoje \u00e9 o dia<\/p>\n\t\t<\/div>\n\t\t\t\t\t<a class=\"elementor-post__read-more\" href=\"https:\/\/www.adf.org.br\/home\/momento-de-agradecer-a-deus-todas-as-gracas-recebidas-neste-ano-reze-conosco\/\" >\n\t\t\t\tLeia Mais  \u00bb\t\t\t<\/a>\n\t\t\t\t<\/div>\n\t\t\t\t<\/article>\n\t\t\t\t<article class=\"elementor-post elementor-grid-item post-73810 post type-post status-publish format-standard has-post-thumbnail hentry category-oracoes tag-dia-de-nossa-senhora-do-rosario tag-festa-de-nossa-senhora-do-rosario tag-oracao-nossa-senhora-do-rosario wpbf-post\">\n\t\t\t\t<a class=\"elementor-post__thumbnail__link\" href=\"https:\/\/www.adf.org.br\/home\/dia-de-nossa-senhora-do-rosario-reze-essa-oracao-e-suplique-por-gracas\/\" >\n\t\t\t<div class=\"elementor-post__thumbnail\"><img width=\"300\" height=\"172\" src=\"https:\/\/www.adf.org.br\/home\/wp-content\/uploads\/2023\/10\/Nossa-Senhora-do-Rosario-festa-Oracao-300x172.jpg\" class=\"attachment-medium size-medium\" alt=\"Nossa Senhora do Ros\u00e1ri\" loading=\"lazy\" srcset=\"https:\/\/www.adf.org.br\/home\/wp-content\/uploads\/2023\/10\/Nossa-Senhora-do-Rosario-festa-Oracao-300x172.jpg 300w, https:\/\/www.adf.org.br\/home\/wp-content\/uploads\/2023\/10\/Nossa-Senhora-do-Rosario-festa-Oracao-1024x586.jpg 1024w, https:\/\/www.adf.org.br\/home\/wp-content\/uploads\/2023\/10\/Nossa-Senhora-do-Rosario-festa-Oracao-768x440.jpg 768w, https:\/\/www.adf.org.br\/home\/wp-content\/uploads\/2023\/10\/Nossa-Senhora-do-Rosario-festa-Oracao.jpg 1224w\" sizes=\"(max-width: 300px) 100vw, 300px\" \/><\/div>\n\t\t<\/a>\n\t\t\t\t<div class=\"elementor-post__text\">\n\t\t\t\t<h3 class=\"elementor-post__title\">\n\t\t\t<a href=\"https:\/\/www.adf.org.br\/home\/dia-de-nossa-senhora-do-rosario-reze-essa-oracao-e-suplique-por-gracas\/\" >\n\t\t\t\tDia de Nossa Senhora do Ros\u00e1rio. Reze essa ora\u00e7\u00e3o e suplique por gra\u00e7as\t\t\t<\/a>\n\t\t<\/h3>\n\t\t\t\t<div class=\"elementor-post__excerpt\">\n\t\t\t<p>. Na data de hoje,\u00a007 de Outubro, a Igreja Cat\u00f3lica celebra a Mem\u00f3ria de\u00a0Nossa Senhora do Ros\u00e1rio. \u201cQuero que continuem a rezar o Ter\u00e7o todos<\/p>\n\t\t<\/div>\n\t\t\t\t\t<a class=\"elementor-post__read-more\" href=\"https:\/\/www.adf.org.br\/home\/dia-de-nossa-senhora-do-rosario-reze-essa-oracao-e-suplique-por-gracas\/\" >\n\t\t\t\tLeia Mais  \u00bb\t\t\t<\/a>\n\t\t\t\t<\/div>\n\t\t\t\t<\/article>\n\t\t\t\t<article class=\"elementor-post elementor-grid-item post-61726 post type-post status-publish format-standard has-post-thumbnail hentry category-boletim category-central-de-missas category-intencoes-da-semana category-missa category-oracoes tag-anjo-da-guarda tag-arcanjos-de-deus tag-doutrina-catolica tag-missa-da-semana tag-nossa-senhora-de-fatima tag-oracao-anjo-da-guarda tag-protecao-celestial wpbf-post\">\n\t\t\t\t<a class=\"elementor-post__thumbnail__link\" href=\"https:\/\/www.adf.org.br\/home\/hoje-e-dia-dos-santos-anjos-da-guarda-reze-esta-oracao-ao-seu-protetor-celestial\/\" >\n\t\t\t<div class=\"elementor-post__thumbnail\"><img width=\"300\" height=\"226\" src=\"https:\/\/www.adf.org.br\/home\/wp-content\/uploads\/2020\/10\/Anjo-da-Guarda-2-300x226.jpg\" class=\"attachment-medium size-medium\" alt=\"\" loading=\"lazy\" srcset=\"https:\/\/www.adf.org.br\/home\/wp-content\/uploads\/2020\/10\/Anjo-da-Guarda-2-300x226.jpg 300w, https:\/\/www.adf.org.br\/home\/wp-content\/uploads\/2020\/10\/Anjo-da-Guarda-2.jpg 546w\" sizes=\"(max-width: 300px) 100vw, 300px\" \/><\/div>\n\t\t<\/a>\n\t\t\t\t<div class=\"elementor-post__text\">\n\t\t\t\t<h3 class=\"elementor-post__title\">\n\t\t\t<a href=\"https:\/\/www.adf.org.br\/home\/hoje-e-dia-dos-santos-anjos-da-guarda-reze-esta-oracao-ao-seu-protetor-celestial\/\" >\n\t\t\t\tHoje \u00e9 dia dos Santos Anjos da Guarda: Reze esta ora\u00e7\u00e3o ao seu protetor celestial\t\t\t<\/a>\n\t\t<\/h3>\n\t\t\t\t<div class=\"elementor-post__excerpt\">\n\t\t\t<p>&nbsp; Ora\u00e7\u00e3o ao Anjo da Guarda &nbsp; \u00d3 meu Santo Anjo da Guarda, pr\u00edncipe da corte celestial e meu fiel protetor, alcan\u00e7ai-me o perd\u00e3o de<\/p>\n\t\t<\/div>\n\t\t\t\t\t<a class=\"elementor-post__read-more\" href=\"https:\/\/www.adf.org.br\/home\/hoje-e-dia-dos-santos-anjos-da-guarda-reze-esta-oracao-ao-seu-protetor-celestial\/\" >\n\t\t\t\tLeia Mais  \u00bb\t\t\t<\/a>\n\t\t\t\t<\/div>\n\t\t\t\t<\/article>\n\t\t\t\t<article class=\"elementor-post elementor-grid-item post-79348 post type-post status-publish format-standard has-post-thumbnail hentry category-adf-recomenda category-oracoes category-rosario wpbf-post\">\n\t\t\t\t<a class=\"elementor-post__thumbnail__link\" href=\"https:\/\/www.adf.org.br\/home\/distracoes-no-rosario\/\" >\n\t\t\t<div class=\"elementor-post__thumbnail\"><img width=\"300\" height=\"300\" src=\"https:\/\/www.adf.org.br\/home\/wp-content\/uploads\/2025\/02\/6-rosario-300x300.jpg\" class=\"attachment-medium size-medium\" alt=\"\" loading=\"lazy\" srcset=\"https:\/\/www.adf.org.br\/home\/wp-content\/uploads\/2025\/02\/6-rosario-300x300.jpg 300w, https:\/\/www.adf.org.br\/home\/wp-content\/uploads\/2025\/02\/6-rosario-150x150.jpg 150w, https:\/\/www.adf.org.br\/home\/wp-content\/uploads\/2025\/02\/6-rosario.jpg 450w\" sizes=\"(max-width: 300px) 100vw, 300px\" \/><\/div>\n\t\t<\/a>\n\t\t\t\t<div class=\"elementor-post__text\">\n\t\t\t\t<h3 class=\"elementor-post__title\">\n\t\t\t<a href=\"https:\/\/www.adf.org.br\/home\/distracoes-no-rosario\/\" >\n\t\t\t\tDistra\u00e7\u00f5es no Ros\u00e1rio? Descubra como rezar com devo\u00e7\u00e3o e colher as gra\u00e7as dessa poderosa ora\u00e7\u00e3o!\t\t\t<\/a>\n\t\t<\/h3>\n\t\t\t\t<div class=\"elementor-post__excerpt\">\n\t\t\t<p>O Ros\u00e1rio \u00e9 muito mais do que uma simples sequ\u00eancia de ora\u00e7\u00f5es. \u00c9 um di\u00e1logo \u00edntimo com Nossa Senhora e uma oportunidade de fortalecer nossa<\/p>\n\t\t<\/div>\n\t\t\t\t\t<a class=\"elementor-post__read-more\" href=\"https:\/\/www.adf.org.br\/home\/distracoes-no-rosario\/\" >\n\t\t\t\tLeia Mais  \u00bb\t\t\t<\/a>\n\t\t\t\t<\/div>\n\t\t\t\t<\/article>\n\t\t\t\t<article class=\"elementor-post elementor-grid-item post-79093 post type-post status-publish format-standard has-post-thumbnail hentry category-oracoes wpbf-post\">\n\t\t\t\t<a class=\"elementor-post__thumbnail__link\" href=\"https:\/\/www.adf.org.br\/home\/e-possivel-retirar-uma-alma-do-inferno-com-nossas-oracoes\/\" >\n\t\t\t<div class=\"elementor-post__thumbnail\"><img width=\"300\" height=\"200\" src=\"https:\/\/www.adf.org.br\/home\/wp-content\/uploads\/2025\/02\/image1-300x200.png\" class=\"attachment-medium size-medium\" alt=\"\" loading=\"lazy\" srcset=\"https:\/\/www.adf.org.br\/home\/wp-content\/uploads\/2025\/02\/image1-300x200.png 300w, https:\/\/www.adf.org.br\/home\/wp-content\/uploads\/2025\/02\/image1-768x513.png 768w, https:\/\/www.adf.org.br\/home\/wp-content\/uploads\/2025\/02\/image1.png 785w\" sizes=\"(max-width: 300px) 100vw, 300px\" \/><\/div>\n\t\t<\/a>\n\t\t\t\t<div class=\"elementor-post__text\">\n\t\t\t\t<h3 class=\"elementor-post__title\">\n\t\t\t<a href=\"https:\/\/www.adf.org.br\/home\/e-possivel-retirar-uma-alma-do-inferno-com-nossas-oracoes\/\" >\n\t\t\t\t\u00c9 poss\u00edvel retirar uma alma do inferno com nossas ora\u00e7\u00f5es?\t\t\t<\/a>\n\t\t<\/h3>\n\t\t\t\t<div class=\"elementor-post__excerpt\">\n\t\t\t<p>O desejo de interceder por aqueles que amamos \u00e9 natural, especialmente quando pensamos no destino eterno das almas. Muitos cat\u00f3licos se perguntam se \u00e9 poss\u00edvel,<\/p>\n\t\t<\/div>\n\t\t\t\t\t<a class=\"elementor-post__read-more\" href=\"https:\/\/www.adf.org.br\/home\/e-possivel-retirar-uma-alma-do-inferno-com-nossas-oracoes\/\" >\n\t\t\t\tLeia Mais  \u00bb\t\t\t<\/a>\n\t\t\t\t<\/div>\n\t\t\t\t<\/article>\n\t\t\t\t<article class=\"elementor-post elementor-grid-item post-78721 post type-post status-publish format-standard has-post-thumbnail hentry category-oracoes tag-oracao tag-oracoes wpbf-post\">\n\t\t\t\t<a class=\"elementor-post__thumbnail__link\" href=\"https:\/\/www.adf.org.br\/home\/oracao-ao-anjo-da-guarda\/\" >\n\t\t\t<div class=\"elementor-post__thumbnail\"><img width=\"300\" height=\"200\" src=\"https:\/\/www.adf.org.br\/home\/wp-content\/uploads\/2025\/02\/anjo-da-guarda-300x200.jpg\" class=\"attachment-medium size-medium\" alt=\"Anjo da Guarda- imagem mostra est\u00e1tua de anjo em uma parede com grama\" loading=\"lazy\" srcset=\"https:\/\/www.adf.org.br\/home\/wp-content\/uploads\/2025\/02\/anjo-da-guarda-300x200.jpg 300w, https:\/\/www.adf.org.br\/home\/wp-content\/uploads\/2025\/02\/anjo-da-guarda-1024x683.jpg 1024w, https:\/\/www.adf.org.br\/home\/wp-content\/uploads\/2025\/02\/anjo-da-guarda-768x512.jpg 768w, https:\/\/www.adf.org.br\/home\/wp-content\/uploads\/2025\/02\/anjo-da-guarda-1536x1024.jpg 1536w, https:\/\/www.adf.org.br\/home\/wp-content\/uploads\/2025\/02\/anjo-da-guarda-2048x1365.jpg 2048w\" sizes=\"(max-width: 300px) 100vw, 300px\" \/><\/div>\n\t\t<\/a>\n\t\t\t\t<div class=\"elementor-post__text\">\n\t\t\t\t<h3 class=\"elementor-post__title\">\n\t\t\t<a href=\"https:\/\/www.adf.org.br\/home\/oracao-ao-anjo-da-guarda\/\" >\n\t\t\t\tOra\u00e7\u00e3o ao Anjo da Guarda: como falar diretamente com um amigo enviado por Deus?\t\t\t<\/a>\n\t\t<\/h3>\n\t\t\t\t<div class=\"elementor-post__excerpt\">\n\t\t\t<p>Desde o momento em que nascemos, Deus, em sua infinita bondade e miseric\u00f3rdia, designa um Anjo da Guarda para estar ao nosso lado. Este ser<\/p>\n\t\t<\/div>\n\t\t\t\t\t<a class=\"elementor-post__read-more\" href=\"https:\/\/www.adf.org.br\/home\/oracao-ao-anjo-da-guarda\/\" >\n\t\t\t\tLeia Mais  \u00bb\t\t\t<\/a>\n\t\t\t\t<\/div>\n\t\t\t\t<\/article>\n\t\t\t\t<article class=\"elementor-post elementor-grid-item post-78596 post type-post status-publish format-standard has-post-thumbnail hentry category-aparicoes-de-fatima category-oracoes tag-oracao wpbf-post\">\n\t\t\t\t<a class=\"elementor-post__thumbnail__link\" href=\"https:\/\/www.adf.org.br\/home\/oracoes-do-anjo-de-fatima\/\" >\n\t\t\t<div class=\"elementor-post__thumbnail\"><img width=\"300\" height=\"221\" src=\"https:\/\/www.adf.org.br\/home\/wp-content\/uploads\/2025\/01\/oracoes-do-anjo-1-300x221.jpg\" class=\"attachment-medium size-medium\" alt=\"\" loading=\"lazy\" srcset=\"https:\/\/www.adf.org.br\/home\/wp-content\/uploads\/2025\/01\/oracoes-do-anjo-1-300x221.jpg 300w, https:\/\/www.adf.org.br\/home\/wp-content\/uploads\/2025\/01\/oracoes-do-anjo-1-768x565.jpg 768w, https:\/\/www.adf.org.br\/home\/wp-content\/uploads\/2025\/01\/oracoes-do-anjo-1.jpg 975w\" sizes=\"(max-width: 300px) 100vw, 300px\" \/><\/div>\n\t\t<\/a>\n\t\t\t\t<div class=\"elementor-post__text\">\n\t\t\t\t<h3 class=\"elementor-post__title\">\n\t\t\t<a href=\"https:\/\/www.adf.org.br\/home\/oracoes-do-anjo-de-fatima\/\" >\n\t\t\t\tOra\u00e7\u00f5es do Anjo de F\u00e1tima: o que revelam sobre a F\u00e9 e a Convers\u00e3o?\t\t\t<\/a>\n\t\t<\/h3>\n\t\t\t\t<div class=\"elementor-post__excerpt\">\n\t\t\t<p>Poucos momentos na hist\u00f3ria carregam tanto mist\u00e9rio e f\u00e9 quanto as apari\u00e7\u00f5es de Nossa Senhora de F\u00e1tima, em 1917, para os tr\u00eas pastorinhos \u2013 L\u00facia,<\/p>\n\t\t<\/div>\n\t\t\t\t\t<a class=\"elementor-post__read-more\" href=\"https:\/\/www.adf.org.br\/home\/oracoes-do-anjo-de-fatima\/\" >\n\t\t\t\tLeia Mais  \u00bb\t\t\t<\/a>\n\t\t\t\t<\/div>\n\t\t\t\t<\/article>\n\t\t\t\t<article class=\"elementor-post elementor-grid-item post-78567 post type-post status-publish format-standard has-post-thumbnail hentry category-oracoes wpbf-post\">\n\t\t\t\t<a class=\"elementor-post__thumbnail__link\" href=\"https:\/\/www.adf.org.br\/home\/as-promessas-de-nossa-senhora-aos-devotos-do-seu-rosario\/\" >\n\t\t\t<div class=\"elementor-post__thumbnail\"><img width=\"300\" height=\"200\" src=\"https:\/\/www.adf.org.br\/home\/wp-content\/uploads\/2025\/01\/image-1-1-300x200.jpg\" class=\"attachment-medium size-medium\" alt=\"\" loading=\"lazy\" srcset=\"https:\/\/www.adf.org.br\/home\/wp-content\/uploads\/2025\/01\/image-1-1-300x200.jpg 300w, https:\/\/www.adf.org.br\/home\/wp-content\/uploads\/2025\/01\/image-1-1-768x512.jpg 768w, https:\/\/www.adf.org.br\/home\/wp-content\/uploads\/2025\/01\/image-1-1.jpg 972w\" sizes=\"(max-width: 300px) 100vw, 300px\" \/><\/div>\n\t\t<\/a>\n\t\t\t\t<div class=\"elementor-post__text\">\n\t\t\t\t<h3 class=\"elementor-post__title\">\n\t\t\t<a href=\"https:\/\/www.adf.org.br\/home\/as-promessas-de-nossa-senhora-aos-devotos-do-seu-rosario\/\" >\n\t\t\t\tAs Promessas de Nossa Senhora aos devotos do Seu Ros\u00e1rio\t\t\t<\/a>\n\t\t<\/h3>\n\t\t\t\t<div class=\"elementor-post__excerpt\">\n\t\t\t<p>Desde Suas apari\u00e7\u00f5es, Nossa Senhora nos incentiva a rezar o Ros\u00e1rio como um caminho de gra\u00e7a e prote\u00e7\u00e3o espiritual.\u00a0 Essa pr\u00e1tica envolve as 15 promessas<\/p>\n\t\t<\/div>\n\t\t\t\t\t<a class=\"elementor-post__read-more\" href=\"https:\/\/www.adf.org.br\/home\/as-promessas-de-nossa-senhora-aos-devotos-do-seu-rosario\/\" >\n\t\t\t\tLeia Mais  \u00bb\t\t\t<\/a>\n\t\t\t\t<\/div>\n\t\t\t\t<\/article>\n\t\t\t\t<article class=\"elementor-post elementor-grid-item post-78558 post type-post status-publish format-standard has-post-thumbnail hentry category-oracoes tag-nossa-senhora tag-nossa-senhora-de-fatima wpbf-post\">\n\t\t\t\t<a class=\"elementor-post__thumbnail__link\" href=\"https:\/\/www.adf.org.br\/home\/o-que-estamos-fazendo-para-a-eternidade\/\" >\n\t\t\t<div class=\"elementor-post__thumbnail\"><img width=\"300\" height=\"200\" src=\"https:\/\/www.adf.org.br\/home\/wp-content\/uploads\/2025\/01\/image1-300x200.jpg\" class=\"attachment-medium size-medium\" alt=\"Eternidade: imagem mostra fi\u00e9is em adora\u00e7\u00e3o\" loading=\"lazy\" srcset=\"https:\/\/www.adf.org.br\/home\/wp-content\/uploads\/2025\/01\/image1-300x200.jpg 300w, https:\/\/www.adf.org.br\/home\/wp-content\/uploads\/2025\/01\/image1-1024x683.jpg 1024w, https:\/\/www.adf.org.br\/home\/wp-content\/uploads\/2025\/01\/image1-768x512.jpg 768w, https:\/\/www.adf.org.br\/home\/wp-content\/uploads\/2025\/01\/image1-1536x1024.jpg 1536w, https:\/\/www.adf.org.br\/home\/wp-content\/uploads\/2025\/01\/image1.jpg 1999w\" sizes=\"(max-width: 300px) 100vw, 300px\" \/><\/div>\n\t\t<\/a>\n\t\t\t\t<div class=\"elementor-post__text\">\n\t\t\t\t<h3 class=\"elementor-post__title\">\n\t\t\t<a href=\"https:\/\/www.adf.org.br\/home\/o-que-estamos-fazendo-para-a-eternidade\/\" >\n\t\t\t\tO que estamos fazendo para a eternidade?\t\t\t<\/a>\n\t\t<\/h3>\n\t\t\t\t<div class=\"elementor-post__excerpt\">\n\t\t\t<p>&#8220;Fazes o imposs\u00edvel para morrer um pouco mais tarde, e nada fazes para n\u00e3o morrer para sempre?&#8221; \u2013 Santo Agostinho Esse questionamento de Santo Agostinho<\/p>\n\t\t<\/div>\n\t\t\t\t\t<a class=\"elementor-post__read-more\" href=\"https:\/\/www.adf.org.br\/home\/o-que-estamos-fazendo-para-a-eternidade\/\" >\n\t\t\t\tLeia Mais  \u00bb\t\t\t<\/a>\n\t\t\t\t<\/div>\n\t\t\t\t<\/article>\n\t\t\t\t<article class=\"elementor-post elementor-grid-item post-78536 post type-post status-publish format-standard has-post-thumbnail hentry category-nossa-senhora-de-fatima category-oracoes category-sem-categoria tag-nossa-senhora-de-fatima tag-oracao tag-oracoes wpbf-post\">\n\t\t\t\t<a class=\"elementor-post__thumbnail__link\" href=\"https:\/\/www.adf.org.br\/home\/a-arma-mais-forte-contra-os-males-de-um-mundo-em-guerra\/\" >\n\t\t\t<div class=\"elementor-post__thumbnail\"><img width=\"300\" height=\"185\" src=\"https:\/\/www.adf.org.br\/home\/wp-content\/uploads\/2025\/01\/post-1-a-arma-mais-forte-contra-os-males-de-um-mundo-em-guerra-300x185.jpg\" class=\"attachment-medium size-medium\" alt=\"\" loading=\"lazy\" srcset=\"https:\/\/www.adf.org.br\/home\/wp-content\/uploads\/2025\/01\/post-1-a-arma-mais-forte-contra-os-males-de-um-mundo-em-guerra-300x185.jpg 300w, https:\/\/www.adf.org.br\/home\/wp-content\/uploads\/2025\/01\/post-1-a-arma-mais-forte-contra-os-males-de-um-mundo-em-guerra-1024x630.jpg 1024w, https:\/\/www.adf.org.br\/home\/wp-content\/uploads\/2025\/01\/post-1-a-arma-mais-forte-contra-os-males-de-um-mundo-em-guerra-768x472.jpg 768w, https:\/\/www.adf.org.br\/home\/wp-content\/uploads\/2025\/01\/post-1-a-arma-mais-forte-contra-os-males-de-um-mundo-em-guerra-1536x945.jpg 1536w, https:\/\/www.adf.org.br\/home\/wp-content\/uploads\/2025\/01\/post-1-a-arma-mais-forte-contra-os-males-de-um-mundo-em-guerra.jpg 1608w\" sizes=\"(max-width: 300px) 100vw, 300px\" \/><\/div>\n\t\t<\/a>\n\t\t\t\t<div class=\"elementor-post__text\">\n\t\t\t\t<h3 class=\"elementor-post__title\">\n\t\t\t<a href=\"https:\/\/www.adf.org.br\/home\/a-arma-mais-forte-contra-os-males-de-um-mundo-em-guerra\/\" >\n\t\t\t\tA arma mais forte contra os males de um mundo em guerra\t\t\t<\/a>\n\t\t<\/h3>\n\t\t\t\t<div class=\"elementor-post__excerpt\">\n\t\t\t<p>\u201cDeus n\u00e3o criou a morte e a destrui\u00e7\u00e3o dos vivos n\u00e3o lhe d\u00e1 alegria alguma. Ele criou todas as coisas para existirem\u2026 e a morte<\/p>\n\t\t<\/div>\n\t\t\t\t\t<a class=\"elementor-post__read-more\" href=\"https:\/\/www.adf.org.br\/home\/a-arma-mais-forte-contra-os-males-de-um-mundo-em-guerra\/\" >\n\t\t\t\tLeia Mais  \u00bb\t\t\t<\/a>\n\t\t\t\t<\/div>\n\t\t\t\t<\/article>\n\t\t\t\t<article class=\"elementor-post elementor-grid-item post-78504 post type-post status-publish format-standard has-post-thumbnail hentry category-adf-recomenda category-boletim category-campanha category-campanha-exercito-da-medalha-milagrosa category-medalha-milagrosa category-nossa-senhora-das-gracas category-oracoes category-redes-sociais wpbf-post\">\n\t\t\t\t<a class=\"elementor-post__thumbnail__link\" href=\"https:\/\/www.adf.org.br\/home\/em-nome-da-fe-medalha-milagrosa-como-simbolo-de-esperanca-para-a-ucrania\/\" >\n\t\t\t<div class=\"elementor-post__thumbnail\"><img width=\"300\" height=\"120\" src=\"https:\/\/www.adf.org.br\/home\/wp-content\/uploads\/2025\/01\/Screenshot_2-1-300x120.png\" class=\"attachment-medium size-medium\" alt=\"\" loading=\"lazy\" srcset=\"https:\/\/www.adf.org.br\/home\/wp-content\/uploads\/2025\/01\/Screenshot_2-1-300x120.png 300w, https:\/\/www.adf.org.br\/home\/wp-content\/uploads\/2025\/01\/Screenshot_2-1.png 688w\" sizes=\"(max-width: 300px) 100vw, 300px\" \/><\/div>\n\t\t<\/a>\n\t\t\t\t<div class=\"elementor-post__text\">\n\t\t\t\t<h3 class=\"elementor-post__title\">\n\t\t\t<a href=\"https:\/\/www.adf.org.br\/home\/em-nome-da-fe-medalha-milagrosa-como-simbolo-de-esperanca-para-a-ucrania\/\" >\n\t\t\t\tEm Nome da F\u00e9: Medalha Milagrosa como S\u00edmbolo de Esperan\u00e7a para a Ucr\u00e2nia.\t\t\t<\/a>\n\t\t<\/h3>\n\t\t\t\t<div class=\"elementor-post__excerpt\">\n\t\t\t<p>Como a devo\u00e7\u00e3o \u00e0 Nossa Senhora das Gra\u00e7as inspira e fortalece cora\u00e7\u00f5es em meio \u00e0 guerra. &nbsp; . Miss\u00e3o de Esperan\u00e7a em Tempos Dif\u00edceis .<\/p>\n\t\t<\/div>\n\t\t\t\t\t<a class=\"elementor-post__read-more\" href=\"https:\/\/www.adf.org.br\/home\/em-nome-da-fe-medalha-milagrosa-como-simbolo-de-esperanca-para-a-ucrania\/\" >\n\t\t\t\tLeia Mais  \u00bb\t\t\t<\/a>\n\t\t\t\t<\/div>\n\t\t\t\t<\/article>\n\t\t\t\t<article class=\"elementor-post elementor-grid-item post-78044 post type-post status-publish format-standard has-post-thumbnail hentry category-imaculado-coracao-de-maria category-oracoes tag-0812-festa-da-imaculada-conceicao-de-maria tag-imaculada-conceicao-da-virgem tag-imaculado-coracao-de-maria tag-nossa-senhora tag-oracao tag-virgem-maria wpbf-post\">\n\t\t\t\t<a class=\"elementor-post__thumbnail__link\" href=\"https:\/\/www.adf.org.br\/home\/novena-imaculada-conceicao-devocao-mariana\/\" >\n\t\t\t<div class=\"elementor-post__thumbnail\"><img width=\"300\" height=\"168\" src=\"https:\/\/www.adf.org.br\/home\/wp-content\/uploads\/2024\/11\/Rizi-inmaculada-1-e1670456228145-300x168.webp\" class=\"attachment-medium size-medium\" alt=\"\" loading=\"lazy\" srcset=\"https:\/\/www.adf.org.br\/home\/wp-content\/uploads\/2024\/11\/Rizi-inmaculada-1-e1670456228145-300x168.webp 300w, https:\/\/www.adf.org.br\/home\/wp-content\/uploads\/2024\/11\/Rizi-inmaculada-1-e1670456228145-768x429.webp 768w, https:\/\/www.adf.org.br\/home\/wp-content\/uploads\/2024\/11\/Rizi-inmaculada-1-e1670456228145.webp 899w\" sizes=\"(max-width: 300px) 100vw, 300px\" \/><\/div>\n\t\t<\/a>\n\t\t\t\t<div class=\"elementor-post__text\">\n\t\t\t\t<h3 class=\"elementor-post__title\">\n\t\t\t<a href=\"https:\/\/www.adf.org.br\/home\/novena-imaculada-conceicao-devocao-mariana\/\" >\n\t\t\t\tNovena \u00e0 Imaculada Concei\u00e7\u00e3o | Prepare Seu Cora\u00e7\u00e3o para o Dia 8 de Dezembro\t\t\t<\/a>\n\t\t<\/h3>\n\t\t\t\t<div class=\"elementor-post__excerpt\">\n\t\t\t<p>Comece Hoje a Novena \u00e0 Imaculada Concei\u00e7\u00e3o &#8220;A beat\u00edssima Virgem Maria, no primeiro instante de sua Concei\u00e7\u00e3o, por singular gra\u00e7a e privil\u00e9gio de Deus onipotente,<\/p>\n\t\t<\/div>\n\t\t\t\t\t<a class=\"elementor-post__read-more\" href=\"https:\/\/www.adf.org.br\/home\/novena-imaculada-conceicao-devocao-mariana\/\" >\n\t\t\t\tLeia Mais  \u00bb\t\t\t<\/a>\n\t\t\t\t<\/div>\n\t\t\t\t<\/article>\n\t\t\t\t<article class=\"elementor-post elementor-grid-item post-77791 post type-post status-publish format-standard has-post-thumbnail hentry category-boletim category-historia-de-maria category-oracoes tag-nossa-senhora-de-fatima wpbf-post\">\n\t\t\t\t<a class=\"elementor-post__thumbnail__link\" href=\"https:\/\/www.adf.org.br\/home\/oracao-cubra-me-com-o-seu-manto-de-amor-e-protecao\/\" >\n\t\t\t<div class=\"elementor-post__thumbnail\"><img width=\"300\" height=\"164\" src=\"https:\/\/www.adf.org.br\/home\/wp-content\/uploads\/2024\/05\/Nossa-senhora-fatima-300x164.jpg\" class=\"attachment-medium size-medium\" alt=\"Acenda uma vela de repara\u00e7\u00e3o para nossa senhora de F\u00e1tima\" loading=\"lazy\" srcset=\"https:\/\/www.adf.org.br\/home\/wp-content\/uploads\/2024\/05\/Nossa-senhora-fatima-300x164.jpg 300w, https:\/\/www.adf.org.br\/home\/wp-content\/uploads\/2024\/05\/Nossa-senhora-fatima-1024x561.jpg 1024w, https:\/\/www.adf.org.br\/home\/wp-content\/uploads\/2024\/05\/Nossa-senhora-fatima-768x421.jpg 768w, https:\/\/www.adf.org.br\/home\/wp-content\/uploads\/2024\/05\/Nossa-senhora-fatima.jpg 1366w\" sizes=\"(max-width: 300px) 100vw, 300px\" \/><\/div>\n\t\t<\/a>\n\t\t\t\t<div class=\"elementor-post__text\">\n\t\t\t\t<h3 class=\"elementor-post__title\">\n\t\t\t<a href=\"https:\/\/www.adf.org.br\/home\/oracao-cubra-me-com-o-seu-manto-de-amor-e-protecao\/\" >\n\t\t\t\tOra\u00e7\u00e3o: &#8220;Cubra-me com o seu manto de amor e prote\u00e7\u00e3o!&#8221;\t\t\t<\/a>\n\t\t<\/h3>\n\t\t\t\t<div class=\"elementor-post__excerpt\">\n\t\t\t<p>Ora\u00e7\u00e3o: &#8220;Cubra-me com o seu manto de amor e prote\u00e7\u00e3o!&#8221; &nbsp; Muitos de n\u00f3s estamos acostumados com a b\u00ean\u00e7\u00e3o tradicional da casa, em que um<\/p>\n\t\t<\/div>\n\t\t\t\t\t<a class=\"elementor-post__read-more\" href=\"https:\/\/www.adf.org.br\/home\/oracao-cubra-me-com-o-seu-manto-de-amor-e-protecao\/\" >\n\t\t\t\tLeia Mais  \u00bb\t\t\t<\/a>\n\t\t\t\t<\/div>\n\t\t\t\t<\/article>\n\t\t\t\t<article class=\"elementor-post elementor-grid-item post-77314 post type-post status-publish format-standard has-post-thumbnail hentry category-boletim category-oracoes tag-consagracao-a-nossa-senhora tag-oracao tag-sao-luis-de-montfort wpbf-post\">\n\t\t\t\t<a class=\"elementor-post__thumbnail__link\" href=\"https:\/\/www.adf.org.br\/home\/oracao-grignon-montfort\/\" >\n\t\t\t<div class=\"elementor-post__thumbnail\"><img width=\"300\" height=\"169\" src=\"https:\/\/www.adf.org.br\/home\/wp-content\/uploads\/2024\/01\/sao-luis-de-montfort--300x169.jpg\" class=\"attachment-medium size-medium\" alt=\"Lu\u00eds Maria Grignion de Montfort, grande devoto de Nossa Senhora de F\u00e1tima\" loading=\"lazy\" srcset=\"https:\/\/www.adf.org.br\/home\/wp-content\/uploads\/2024\/01\/sao-luis-de-montfort--300x169.jpg 300w, https:\/\/www.adf.org.br\/home\/wp-content\/uploads\/2024\/01\/sao-luis-de-montfort--1024x576.jpg 1024w, https:\/\/www.adf.org.br\/home\/wp-content\/uploads\/2024\/01\/sao-luis-de-montfort--768x432.jpg 768w, https:\/\/www.adf.org.br\/home\/wp-content\/uploads\/2024\/01\/sao-luis-de-montfort-.jpg 1280w\" sizes=\"(max-width: 300px) 100vw, 300px\" \/><\/div>\n\t\t<\/a>\n\t\t\t\t<div class=\"elementor-post__text\">\n\t\t\t\t<h3 class=\"elementor-post__title\">\n\t\t\t<a href=\"https:\/\/www.adf.org.br\/home\/oracao-grignon-montfort\/\" >\n\t\t\t\tOra\u00e7\u00e3o di\u00e1ria de S\u00e3o Grignion Montfort para os consagrados \u00e0 Virgem\t\t\t<\/a>\n\t\t<\/h3>\n\t\t\t\t<div class=\"elementor-post__excerpt\">\n\t\t\t<p>Ora\u00e7\u00e3o di\u00e1ria de S\u00e3o Grignion Montfort para os consagrados \u00e0 Virgem Maria! &nbsp; &nbsp; MAGNIFICAT Minha alma glorifica ao Senhor, meu esp\u00edrito exulta de alegria<\/p>\n\t\t<\/div>\n\t\t\t\t\t<a class=\"elementor-post__read-more\" href=\"https:\/\/www.adf.org.br\/home\/oracao-grignon-montfort\/\" >\n\t\t\t\tLeia Mais  \u00bb\t\t\t<\/a>\n\t\t\t\t<\/div>\n\t\t\t\t<\/article>\n\t\t\t\t<article class=\"elementor-post elementor-grid-item post-77275 post type-post status-publish format-standard has-post-thumbnail hentry category-boletim category-oracoes tag-dia-de-nossa-senhora-desatadora-dos-nos tag-nossa-senhora-desatadora-dos-nos wpbf-post\">\n\t\t\t\t<a class=\"elementor-post__thumbnail__link\" href=\"https:\/\/www.adf.org.br\/home\/oracao-para-nossa-senhora-desatadora-dos-nos\/\" >\n\t\t\t<div class=\"elementor-post__thumbnail\"><img width=\"300\" height=\"225\" src=\"https:\/\/www.adf.org.br\/home\/wp-content\/uploads\/2023\/08\/formacao_oracao-a-nossa-senhora-desatadora-de-nos-300x225.jpg\" class=\"attachment-medium size-medium\" alt=\"Ora\u00e7\u00e3o a Nossa Senhora Desatadora dos N\u00f3s\" loading=\"lazy\" srcset=\"https:\/\/www.adf.org.br\/home\/wp-content\/uploads\/2023\/08\/formacao_oracao-a-nossa-senhora-desatadora-de-nos-300x225.jpg 300w, https:\/\/www.adf.org.br\/home\/wp-content\/uploads\/2023\/08\/formacao_oracao-a-nossa-senhora-desatadora-de-nos-1024x768.jpg 1024w, https:\/\/www.adf.org.br\/home\/wp-content\/uploads\/2023\/08\/formacao_oracao-a-nossa-senhora-desatadora-de-nos-768x576.jpg 768w, https:\/\/www.adf.org.br\/home\/wp-content\/uploads\/2023\/08\/formacao_oracao-a-nossa-senhora-desatadora-de-nos-1536x1152.jpg 1536w, https:\/\/www.adf.org.br\/home\/wp-content\/uploads\/2023\/08\/formacao_oracao-a-nossa-senhora-desatadora-de-nos.jpg 1600w\" sizes=\"(max-width: 300px) 100vw, 300px\" \/><\/div>\n\t\t<\/a>\n\t\t\t\t<div class=\"elementor-post__text\">\n\t\t\t\t<h3 class=\"elementor-post__title\">\n\t\t\t<a href=\"https:\/\/www.adf.org.br\/home\/oracao-para-nossa-senhora-desatadora-dos-nos\/\" >\n\t\t\t\tOra\u00e7\u00e3o a Nossa Senhora Desatadora dos N\u00f3s\t\t\t<\/a>\n\t\t<\/h3>\n\t\t\t\t<div class=\"elementor-post__excerpt\">\n\t\t\t<p>Ora\u00e7\u00e3o a Nossa Senhora Desatadora dos N\u00f3s Caro Devoto, A festa de Nossa Senhora Desatadora dos N\u00f3s (15\/08) est\u00e1 chegando! Em virtude disso, hoje tenho<\/p>\n\t\t<\/div>\n\t\t\t\t\t<a class=\"elementor-post__read-more\" href=\"https:\/\/www.adf.org.br\/home\/oracao-para-nossa-senhora-desatadora-dos-nos\/\" >\n\t\t\t\tLeia Mais  \u00bb\t\t\t<\/a>\n\t\t\t\t<\/div>\n\t\t\t\t<\/article>\n\t\t\t\t<article class=\"elementor-post elementor-grid-item post-77265 post type-post status-publish format-standard has-post-thumbnail hentry category-boletim category-oracoes tag-nossa-senhora-de-fatima tag-oracao-fatima wpbf-post\">\n\t\t\t\t<a class=\"elementor-post__thumbnail__link\" href=\"https:\/\/www.adf.org.br\/home\/oracao-nossa-senhora-de-fatima-2\/\" >\n\t\t\t<div class=\"elementor-post__thumbnail\"><img width=\"300\" height=\"200\" src=\"https:\/\/www.adf.org.br\/home\/wp-content\/uploads\/2023\/07\/Oracao-a-Nossa-Senhora-de-Fatima-300x200.jpg\" class=\"attachment-medium size-medium\" alt=\"Ora\u00e7\u00e3o a Nossa Senhora de Fatima pedindo a Cura e Gra\u00e7as\" loading=\"lazy\" srcset=\"https:\/\/www.adf.org.br\/home\/wp-content\/uploads\/2023\/07\/Oracao-a-Nossa-Senhora-de-Fatima-300x200.jpg 300w, https:\/\/www.adf.org.br\/home\/wp-content\/uploads\/2023\/07\/Oracao-a-Nossa-Senhora-de-Fatima-1024x681.jpg 1024w, https:\/\/www.adf.org.br\/home\/wp-content\/uploads\/2023\/07\/Oracao-a-Nossa-Senhora-de-Fatima-768x511.jpg 768w, https:\/\/www.adf.org.br\/home\/wp-content\/uploads\/2023\/07\/Oracao-a-Nossa-Senhora-de-Fatima-1536x1021.jpg 1536w, https:\/\/www.adf.org.br\/home\/wp-content\/uploads\/2023\/07\/Oracao-a-Nossa-Senhora-de-Fatima.jpg 1600w\" sizes=\"(max-width: 300px) 100vw, 300px\" \/><\/div>\n\t\t<\/a>\n\t\t\t\t<div class=\"elementor-post__text\">\n\t\t\t\t<h3 class=\"elementor-post__title\">\n\t\t\t<a href=\"https:\/\/www.adf.org.br\/home\/oracao-nossa-senhora-de-fatima-2\/\" >\n\t\t\t\tOra\u00e7\u00e3o para Nossa Senhora de F\u00e1tima\t\t\t<\/a>\n\t\t<\/h3>\n\t\t\t\t<div class=\"elementor-post__excerpt\">\n\t\t\t<p>Ora\u00e7\u00e3o para Nossa Senhora de F\u00e1tima Caro devoto, hoje novamente tenho o prazer de trazer uma poderosa ora\u00e7\u00e3o para Nossa Senhora de F\u00e1tima. \u00c9 poderosa<\/p>\n\t\t<\/div>\n\t\t\t\t\t<a class=\"elementor-post__read-more\" href=\"https:\/\/www.adf.org.br\/home\/oracao-nossa-senhora-de-fatima-2\/\" >\n\t\t\t\tLeia Mais  \u00bb\t\t\t<\/a>\n\t\t\t\t<\/div>\n\t\t\t\t<\/article>\n\t\t\t\t<article class=\"elementor-post elementor-grid-item post-77253 post type-post status-publish format-standard has-post-thumbnail hentry category-boletim category-oracoes tag-nossa-senhora tag-oracao tag-santo-afonso-de-ligorio wpbf-post\">\n\t\t\t\t<a class=\"elementor-post__thumbnail__link\" href=\"https:\/\/www.adf.org.br\/home\/oracao-de-santo-afonso-para-nossa-senhora\/\" >\n\t\t\t<div class=\"elementor-post__thumbnail\"><img width=\"300\" height=\"169\" src=\"https:\/\/www.adf.org.br\/home\/wp-content\/uploads\/2024\/06\/santo-Afonso-maria-de-Ligorio-300x169.jpg\" class=\"attachment-medium size-medium\" alt=\"Santo Afonso Maria de Lig\u00f3rio, grande devoto de Nossa Senhora, nos ensina a conquistar o Imaculado Cora\u00e7\u00e3o de Maria\" loading=\"lazy\" srcset=\"https:\/\/www.adf.org.br\/home\/wp-content\/uploads\/2024\/06\/santo-Afonso-maria-de-Ligorio-300x169.jpg 300w, https:\/\/www.adf.org.br\/home\/wp-content\/uploads\/2024\/06\/santo-Afonso-maria-de-Ligorio-1024x576.jpg 1024w, https:\/\/www.adf.org.br\/home\/wp-content\/uploads\/2024\/06\/santo-Afonso-maria-de-Ligorio-768x432.jpg 768w, https:\/\/www.adf.org.br\/home\/wp-content\/uploads\/2024\/06\/santo-Afonso-maria-de-Ligorio.jpg 1280w\" sizes=\"(max-width: 300px) 100vw, 300px\" \/><\/div>\n\t\t<\/a>\n\t\t\t\t<div class=\"elementor-post__text\">\n\t\t\t\t<h3 class=\"elementor-post__title\">\n\t\t\t<a href=\"https:\/\/www.adf.org.br\/home\/oracao-de-santo-afonso-para-nossa-senhora\/\" >\n\t\t\t\tOra\u00e7\u00e3o de Santo Afonso para Nossa Senhora\t\t\t<\/a>\n\t\t<\/h3>\n\t\t\t\t<div class=\"elementor-post__excerpt\">\n\t\t\t<p>Uma poderosa Ora\u00e7\u00e3o de Santo Afonso para Nossa Senhora S\u00e3o Afonso Maria de Lig\u00f3rio foi um dos mais influentes santos e doutores da hist\u00f3ria da<\/p>\n\t\t<\/div>\n\t\t\t\t\t<a class=\"elementor-post__read-more\" href=\"https:\/\/www.adf.org.br\/home\/oracao-de-santo-afonso-para-nossa-senhora\/\" >\n\t\t\t\tLeia Mais  \u00bb\t\t\t<\/a>\n\t\t\t\t<\/div>\n\t\t\t\t<\/article>\n\t\t\t\t<article class=\"elementor-post elementor-grid-item post-77203 post type-post status-publish format-standard has-post-thumbnail hentry category-boletim category-oracoes tag-nossa-senhora-de-fatima tag-oracao tag-oracao-de-nossa-senhora-de-fatima wpbf-post\">\n\t\t\t\t<a class=\"elementor-post__thumbnail__link\" href=\"https:\/\/www.adf.org.br\/home\/oracao-para-nossa-senhora-de-fatima\/\" >\n\t\t\t<div class=\"elementor-post__thumbnail\"><img width=\"300\" height=\"199\" src=\"https:\/\/www.adf.org.br\/home\/wp-content\/uploads\/2023\/05\/Missa-honra-solenidade-Nossa-Senhora-de-Fatima-300x199.jpeg\" class=\"attachment-medium size-medium\" alt=\"Nossa Senhora de F\u00e1tima\" loading=\"lazy\" srcset=\"https:\/\/www.adf.org.br\/home\/wp-content\/uploads\/2023\/05\/Missa-honra-solenidade-Nossa-Senhora-de-Fatima-300x199.jpeg 300w, https:\/\/www.adf.org.br\/home\/wp-content\/uploads\/2023\/05\/Missa-honra-solenidade-Nossa-Senhora-de-Fatima.jpeg 480w\" sizes=\"(max-width: 300px) 100vw, 300px\" \/><\/div>\n\t\t<\/a>\n\t\t\t\t<div class=\"elementor-post__text\">\n\t\t\t\t<h3 class=\"elementor-post__title\">\n\t\t\t<a href=\"https:\/\/www.adf.org.br\/home\/oracao-para-nossa-senhora-de-fatima\/\" >\n\t\t\t\tOra\u00e7\u00e3o para Nossa Senhora de F\u00e1tima\t\t\t<\/a>\n\t\t<\/h3>\n\t\t\t\t<div class=\"elementor-post__excerpt\">\n\t\t\t<p>&nbsp; Ora\u00e7\u00e3o para Nossa Senhora de F\u00e1tima &nbsp; Pedimos a forte intercess\u00e3o da Virgem Maria para a destrui\u00e7\u00e3o das for\u00e7as malignas, portanto, segue uma forte<\/p>\n\t\t<\/div>\n\t\t\t\t\t<a class=\"elementor-post__read-more\" href=\"https:\/\/www.adf.org.br\/home\/oracao-para-nossa-senhora-de-fatima\/\" >\n\t\t\t\tLeia Mais  \u00bb\t\t\t<\/a>\n\t\t\t\t<\/div>\n\t\t\t\t<\/article>\n\t\t\t\t<article class=\"elementor-post elementor-grid-item post-77176 post type-post status-publish format-standard has-post-thumbnail hentry category-oracoes tag-nossa-senhora tag-oracao-protecao wpbf-post\">\n\t\t\t\t<a class=\"elementor-post__thumbnail__link\" href=\"https:\/\/www.adf.org.br\/home\/oracao-a-nossa-senhora-para-se-abrigar-sob-a-sua-protecao\/\" >\n\t\t\t<div class=\"elementor-post__thumbnail\"><img width=\"300\" height=\"100\" src=\"https:\/\/www.adf.org.br\/home\/wp-content\/uploads\/2024\/07\/2_oracao-300x100.jpg\" class=\"attachment-medium size-medium\" alt=\"\" loading=\"lazy\" srcset=\"https:\/\/www.adf.org.br\/home\/wp-content\/uploads\/2024\/07\/2_oracao-300x100.jpg 300w, https:\/\/www.adf.org.br\/home\/wp-content\/uploads\/2024\/07\/2_oracao.jpg 600w\" sizes=\"(max-width: 300px) 100vw, 300px\" \/><\/div>\n\t\t<\/a>\n\t\t\t\t<div class=\"elementor-post__text\">\n\t\t\t\t<h3 class=\"elementor-post__title\">\n\t\t\t<a href=\"https:\/\/www.adf.org.br\/home\/oracao-a-nossa-senhora-para-se-abrigar-sob-a-sua-protecao\/\" >\n\t\t\t\tOra\u00e7\u00e3o a Nossa Senhora para se abrigar sob a Sua Prote\u00e7\u00e3o\t\t\t<\/a>\n\t\t<\/h3>\n\t\t\t\t<div class=\"elementor-post__excerpt\">\n\t\t\t<p>A prote\u00e7\u00e3o de Nossa Senhora \u00e9 um escudo inquebrant\u00e1vel contra as for\u00e7as do mal, uma verdade que ecoa atrav\u00e9s dos s\u00e9culos e \u00e9 reafirmada pelas<\/p>\n\t\t<\/div>\n\t\t\t\t\t<a class=\"elementor-post__read-more\" href=\"https:\/\/www.adf.org.br\/home\/oracao-a-nossa-senhora-para-se-abrigar-sob-a-sua-protecao\/\" >\n\t\t\t\tLeia Mais  \u00bb\t\t\t<\/a>\n\t\t\t\t<\/div>\n\t\t\t\t<\/article>\n\t\t\t\t<article class=\"elementor-post elementor-grid-item post-77085 post type-post status-publish format-standard has-post-thumbnail hentry category-oracoes tag-nossa-senhora-carmelita tag-oracao tag-oracao-carmelita tag-oracao-nossa-senhora-do-carmo tag-virgem-do-carmelo wpbf-post\">\n\t\t\t\t<a class=\"elementor-post__thumbnail__link\" href=\"https:\/\/www.adf.org.br\/home\/oracao-a-nossa-senhora-do-carmo-2\/\" >\n\t\t\t<div class=\"elementor-post__thumbnail\"><img width=\"300\" height=\"163\" src=\"https:\/\/www.adf.org.br\/home\/wp-content\/uploads\/2024\/07\/Oracao-a-Nossa-Senhora-do-Carmo-300x163.png\" class=\"attachment-medium size-medium\" alt=\"Ora\u00e7\u00e3o a Nossa Senhora do Carmo\" loading=\"lazy\" srcset=\"https:\/\/www.adf.org.br\/home\/wp-content\/uploads\/2024\/07\/Oracao-a-Nossa-Senhora-do-Carmo-300x163.png 300w, https:\/\/www.adf.org.br\/home\/wp-content\/uploads\/2024\/07\/Oracao-a-Nossa-Senhora-do-Carmo-1024x555.png 1024w, https:\/\/www.adf.org.br\/home\/wp-content\/uploads\/2024\/07\/Oracao-a-Nossa-Senhora-do-Carmo-768x416.png 768w, https:\/\/www.adf.org.br\/home\/wp-content\/uploads\/2024\/07\/Oracao-a-Nossa-Senhora-do-Carmo.png 1200w\" sizes=\"(max-width: 300px) 100vw, 300px\" \/><\/div>\n\t\t<\/a>\n\t\t\t\t<div class=\"elementor-post__text\">\n\t\t\t\t<h3 class=\"elementor-post__title\">\n\t\t\t<a href=\"https:\/\/www.adf.org.br\/home\/oracao-a-nossa-senhora-do-carmo-2\/\" >\n\t\t\t\tOra\u00e7\u00e3o a Nossa Senhora do Carmo\t\t\t<\/a>\n\t\t<\/h3>\n\t\t\t\t<div class=\"elementor-post__excerpt\">\n\t\t\t<p>Celebramos amanh\u00e3 a festa de Nossa Senhora do Carmo.\u00a0 Por isso, trouxemos hoje essa ora\u00e7\u00e3o para voc\u00ea suplicar pelas gra\u00e7as que precisa e se preparar<\/p>\n\t\t<\/div>\n\t\t\t\t\t<a class=\"elementor-post__read-more\" href=\"https:\/\/www.adf.org.br\/home\/oracao-a-nossa-senhora-do-carmo-2\/\" >\n\t\t\t\tLeia Mais  \u00bb\t\t\t<\/a>\n\t\t\t\t<\/div>\n\t\t\t\t<\/article>\n\t\t\t\t<\/div>\n\t\t\t\t<nav class=\"elementor-pagination\" role=\"navigation\" aria-label=\"Pagination\">\n\t\t\t<span aria-current=\"page\" class=\"page-numbers current\"><span class=\"elementor-screen-only\">Page<\/span>1<\/span>\n<a class=\"page-numbers\" href=\"https:\/\/www.adf.org.br\/home\/wp-json\/wp\/v2\/pages\/65522\/page\/2\/\"><span class=\"elementor-screen-only\">Page<\/span>2<\/a>\n<a class=\"page-numbers\" href=\"https:\/\/www.adf.org.br\/home\/wp-json\/wp\/v2\/pages\/65522\/page\/3\/\"><span class=\"elementor-screen-only\">Page<\/span>3<\/a>\n<a class=\"page-numbers\" href=\"https:\/\/www.adf.org.br\/home\/wp-json\/wp\/v2\/pages\/65522\/page\/4\/\"><span class=\"elementor-screen-only\">Page<\/span>4<\/a>\n<a class=\"page-numbers\" href=\"https:\/\/www.adf.org.br\/home\/wp-json\/wp\/v2\/pages\/65522\/page\/5\/\"><span class=\"elementor-screen-only\">Page<\/span>5<\/a>\n<a class=\"page-numbers\" href=\"https:\/\/www.adf.org.br\/home\/wp-json\/wp\/v2\/pages\/65522\/page\/6\/\"><span class=\"elementor-screen-only\">Page<\/span>6<\/a>\t\t<\/nav>\n\t\t\t\t<\/div>\n\t\t\t\t<\/div>\n\t\t\t\t\t\t<\/div>\n\t\t\t\t\t<\/div>\n\t\t<\/div>\n\t\t\t\t\t\t\t\t<\/div>\n\t\t\t\t\t<\/div>\n\t\t<\/section>\n\t\t\t\t<section class=\"elementor-section elementor-top-section elementor-element elementor-element-c223627 elementor-section-boxed elementor-section-height-default elementor-section-height-default\" data-id=\"c223627\" data-element_type=\"section\">\n\t\t\t\t\t\t<div class=\"elementor-container elementor-column-gap-default\">\n\t\t\t\t\t\t\t<div class=\"elementor-row\">\n\t\t\t\t\t<div class=\"elementor-column elementor-col-100 elementor-top-column elementor-element elementor-element-6ed5ef8\" data-id=\"6ed5ef8\" data-element_type=\"column\">\n\t\t\t<div class=\"elementor-column-wrap\">\n\t\t\t\t\t\t\t<div class=\"elementor-widget-wrap\">\n\t\t\t\t\t\t\t\t<\/div>\n\t\t\t\t\t<\/div>\n\t\t<\/div>\n\t\t\t\t\t\t\t\t<\/div>\n\t\t\t\t\t<\/div>\n\t\t<\/section>\n\t\t\t\t\t\t<\/div>\n\t\t\t\t\t\t<\/div>\n\t\t\t\t\t<\/div>\n\t\t","protected":false},"excerpt":{"rendered":"","protected":false},"author":9,"featured_media":0,"parent":0,"menu_order":0,"comment_status":"closed","ping_status":"closed","template":"elementor_header_footer","meta":[],"yoast_head":"<!-- This site is optimized with the Yoast SEO plugin v17.4 - https:\/\/yoast.com\/wordpress\/plugins\/seo\/ -->\n<title>Ora\u00e7\u00f5es - Associa\u00e7\u00e3o Devotos de F\u00e1tima<\/title>\n<meta name=\"robots\" content=\"index, follow, max-snippet:-1, max-image-preview:large, max-video-preview:-1\" \/>\n<link rel=\"canonical\" href=\"https:\/\/www.adf.org.br\/home\/oracoes\/\" \/>\n<meta property=\"og:locale\" content=\"pt_BR\" \/>\n<meta property=\"og:type\" content=\"article\" \/>\n<meta property=\"og:title\" content=\"Ora\u00e7\u00f5es - Associa\u00e7\u00e3o Devotos de F\u00e1tima\" \/>\n<meta property=\"og:url\" content=\"https:\/\/www.adf.org.br\/home\/oracoes\/\" \/>\n<meta property=\"og:site_name\" content=\"Associa\u00e7\u00e3o Devotos de F\u00e1tima\" \/>\n<meta property=\"article:modified_time\" content=\"2021-08-18T17:20:46+00:00\" \/>\n<meta name=\"twitter:card\" content=\"summary_large_image\" \/>\n<script type=\"application\/ld+json\" class=\"yoast-schema-graph\">{\"@context\":\"https:\/\/schema.org\",\"@graph\":[{\"@type\":\"WebSite\",\"@id\":\"https:\/\/www.adf.org.br\/home\/#website\",\"url\":\"https:\/\/www.adf.org.br\/home\/\",\"name\":\"Associa\\u00e7\\u00e3o Devotos de F\\u00e1tima\",\"description\":\"Associa\\u00e7\\u00e3o Devotos de F\\u00e1tima\",\"potentialAction\":[{\"@type\":\"SearchAction\",\"target\":{\"@type\":\"EntryPoint\",\"urlTemplate\":\"https:\/\/www.adf.org.br\/home\/?s={search_term_string}\"},\"query-input\":\"required name=search_term_string\"}],\"inLanguage\":\"pt-BR\"},{\"@type\":\"WebPage\",\"@id\":\"https:\/\/www.adf.org.br\/home\/oracoes\/#webpage\",\"url\":\"https:\/\/www.adf.org.br\/home\/oracoes\/\",\"name\":\"Ora\\u00e7\\u00f5es - Associa\\u00e7\\u00e3o Devotos de F\\u00e1tima\",\"isPartOf\":{\"@id\":\"https:\/\/www.adf.org.br\/home\/#website\"},\"datePublished\":\"2021-08-17T19:10:27+00:00\",\"dateModified\":\"2021-08-18T17:20:46+00:00\",\"breadcrumb\":{\"@id\":\"https:\/\/www.adf.org.br\/home\/oracoes\/#breadcrumb\"},\"inLanguage\":\"pt-BR\",\"potentialAction\":[{\"@type\":\"ReadAction\",\"target\":[\"https:\/\/www.adf.org.br\/home\/oracoes\/\"]}]},{\"@type\":\"BreadcrumbList\",\"@id\":\"https:\/\/www.adf.org.br\/home\/oracoes\/#breadcrumb\",\"itemListElement\":[{\"@type\":\"ListItem\",\"position\":1,\"name\":\"Home\",\"item\":\"https:\/\/www.adf.org.br\/home\/\"},{\"@type\":\"ListItem\",\"position\":2,\"name\":\"Ora\\u00e7\\u00f5es\"}]}]}<\/script>\n<!-- \/ Yoast SEO plugin. -->","yoast_head_json":{"title":"Ora\u00e7\u00f5es - Associa\u00e7\u00e3o Devotos de F\u00e1tima","robots":{"index":"index","follow":"follow","max-snippet":"max-snippet:-1","max-image-preview":"max-image-preview:large","max-video-preview":"max-video-preview:-1"},"canonical":"https:\/\/www.adf.org.br\/home\/oracoes\/","og_locale":"pt_BR","og_type":"article","og_title":"Ora\u00e7\u00f5es - Associa\u00e7\u00e3o Devotos de F\u00e1tima","og_url":"https:\/\/www.adf.org.br\/home\/oracoes\/","og_site_name":"Associa\u00e7\u00e3o Devotos de F\u00e1tima","article_modified_time":"2021-08-18T17:20:46+00:00","twitter_card":"summary_large_image","schema":{"@context":"https:\/\/schema.org","@graph":[{"@type":"WebSite","@id":"https:\/\/www.adf.org.br\/home\/#website","url":"https:\/\/www.adf.org.br\/home\/","name":"Associa\u00e7\u00e3o Devotos de F\u00e1tima","description":"Associa\u00e7\u00e3o Devotos de F\u00e1tima","potentialAction":[{"@type":"SearchAction","target":{"@type":"EntryPoint","urlTemplate":"https:\/\/www.adf.org.br\/home\/?s={search_term_string}"},"query-input":"required name=search_term_string"}],"inLanguage":"pt-BR"},{"@type":"WebPage","@id":"https:\/\/www.adf.org.br\/home\/oracoes\/#webpage","url":"https:\/\/www.adf.org.br\/home\/oracoes\/","name":"Ora\u00e7\u00f5es - Associa\u00e7\u00e3o Devotos de F\u00e1tima","isPartOf":{"@id":"https:\/\/www.adf.org.br\/home\/#website"},"datePublished":"2021-08-17T19:10:27+00:00","dateModified":"2021-08-18T17:20:46+00:00","breadcrumb":{"@id":"https:\/\/www.adf.org.br\/home\/oracoes\/#breadcrumb"},"inLanguage":"pt-BR","potentialAction":[{"@type":"ReadAction","target":["https:\/\/www.adf.org.br\/home\/oracoes\/"]}]},{"@type":"BreadcrumbList","@id":"https:\/\/www.adf.org.br\/home\/oracoes\/#breadcrumb","itemListElement":[{"@type":"ListItem","position":1,"name":"Home","item":"https:\/\/www.adf.org.br\/home\/"},{"@type":"ListItem","position":2,"name":"Ora\u00e7\u00f5es"}]}]}},"_links":{"self":[{"href":"https:\/\/www.adf.org.br\/home\/wp-json\/wp\/v2\/pages\/65522"}],"collection":[{"href":"https:\/\/www.adf.org.br\/home\/wp-json\/wp\/v2\/pages"}],"about":[{"href":"https:\/\/www.adf.org.br\/home\/wp-json\/wp\/v2\/types\/page"}],"author":[{"embeddable":true,"href":"https:\/\/www.adf.org.br\/home\/wp-json\/wp\/v2\/users\/9"}],"replies":[{"embeddable":true,"href":"https:\/\/www.adf.org.br\/home\/wp-json\/wp\/v2\/comments?post=65522"}],"version-history":[{"count":8,"href":"https:\/\/www.adf.org.br\/home\/wp-json\/wp\/v2\/pages\/65522\/revisions"}],"predecessor-version":[{"id":69539,"href":"https:\/\/www.adf.org.br\/home\/wp-json\/wp\/v2\/pages\/65522\/revisions\/69539"}],"wp:attachment":[{"href":"https:\/\/www.adf.org.br\/home\/wp-json\/wp\/v2\/media?parent=65522"}],"curies":[{"name":"wp","href":"https:\/\/api.w.org\/{rel}","templated":true}]}}