{"id":61677,"date":"2020-09-29T15:21:13","date_gmt":"2020-09-29T18:21:13","guid":{"rendered":"https:\/\/www.adf.org.br\/home\/?page_id=61677"},"modified":"2021-08-31T16:27:31","modified_gmt":"2021-08-31T19:27:31","slug":"pagina-de-cadastro","status":"publish","type":"page","link":"https:\/\/www.adf.org.br\/home\/pagina-de-cadastro\/","title":{"rendered":"Pagina de Cadastro"},"content":{"rendered":"\t\t<div data-elementor-type=\"wp-page\" data-elementor-id=\"61677\" class=\"elementor elementor-61677\" data-elementor-settings=\"[]\">\n\t\t\t\t\t\t<div class=\"elementor-inner\">\n\t\t\t\t\t\t\t<div class=\"elementor-section-wrap\">\n\t\t\t\t\t\t\t<section class=\"elementor-section elementor-top-section elementor-element elementor-element-2e79952 elementor-section-boxed elementor-section-height-default elementor-section-height-default\" data-id=\"2e79952\" data-element_type=\"section\">\n\t\t\t\t\t\t<div class=\"elementor-container elementor-column-gap-default\">\n\t\t\t\t\t\t\t<div class=\"elementor-row\">\n\t\t\t\t\t<div class=\"elementor-column elementor-col-100 elementor-top-column elementor-element elementor-element-5409c17\" data-id=\"5409c17\" data-element_type=\"column\">\n\t\t\t<div class=\"elementor-column-wrap elementor-element-populated\">\n\t\t\t\t\t\t\t<div class=\"elementor-widget-wrap\">\n\t\t\t\t\t\t<div class=\"elementor-element elementor-element-c5001d7 elementor-widget elementor-widget-html\" data-id=\"c5001d7\" data-element_type=\"widget\" data-widget_type=\"html.default\">\n\t\t\t\t<div class=\"elementor-widget-container\">\n\t\t\t<!-- Global site tag (gtag.js) - Google Analytics -->\r\n<script async src=\"https:\/\/www.googletagmanager.com\/gtag\/js?id=UA-7758912-34\"><\/script>\r\n<script>\r\n  window.dataLayer = window.dataLayer || [];\r\n  function gtag(){dataLayer.push(arguments);}\r\n  gtag('js', new Date());\r\n\r\n  gtag('config', 'UA-7758912-34');\r\n<\/script>\t\t<\/div>\n\t\t\t\t<\/div>\n\t\t\t\t\t\t<\/div>\n\t\t\t\t\t<\/div>\n\t\t<\/div>\n\t\t\t\t\t\t\t\t<\/div>\n\t\t\t\t\t<\/div>\n\t\t<\/section>\n\t\t\t\t<section class=\"elementor-section elementor-top-section elementor-element elementor-element-f3bd6fd elementor-section-boxed elementor-section-height-default elementor-section-height-default\" data-id=\"f3bd6fd\" data-element_type=\"section\">\n\t\t\t\t\t\t<div class=\"elementor-container elementor-column-gap-default\">\n\t\t\t\t\t\t\t<div class=\"elementor-row\">\n\t\t\t\t\t<div class=\"elementor-column elementor-col-100 elementor-top-column elementor-element elementor-element-6c623e3\" data-id=\"6c623e3\" data-element_type=\"column\" data-settings=\"{&quot;background_background&quot;:&quot;classic&quot;}\">\n\t\t\t<div class=\"elementor-column-wrap elementor-element-populated\">\n\t\t\t\t\t\t\t<div class=\"elementor-widget-wrap\">\n\t\t\t\t\t\t<div class=\"elementor-element elementor-element-7db4ca9 elementor-widget elementor-widget-text-editor\" data-id=\"7db4ca9\" data-element_type=\"widget\" data-widget_type=\"text-editor.default\">\n\t\t\t\t<div class=\"elementor-widget-container\">\n\t\t\t\t\t<div class=\"elementor-text-editor elementor-clearfix\"><p><span style=\"font-weight: 400;\">Para receber conte\u00fados que podem inspirar voc\u00ea a ter uma vida mais devota \u00e0<strong> Nossa Senhora<\/strong>, insira suas informa\u00e7\u00f5es abaixo. <\/span><\/p><\/div>\n\t\t\t\t<\/div>\n\t\t\t\t<\/div>\n\t\t\t\t<section class=\"elementor-section elementor-inner-section elementor-element elementor-element-67220c1 elementor-section-boxed elementor-section-height-default elementor-section-height-default\" data-id=\"67220c1\" data-element_type=\"section\" data-settings=\"{&quot;background_background&quot;:&quot;classic&quot;}\">\n\t\t\t\t\t\t\t<div class=\"elementor-background-overlay\"><\/div>\n\t\t\t\t\t\t\t<div class=\"elementor-container elementor-column-gap-default\">\n\t\t\t\t\t\t\t<div class=\"elementor-row\">\n\t\t\t\t\t<div class=\"elementor-column elementor-col-50 elementor-inner-column elementor-element elementor-element-444e513\" data-id=\"444e513\" data-element_type=\"column\" data-settings=\"{&quot;background_background&quot;:&quot;classic&quot;}\">\n\t\t\t<div class=\"elementor-column-wrap elementor-element-populated\">\n\t\t\t\t\t\t\t<div class=\"elementor-widget-wrap\">\n\t\t\t\t\t\t<div class=\"elementor-element elementor-element-841eaf4 elementor-hidden-desktop elementor-widget elementor-widget-image\" data-id=\"841eaf4\" data-element_type=\"widget\" data-widget_type=\"image.default\">\n\t\t\t\t<div class=\"elementor-widget-container\">\n\t\t\t\t\t<div class=\"elementor-image\">\n\t\t\t\t\t\t\t\t\t\t<img width=\"351\" height=\"469\" src=\"https:\/\/www.adf.org.br\/home\/wp-content\/uploads\/2020\/10\/nsf-2.png\" class=\"attachment-large size-large\" alt=\"\" loading=\"lazy\" srcset=\"https:\/\/www.adf.org.br\/home\/wp-content\/uploads\/2020\/10\/nsf-2.png 351w, https:\/\/www.adf.org.br\/home\/wp-content\/uploads\/2020\/10\/nsf-2-225x300.png 225w\" sizes=\"(max-width: 351px) 100vw, 351px\" \/>\t\t\t\t\t\t\t\t\t\t\t<\/div>\n\t\t\t\t<\/div>\n\t\t\t\t<\/div>\n\t\t\t\t<div class=\"elementor-element elementor-element-db3f465 elementor-widget elementor-widget-heading\" data-id=\"db3f465\" data-element_type=\"widget\" data-widget_type=\"heading.default\">\n\t\t\t\t<div class=\"elementor-widget-container\">\n\t\t\t<h2 class=\"elementor-heading-title elementor-size-default\">Cadastre-se aqui<\/h2>\t\t<\/div>\n\t\t\t\t<\/div>\n\t\t\t\t<div class=\"elementor-element elementor-element-5cdf200 elementor-button-align-start elementor-mobile-button-align-center elementor-widget elementor-widget-form\" data-id=\"5cdf200\" data-element_type=\"widget\" data-settings=\"{&quot;step_next_label&quot;:&quot;Next&quot;,&quot;step_previous_label&quot;:&quot;Previous&quot;,&quot;button_width&quot;:&quot;100&quot;,&quot;step_type&quot;:&quot;number_text&quot;,&quot;step_icon_shape&quot;:&quot;circle&quot;}\" data-widget_type=\"form.default\">\n\t\t\t\t<div class=\"elementor-widget-container\">\n\t\t\t\t\t<form class=\"elementor-form\" method=\"post\" id=\"cadastro-missa\" name=\"New Form\">\n\t\t\t<input type=\"hidden\" name=\"post_id\" value=\"61677\"\/>\n\t\t\t<input type=\"hidden\" name=\"form_id\" value=\"5cdf200\"\/>\n\n\t\t\t\n\t\t\t<div class=\"elementor-form-fields-wrapper elementor-labels-\">\n\t\t\t\t\t\t\t\t<div class=\"elementor-field-type-text elementor-field-group elementor-column elementor-field-group-nome elementor-col-100\">\n\t\t\t\t\t<label for=\"form-field-nome\" class=\"elementor-field-label elementor-screen-only\">Name<\/label><input size=\"1\" type=\"text\" name=\"form_fields[nome]\" id=\"form-field-nome\" class=\"elementor-field elementor-size-sm  elementor-field-textual\" placeholder=\"Seu nome:\">\t\t\t\t<\/div>\n\t\t\t\t\t\t\t\t<div class=\"elementor-field-type-email elementor-field-group elementor-column elementor-field-group-email elementor-col-100 elementor-field-required\">\n\t\t\t\t\t<label for=\"form-field-email\" class=\"elementor-field-label elementor-screen-only\">Email<\/label><input size=\"1\" type=\"email\" name=\"form_fields[email]\" id=\"form-field-email\" class=\"elementor-field elementor-size-sm  elementor-field-textual\" placeholder=\"Seu e-mail:\" required=\"required\" aria-required=\"true\">\t\t\t\t<\/div>\n\t\t\t\t\t\t\t\t<div class=\"elementor-field-group elementor-column elementor-field-type-submit elementor-col-100 e-form__buttons\">\n\t\t\t\t\t<button type=\"submit\" class=\"elementor-button elementor-size-sm\">\n\t\t\t\t\t\t<span >\n\t\t\t\t\t\t\t\t\t\t\t\t\t\t\t<span class=\" elementor-button-icon\">\n\t\t\t\t\t\t\t\t\t\t\t\t\t\t\t\t\t\t\t\t\t\t\t\t\t\t<\/span>\n\t\t\t\t\t\t\t\t\t\t\t\t\t\t\t\t\t\t\t\t\t\t<span class=\"elementor-button-text\">Cadastrar<\/span>\n\t\t\t\t\t\t\t\t\t\t\t\t\t<\/span>\n\t\t\t\t\t<\/button>\n\t\t\t\t<\/div>\n\t\t\t<\/div>\n\t\t<\/form>\n\t\t\t\t<\/div>\n\t\t\t\t<\/div>\n\t\t\t\t<div class=\"elementor-element elementor-element-b1fcc6e elementor-widget elementor-widget-text-editor\" data-id=\"b1fcc6e\" data-element_type=\"widget\" data-widget_type=\"text-editor.default\">\n\t\t\t\t<div class=\"elementor-widget-container\">\n\t\t\t\t\t<div class=\"elementor-text-editor elementor-clearfix\"><p><span style=\"font-weight: 400;\">Fa\u00e7a seu cadastro e o seu nome ser\u00e1 inclu\u00eddo nas inten\u00e7\u00f5es da <strong>Missa<\/strong> do pr\u00f3ximo s\u00e1bado. <\/span><\/p><\/div>\n\t\t\t\t<\/div>\n\t\t\t\t<\/div>\n\t\t\t\t\t\t<\/div>\n\t\t\t\t\t<\/div>\n\t\t<\/div>\n\t\t\t\t<div class=\"elementor-column elementor-col-50 elementor-inner-column elementor-element elementor-element-73342c0 elementor-hidden-tablet elementor-hidden-phone\" data-id=\"73342c0\" data-element_type=\"column\" data-settings=\"{&quot;background_background&quot;:&quot;classic&quot;}\">\n\t\t\t<div class=\"elementor-column-wrap elementor-element-populated\">\n\t\t\t\t\t\t\t<div class=\"elementor-widget-wrap\">\n\t\t\t\t\t\t<div class=\"elementor-element elementor-element-b830b23 elementor-widget elementor-widget-image\" data-id=\"b830b23\" data-element_type=\"widget\" data-widget_type=\"image.default\">\n\t\t\t\t<div class=\"elementor-widget-container\">\n\t\t\t\t\t<div class=\"elementor-image\">\n\t\t\t\t\t\t\t\t\t\t<img width=\"351\" height=\"469\" src=\"https:\/\/www.adf.org.br\/home\/wp-content\/uploads\/2020\/10\/nsf-2.png\" class=\"attachment-medium_large size-medium_large\" alt=\"\" loading=\"lazy\" srcset=\"https:\/\/www.adf.org.br\/home\/wp-content\/uploads\/2020\/10\/nsf-2.png 351w, https:\/\/www.adf.org.br\/home\/wp-content\/uploads\/2020\/10\/nsf-2-225x300.png 225w\" sizes=\"(max-width: 351px) 100vw, 351px\" \/>\t\t\t\t\t\t\t\t\t\t\t<\/div>\n\t\t\t\t<\/div>\n\t\t\t\t<\/div>\n\t\t\t\t\t\t<\/div>\n\t\t\t\t\t<\/div>\n\t\t<\/div>\n\t\t\t\t\t\t\t\t<\/div>\n\t\t\t\t\t<\/div>\n\t\t<\/section>\n\t\t\t\t<div class=\"elementor-element elementor-element-51daffb elementor-widget elementor-widget-text-editor\" data-id=\"51daffb\" data-element_type=\"widget\" data-widget_type=\"text-editor.default\">\n\t\t\t\t<div class=\"elementor-widget-container\">\n\t\t\t\t\t<div class=\"elementor-text-editor elementor-clearfix\"><p style=\"text-align:center;\">\n<a style=\" color: black;\" target=\"_blank\" href=\"https:\/\/www.adf.org.br\/home\/politica-de-privacidade\/\" target=\"_blank\" rel=\"noopener\">Pol\u00edtica de Privacidade<\/a>\n<\/p><\/div>\n\t\t\t\t<\/div>\n\t\t\t\t<\/div>\n\t\t\t\t\t\t<\/div>\n\t\t\t\t\t<\/div>\n\t\t<\/div>\n\t\t\t\t\t\t\t\t<\/div>\n\t\t\t\t\t<\/div>\n\t\t<\/section>\n\t\t\t\t\t\t<\/div>\n\t\t\t\t\t\t<\/div>\n\t\t\t\t\t<\/div>\n\t\t","protected":false},"excerpt":{"rendered":"<p>Para receber conte\u00fados que podem inspirar voc\u00ea a ter uma vida mais devota \u00e0 Nossa Senhora, insira suas informa\u00e7\u00f5es abaixo. Cadastre-se aqui Fa\u00e7a seu cadastro e o seu nome ser\u00e1 inclu\u00eddo nas inten\u00e7\u00f5es da Missa do pr\u00f3ximo s\u00e1bado. Pol\u00edtica de Privacidade<\/p>\n","protected":false},"author":9,"featured_media":0,"parent":0,"menu_order":0,"comment_status":"closed","ping_status":"closed","template":"elementor_canvas","meta":[],"yoast_head":"<!-- This site is optimized with the Yoast SEO plugin v17.4 - https:\/\/yoast.com\/wordpress\/plugins\/seo\/ -->\n<title>Pagina de Cadastro - Associa\u00e7\u00e3o Devotos de F\u00e1tima<\/title>\n<meta name=\"robots\" content=\"index, follow, max-snippet:-1, max-image-preview:large, max-video-preview:-1\" \/>\n<link rel=\"canonical\" href=\"https:\/\/www.adf.org.br\/home\/pagina-de-cadastro\/\" \/>\n<meta property=\"og:locale\" content=\"pt_BR\" \/>\n<meta property=\"og:type\" content=\"article\" \/>\n<meta property=\"og:title\" content=\"Pagina de Cadastro - Associa\u00e7\u00e3o Devotos de F\u00e1tima\" \/>\n<meta property=\"og:description\" content=\"Para receber conte\u00fados que podem inspirar voc\u00ea a ter uma vida mais devota \u00e0 Nossa Senhora, insira suas informa\u00e7\u00f5es abaixo. Cadastre-se aqui Fa\u00e7a seu cadastro e o seu nome ser\u00e1 inclu\u00eddo nas inten\u00e7\u00f5es da Missa do pr\u00f3ximo s\u00e1bado. Pol\u00edtica de Privacidade\" \/>\n<meta property=\"og:url\" content=\"https:\/\/www.adf.org.br\/home\/pagina-de-cadastro\/\" \/>\n<meta property=\"og:site_name\" content=\"Associa\u00e7\u00e3o Devotos de F\u00e1tima\" \/>\n<meta property=\"article:modified_time\" content=\"2021-08-31T19:27:31+00:00\" \/>\n<meta property=\"og:image\" content=\"https:\/\/www.adf.org.br\/home\/wp-content\/uploads\/2020\/10\/nsf-2.png\" \/>\n<meta name=\"twitter:card\" content=\"summary_large_image\" \/>\n<script type=\"application\/ld+json\" class=\"yoast-schema-graph\">{\"@context\":\"https:\/\/schema.org\",\"@graph\":[{\"@type\":\"WebSite\",\"@id\":\"https:\/\/www.adf.org.br\/home\/#website\",\"url\":\"https:\/\/www.adf.org.br\/home\/\",\"name\":\"Associa\\u00e7\\u00e3o Devotos de F\\u00e1tima\",\"description\":\"Associa\\u00e7\\u00e3o Devotos de F\\u00e1tima\",\"potentialAction\":[{\"@type\":\"SearchAction\",\"target\":{\"@type\":\"EntryPoint\",\"urlTemplate\":\"https:\/\/www.adf.org.br\/home\/?s={search_term_string}\"},\"query-input\":\"required name=search_term_string\"}],\"inLanguage\":\"pt-BR\"},{\"@type\":\"ImageObject\",\"@id\":\"https:\/\/www.adf.org.br\/home\/pagina-de-cadastro\/#primaryimage\",\"inLanguage\":\"pt-BR\",\"url\":\"https:\/\/www.adf.org.br\/home\/wp-content\/uploads\/2020\/10\/nsf-2.png\",\"contentUrl\":\"https:\/\/www.adf.org.br\/home\/wp-content\/uploads\/2020\/10\/nsf-2.png\",\"width\":351,\"height\":469},{\"@type\":\"WebPage\",\"@id\":\"https:\/\/www.adf.org.br\/home\/pagina-de-cadastro\/#webpage\",\"url\":\"https:\/\/www.adf.org.br\/home\/pagina-de-cadastro\/\",\"name\":\"Pagina de Cadastro - Associa\\u00e7\\u00e3o Devotos de F\\u00e1tima\",\"isPartOf\":{\"@id\":\"https:\/\/www.adf.org.br\/home\/#website\"},\"primaryImageOfPage\":{\"@id\":\"https:\/\/www.adf.org.br\/home\/pagina-de-cadastro\/#primaryimage\"},\"datePublished\":\"2020-09-29T18:21:13+00:00\",\"dateModified\":\"2021-08-31T19:27:31+00:00\",\"breadcrumb\":{\"@id\":\"https:\/\/www.adf.org.br\/home\/pagina-de-cadastro\/#breadcrumb\"},\"inLanguage\":\"pt-BR\",\"potentialAction\":[{\"@type\":\"ReadAction\",\"target\":[\"https:\/\/www.adf.org.br\/home\/pagina-de-cadastro\/\"]}]},{\"@type\":\"BreadcrumbList\",\"@id\":\"https:\/\/www.adf.org.br\/home\/pagina-de-cadastro\/#breadcrumb\",\"itemListElement\":[{\"@type\":\"ListItem\",\"position\":1,\"name\":\"Home\",\"item\":\"https:\/\/www.adf.org.br\/home\/\"},{\"@type\":\"ListItem\",\"position\":2,\"name\":\"Pagina de Cadastro\"}]}]}<\/script>\n<!-- \/ Yoast SEO plugin. -->","yoast_head_json":{"title":"Pagina de Cadastro - Associa\u00e7\u00e3o Devotos de F\u00e1tima","robots":{"index":"index","follow":"follow","max-snippet":"max-snippet:-1","max-image-preview":"max-image-preview:large","max-video-preview":"max-video-preview:-1"},"canonical":"https:\/\/www.adf.org.br\/home\/pagina-de-cadastro\/","og_locale":"pt_BR","og_type":"article","og_title":"Pagina de Cadastro - Associa\u00e7\u00e3o Devotos de F\u00e1tima","og_description":"Para receber conte\u00fados que podem inspirar voc\u00ea a ter uma vida mais devota \u00e0 Nossa Senhora, insira suas informa\u00e7\u00f5es abaixo. Cadastre-se aqui Fa\u00e7a seu cadastro e o seu nome ser\u00e1 inclu\u00eddo nas inten\u00e7\u00f5es da Missa do pr\u00f3ximo s\u00e1bado. Pol\u00edtica de Privacidade","og_url":"https:\/\/www.adf.org.br\/home\/pagina-de-cadastro\/","og_site_name":"Associa\u00e7\u00e3o Devotos de F\u00e1tima","article_modified_time":"2021-08-31T19:27:31+00:00","og_image":[{"url":"https:\/\/www.adf.org.br\/home\/wp-content\/uploads\/2020\/10\/nsf-2.png"}],"twitter_card":"summary_large_image","schema":{"@context":"https:\/\/schema.org","@graph":[{"@type":"WebSite","@id":"https:\/\/www.adf.org.br\/home\/#website","url":"https:\/\/www.adf.org.br\/home\/","name":"Associa\u00e7\u00e3o Devotos de F\u00e1tima","description":"Associa\u00e7\u00e3o Devotos de F\u00e1tima","potentialAction":[{"@type":"SearchAction","target":{"@type":"EntryPoint","urlTemplate":"https:\/\/www.adf.org.br\/home\/?s={search_term_string}"},"query-input":"required name=search_term_string"}],"inLanguage":"pt-BR"},{"@type":"ImageObject","@id":"https:\/\/www.adf.org.br\/home\/pagina-de-cadastro\/#primaryimage","inLanguage":"pt-BR","url":"https:\/\/www.adf.org.br\/home\/wp-content\/uploads\/2020\/10\/nsf-2.png","contentUrl":"https:\/\/www.adf.org.br\/home\/wp-content\/uploads\/2020\/10\/nsf-2.png","width":351,"height":469},{"@type":"WebPage","@id":"https:\/\/www.adf.org.br\/home\/pagina-de-cadastro\/#webpage","url":"https:\/\/www.adf.org.br\/home\/pagina-de-cadastro\/","name":"Pagina de Cadastro - Associa\u00e7\u00e3o Devotos de F\u00e1tima","isPartOf":{"@id":"https:\/\/www.adf.org.br\/home\/#website"},"primaryImageOfPage":{"@id":"https:\/\/www.adf.org.br\/home\/pagina-de-cadastro\/#primaryimage"},"datePublished":"2020-09-29T18:21:13+00:00","dateModified":"2021-08-31T19:27:31+00:00","breadcrumb":{"@id":"https:\/\/www.adf.org.br\/home\/pagina-de-cadastro\/#breadcrumb"},"inLanguage":"pt-BR","potentialAction":[{"@type":"ReadAction","target":["https:\/\/www.adf.org.br\/home\/pagina-de-cadastro\/"]}]},{"@type":"BreadcrumbList","@id":"https:\/\/www.adf.org.br\/home\/pagina-de-cadastro\/#breadcrumb","itemListElement":[{"@type":"ListItem","position":1,"name":"Home","item":"https:\/\/www.adf.org.br\/home\/"},{"@type":"ListItem","position":2,"name":"Pagina de Cadastro"}]}]}},"_links":{"self":[{"href":"https:\/\/www.adf.org.br\/home\/wp-json\/wp\/v2\/pages\/61677"}],"collection":[{"href":"https:\/\/www.adf.org.br\/home\/wp-json\/wp\/v2\/pages"}],"about":[{"href":"https:\/\/www.adf.org.br\/home\/wp-json\/wp\/v2\/types\/page"}],"author":[{"embeddable":true,"href":"https:\/\/www.adf.org.br\/home\/wp-json\/wp\/v2\/users\/9"}],"replies":[{"embeddable":true,"href":"https:\/\/www.adf.org.br\/home\/wp-json\/wp\/v2\/comments?post=61677"}],"version-history":[{"count":10,"href":"https:\/\/www.adf.org.br\/home\/wp-json\/wp\/v2\/pages\/61677\/revisions"}],"predecessor-version":[{"id":65671,"href":"https:\/\/www.adf.org.br\/home\/wp-json\/wp\/v2\/pages\/61677\/revisions\/65671"}],"wp:attachment":[{"href":"https:\/\/www.adf.org.br\/home\/wp-json\/wp\/v2\/media?parent=61677"}],"curies":[{"name":"wp","href":"https:\/\/api.w.org\/{rel}","templated":true}]}}