{"id":6,"date":"2020-03-09T16:45:55","date_gmt":"2020-03-09T19:45:55","guid":{"rendered":"http:\/\/adf.org.br\/home\/?page_id=6"},"modified":"2025-02-24T13:40:05","modified_gmt":"2025-02-24T16:40:05","slug":"home","status":"publish","type":"page","link":"https:\/\/www.adf.org.br\/home\/","title":{"rendered":"home"},"content":{"rendered":"\t\t<div data-elementor-type=\"wp-page\" data-elementor-id=\"6\" class=\"elementor elementor-6\" data-elementor-settings=\"[]\">\n\t\t\t\t\t\t<div class=\"elementor-inner\">\n\t\t\t\t\t\t\t<div class=\"elementor-section-wrap\">\n\t\t\t\t\t\t\t<section class=\"elementor-section elementor-top-section elementor-element elementor-element-b4e3d15 elementor-section-boxed elementor-section-height-default elementor-section-height-default\" data-id=\"b4e3d15\" data-element_type=\"section\">\n\t\t\t\t\t\t<div class=\"elementor-container elementor-column-gap-default\">\n\t\t\t\t\t\t\t<div class=\"elementor-row\">\n\t\t\t\t\t<div class=\"elementor-column elementor-col-100 elementor-top-column elementor-element elementor-element-ce487e3\" data-id=\"ce487e3\" data-element_type=\"column\">\n\t\t\t<div class=\"elementor-column-wrap elementor-element-populated\">\n\t\t\t\t\t\t\t<div class=\"elementor-widget-wrap\">\n\t\t\t\t\t\t<section class=\"elementor-section elementor-inner-section elementor-element elementor-element-3ae3488 elementor-section-boxed elementor-section-height-default elementor-section-height-default\" data-id=\"3ae3488\" data-element_type=\"section\">\n\t\t\t\t\t\t<div class=\"elementor-container elementor-column-gap-default\">\n\t\t\t\t\t\t\t<div class=\"elementor-row\">\n\t\t\t\t\t<div class=\"elementor-column elementor-col-50 elementor-inner-column elementor-element elementor-element-13369bc\" data-id=\"13369bc\" data-element_type=\"column\">\n\t\t\t<div class=\"elementor-column-wrap elementor-element-populated\">\n\t\t\t\t\t\t\t<div class=\"elementor-widget-wrap\">\n\t\t\t\t\t\t<div class=\"elementor-element elementor-element-a416311 elementor-widget elementor-widget-image\" data-id=\"a416311\" data-element_type=\"widget\" data-widget_type=\"image.default\">\n\t\t\t\t<div class=\"elementor-widget-container\">\n\t\t\t\t\t<div class=\"elementor-image\">\n\t\t\t\t\t\t\t\t\t\t\t<a href=\"https:\/\/www.adf.org.br\/home\/campanhas\/\">\n\t\t\t\t\t\t\t<img width=\"311\" height=\"202\" src=\"https:\/\/www.adf.org.br\/home\/wp-content\/uploads\/2020\/03\/botao-1.jpg\" class=\"attachment-large size-large\" alt=\"\" loading=\"lazy\" srcset=\"https:\/\/www.adf.org.br\/home\/wp-content\/uploads\/2020\/03\/botao-1.jpg 311w, https:\/\/www.adf.org.br\/home\/wp-content\/uploads\/2020\/03\/botao-1-300x195.jpg 300w\" sizes=\"(max-width: 311px) 100vw, 311px\" \/>\t\t\t\t\t\t\t\t<\/a>\n\t\t\t\t\t\t\t\t\t\t\t<\/div>\n\t\t\t\t<\/div>\n\t\t\t\t<\/div>\n\t\t\t\t<div class=\"elementor-element elementor-element-61d0cda elementor-widget elementor-widget-image\" data-id=\"61d0cda\" data-element_type=\"widget\" data-widget_type=\"image.default\">\n\t\t\t\t<div class=\"elementor-widget-container\">\n\t\t\t\t\t<div class=\"elementor-image\">\n\t\t\t\t\t\t\t\t\t\t\t<a href=\"https:\/\/www.adf.org.br\/home\/aparicoes-de-fatima\/\">\n\t\t\t\t\t\t\t<img width=\"312\" height=\"203\" src=\"https:\/\/www.adf.org.br\/home\/wp-content\/uploads\/2020\/03\/botao-2.jpg\" class=\"attachment-large size-large\" alt=\"\" loading=\"lazy\" srcset=\"https:\/\/www.adf.org.br\/home\/wp-content\/uploads\/2020\/03\/botao-2.jpg 312w, https:\/\/www.adf.org.br\/home\/wp-content\/uploads\/2020\/03\/botao-2-300x195.jpg 300w\" sizes=\"(max-width: 312px) 100vw, 312px\" \/>\t\t\t\t\t\t\t\t<\/a>\n\t\t\t\t\t\t\t\t\t\t\t<\/div>\n\t\t\t\t<\/div>\n\t\t\t\t<\/div>\n\t\t\t\t<div class=\"elementor-element elementor-element-af379ed elementor-widget elementor-widget-image\" data-id=\"af379ed\" data-element_type=\"widget\" data-widget_type=\"image.default\">\n\t\t\t\t<div class=\"elementor-widget-container\">\n\t\t\t\t\t<div class=\"elementor-image\">\n\t\t\t\t\t\t\t\t\t\t\t<a href=\"https:\/\/www.adf.org.br\/home\/oracoes\/\" target=\"_blank\">\n\t\t\t\t\t\t\t<img width=\"310\" height=\"201\" src=\"https:\/\/www.adf.org.br\/home\/wp-content\/uploads\/2020\/05\/oracoes.jpg\" class=\"attachment-large size-large\" alt=\"\" loading=\"lazy\" srcset=\"https:\/\/www.adf.org.br\/home\/wp-content\/uploads\/2020\/05\/oracoes.jpg 310w, https:\/\/www.adf.org.br\/home\/wp-content\/uploads\/2020\/05\/oracoes-300x195.jpg 300w\" sizes=\"(max-width: 310px) 100vw, 310px\" \/>\t\t\t\t\t\t\t\t<\/a>\n\t\t\t\t\t\t\t\t\t\t\t<\/div>\n\t\t\t\t<\/div>\n\t\t\t\t<\/div>\n\t\t\t\t\t\t<\/div>\n\t\t\t\t\t<\/div>\n\t\t<\/div>\n\t\t\t\t<div class=\"elementor-column elementor-col-50 elementor-inner-column elementor-element elementor-element-75149b9\" data-id=\"75149b9\" data-element_type=\"column\">\n\t\t\t<div class=\"elementor-column-wrap elementor-element-populated\">\n\t\t\t\t\t\t\t<div class=\"elementor-widget-wrap\">\n\t\t\t\t\t\t<div class=\"elementor-element elementor-element-f2b325d elementor-widget elementor-widget-shortcode\" data-id=\"f2b325d\" data-element_type=\"widget\" data-widget_type=\"shortcode.default\">\n\t\t\t\t<div class=\"elementor-widget-container\">\n\t\t\t\t\t<div class=\"elementor-shortcode\">\n\t\t\t<!-- START Slider TESTE REVOLUTION SLIDER 6.1.3 --><p class=\"rs-p-wp-fix\"><\/p>\n\t\t\t<rs-module-wrap id=\"rev_slider_4_1_wrapper\" data-source=\"gallery\" style=\"background:transparent;padding:0;margin:0px auto;margin-top:0;margin-bottom:0;\">\n\t\t\t\t<rs-module id=\"rev_slider_4_1\" style=\"display:none;\" data-version=\"6.1.3\">\n\t\t\t\t\t<rs-slides>\n\t\t\t\t\t\t<rs-slide data-key=\"rs-29\" data-title=\"  Missa de Nossa Senhora de F\u00e1tima\" data-thumb=\"\/\/www.adf.org.br\/home\/wp-content\/uploads\/2025\/03\/The_Cathedrale_Saint_Louis_des_Invalides2-1-50x100.jpg\" data-anim=\"ei:d;eo:d;s:1000;r:0;t:fade;sl:0;\">\n\t\t\t\t\t\t\t<img loading=\"lazy\" src=\"\/\/www.adf.org.br\/home\/wp-content\/uploads\/2025\/03\/The_Cathedrale_Saint_Louis_des_Invalides2-1.jpg\" title=\"The_Cathedrale_Saint_Louis_des_Invalides2\" width=\"887\" height=\"447\" class=\"rev-slidebg\" data-no-retina>\n<!--\n\t\t\t\t\t\t\t--><rs-layer\n\t\t\t\t\t\t\t\tid=\"slider-4-slide-29-layer-23\" \n\t\t\t\t\t\t\t\tdata-type=\"text\"\n\t\t\t\t\t\t\t\tdata-color=\"#ffcc00\"\n\t\t\t\t\t\t\t\tdata-rsp_ch=\"on\"\n\t\t\t\t\t\t\t\tdata-xy=\"x:c;xo:47px,47px,47px,36px;yo:189px,189px,189px,314px;\"\n\t\t\t\t\t\t\t\tdata-text=\"w:normal;s:40,40,40,70;l:40,40,40,90;fw:700;a:center;\"\n\t\t\t\t\t\t\t\tdata-dim=\"w:674,674,674,716px;h:102,102,102,99px;\"\n\t\t\t\t\t\t\t\tdata-frame_999=\"o:0;st:w;sR:8700;\"\n\t\t\t\t\t\t\t\tstyle=\"z-index:1;font-family:Arial, Helvetica, sans-serif;\"\n\t\t\t\t\t\t\t>Encontre a cura sob o manto de Nossa Senhora de Lourdes \n\t\t\t\t\t\t\t<\/rs-layer><!--\n\n\t\t\t\t\t\t\t--><a\n\t\t\t\t\t\t\t\tid=\"slider-4-slide-29-layer-25\" \n\t\t\t\t\t\t\t\tclass=\"rs-layer rev-btn\"\n\t\t\t\t\t\t\t\thref=\"https:\/\/adf.org.br\/apostolosdacura\/?origem=31932\" target=\"_blank\" rel=\"nofollow\"\n\t\t\t\t\t\t\t\tdata-type=\"button\"\n\t\t\t\t\t\t\t\tdata-bsh=\"c:#461d7d;v:7px,7px,7px,5px;b:29px,29px,29px,26px;\"\n\t\t\t\t\t\t\t\tdata-rsp_ch=\"on\"\n\t\t\t\t\t\t\t\tdata-xy=\"xo:286px,286px,286px,396px;yo:292px,292px,292px,641px;\"\n\t\t\t\t\t\t\t\tdata-text=\"w:normal;s:29,29,29,26;l:85,85,85,82;fw:500;\"\n\t\t\t\t\t\t\t\tdata-dim=\"w:463px,463px,463px,auto;h:85px,85px,85px,auto;minh:0,0,0,none;\"\n\t\t\t\t\t\t\t\tdata-padding=\"r:65,65,65,82;l:65,65,65,82;\"\n\t\t\t\t\t\t\t\tdata-border=\"bor:5px,5px,5px,5px;\"\n\t\t\t\t\t\t\t\tdata-frame_1=\"st:280;sR:280;\"\n\t\t\t\t\t\t\t\tdata-frame_999=\"o:0;st:w;sR:8420;\"\n\t\t\t\t\t\t\t\tdata-frame_hover=\"bgc:#007aff;bor:5px,5px,5px,5px;e:Power1.easeInOut;bri:120%;\"\n\t\t\t\t\t\t\t\tstyle=\"z-index:14;background:linear-gradient(rgba(26,214,253,1) 0%, rgba(29,98,240,1) 100%);font-family:Roboto;\"\n\t\t\t\t\t\t\t><u>Participe do Apostolado<\/u> \n\t\t\t\t\t\t\t<\/a><!--\n\n\t\t\t\t\t\t\t--><rs-layer\n\t\t\t\t\t\t\t\tid=\"slider-4-slide-29-layer-27\" \n\t\t\t\t\t\t\t\tdata-type=\"image\"\n\t\t\t\t\t\t\t\tdata-rsp_ch=\"on\"\n\t\t\t\t\t\t\t\tdata-xy=\"xo:-30px,-30px,-30px,-85px;yo:128px,128px,128px,152px;\"\n\t\t\t\t\t\t\t\tdata-text=\"w:normal;s:20,20,20,22;l:0,0,0,27;\"\n\t\t\t\t\t\t\t\tdata-dim=\"w:394px,394px,394px,623px;h:483px,483px,483px,764px;\"\n\t\t\t\t\t\t\t\tdata-frame_1=\"st:110;sR:110;\"\n\t\t\t\t\t\t\t\tdata-frame_999=\"o:0;st:w;sR:8590;\"\n\t\t\t\t\t\t\t\tstyle=\"z-index:5;font-family:Roboto;\"\n\t\t\t\t\t\t\t><img loading=\"lazy\" src=\"\/\/www.adf.org.br\/home\/wp-content\/uploads\/2023\/01\/lourder-sem-fundo-2.png\" width=\"1550\" height=\"1900\" data-no-retina> \n\t\t\t\t\t\t\t<\/rs-layer><!--\n-->\t\t\t\t\t\t<\/rs-slide>\n\t\t\t\t\t\t<rs-slide data-key=\"rs-25\" data-title=\"  Missa de Nossa Senhora de F\u00e1tima\" data-thumb=\"\/\/adf.org.br\/home\/wp-content\/uploads\/2020\/05\/1-MissaNossaSenhoraF\u00e1tima-3.jpg\" data-anim=\"ei:d;eo:d;s:1000;r:0;t:fade;sl:0;\">\n\t\t\t\t\t\t\t<img loading=\"lazy\" src=\"\/\/adf.org.br\/home\/wp-content\/uploads\/2020\/05\/1-MissaNossaSenhoraF\u00e1tima-3.jpg\" title=\"1-MissaNossaSenhoraF\u00e1tima\" width=\"950\" height=\"600\" class=\"rev-slidebg\" data-no-retina>\n<!--\n\t\t\t\t\t\t\t--><rs-layer\n\t\t\t\t\t\t\t\tid=\"slider-4-slide-25-layer-2\" \n\t\t\t\t\t\t\t\tdata-type=\"text\"\n\t\t\t\t\t\t\t\tdata-color=\"#8b0000\"\n\t\t\t\t\t\t\t\tdata-rsp_ch=\"on\"\n\t\t\t\t\t\t\t\tdata-xy=\"xo:118px,118px,118px,45px;yo:223px,223px,223px,226px;\"\n\t\t\t\t\t\t\t\tdata-text=\"w:normal;s:39,39,39,50;l:45,45,45,57;fw:700;a:center;\"\n\t\t\t\t\t\t\t\tdata-dim=\"w:448px,448px,448px,694px;\"\n\t\t\t\t\t\t\t\tdata-frame_999=\"o:0;st:w;\"\n\t\t\t\t\t\t\t\tstyle=\"z-index:10;font-family:Open Sans;\"\n\t\t\t\t\t\t\t><span style=\"text-transform: uppercase;\">Missa de Nossa <br \/>\nSenhora de F\u00e1tima<span><br \/>\n<br \/>\n<br \/>\n<br \/>\n \n\t\t\t\t\t\t\t<\/rs-layer><!--\n\n\t\t\t\t\t\t\t--><a\n\t\t\t\t\t\t\t\tid=\"slider-4-slide-25-layer-4\" \n\t\t\t\t\t\t\t\tclass=\"rs-layer rev-btn\"\n\t\t\t\t\t\t\t\thref=\"tel:08006082128\" target=\"_blank\" rel=\"nofollow\"\n\t\t\t\t\t\t\t\tdata-type=\"button\"\n\t\t\t\t\t\t\t\tdata-rsp_ch=\"on\"\n\t\t\t\t\t\t\t\tdata-xy=\"xo:119px,119px,119px,102px;yo:335px,335px,335px,427px;\"\n\t\t\t\t\t\t\t\tdata-text=\"w:nowrap;s:22,22,22,30;l:30,30,30,89;fw:700;a:center;\"\n\t\t\t\t\t\t\t\tdata-dim=\"w:446px,446px,446px,573px;h:64px,64px,64px,96px;minh:0,0,0,none;\"\n\t\t\t\t\t\t\t\tdata-padding=\"r:80,80,80,94;l:80,80,80,94;\"\n\t\t\t\t\t\t\t\tdata-border=\"bor:20px,20px,20px,20px;\"\n\t\t\t\t\t\t\t\tdata-frame_999=\"o:0;st:w;\"\n\t\t\t\t\t\t\t\tdata-frame_hover=\"bgc:#007aff;bor:20px,20px,20px,20px;sp:100;e:Power1.easeInOut;bri:120%;\"\n\t\t\t\t\t\t\t\tstyle=\"z-index:9;background-color:#1e6683;font-family:Open Sans;\"\n\t\t\t\t\t\t\t>Inclua seu nome pelo:<br \/>\n0800 608 2128 \n\t\t\t\t\t\t\t<\/a><!--\n\n\t\t\t\t\t\t\t--><rs-layer\n\t\t\t\t\t\t\t\tid=\"slider-4-slide-25-layer-5\" \n\t\t\t\t\t\t\t\tdata-type=\"text\"\n\t\t\t\t\t\t\t\tdata-color=\"#1e6683\"\n\t\t\t\t\t\t\t\tdata-tsh=\"c:#ffffff;h:0,0,0,6px;v:0,0,0,6px;b:0,0,0,11px;\"\n\t\t\t\t\t\t\t\tdata-rsp_ch=\"on\"\n\t\t\t\t\t\t\t\tdata-xy=\"xo:119px,119px,119px,120px;yo:412px,412px,412px,549px;\"\n\t\t\t\t\t\t\t\tdata-text=\"w:normal;s:20,20,20,23;l:25,25,25,29;fw:600;a:center;\"\n\t\t\t\t\t\t\t\tdata-dim=\"w:447px,447px,447px,527px;\"\n\t\t\t\t\t\t\t\tdata-frame_0=\"x:0,0,0,0px;y:0,0,0,0px;\"\n\t\t\t\t\t\t\t\tdata-frame_1=\"x:0,0,0,0px;y:0,0,0,0px;\"\n\t\t\t\t\t\t\t\tdata-frame_999=\"o:0;st:w;\"\n\t\t\t\t\t\t\t\tstyle=\"z-index:8;font-family:Open Sans;\"\n\t\t\t\t\t\t\t>Liga\u00e7\u00e3o gratuita para todo o Brasil<br \/>\n(seg. a sex., das 8h \u00e0s 18h) \n\t\t\t\t\t\t\t<\/rs-layer><!--\n-->\t\t\t\t\t\t<\/rs-slide>\n\t\t\t\t\t\t<rs-slide data-key=\"rs-26\" data-title=\"Ap\u00f3stolos de F\u00e1tima\" data-thumb=\"\/\/adf.org.br\/home\/wp-content\/uploads\/2020\/06\/22-Ap\u00f3stolosdeF\u00e1tima-1.jpg\" data-anim=\"ei:d;eo:d;s:1000;r:0;t:fade;sl:0;\">\n\t\t\t\t\t\t\t<img loading=\"lazy\" src=\"\/\/adf.org.br\/home\/wp-content\/uploads\/2020\/06\/22-Ap\u00f3stolosdeF\u00e1tima-1.jpg\" title=\"22-Ap\u00f3stolosdeF\u00e1tima\" width=\"950\" height=\"600\" class=\"rev-slidebg\" data-no-retina>\n<!--\n\t\t\t\t\t\t\t--><rs-layer\n\t\t\t\t\t\t\t\tid=\"slider-4-slide-26-layer-2\" \n\t\t\t\t\t\t\t\tdata-type=\"text\"\n\t\t\t\t\t\t\t\tdata-color=\"#ffff30\"\n\t\t\t\t\t\t\t\tdata-tsh=\"c:#000000;h:3px,3px,3px,2px;v:3px,3px,3px,2px;b:5px;\"\n\t\t\t\t\t\t\t\tdata-rsp_ch=\"on\"\n\t\t\t\t\t\t\t\tdata-xy=\"xo:269px,269px,269px,216px;yo:151px,151px,151px,274px;\"\n\t\t\t\t\t\t\t\tdata-text=\"w:normal;s:50,50,50,60;l:46,46,46,57;fw:800;a:center;\"\n\t\t\t\t\t\t\t\tdata-dim=\"w:652px,652px,652px,768px;\"\n\t\t\t\t\t\t\t\tdata-border=\"bow:0px,0px,0,0;\"\n\t\t\t\t\t\t\t\tdata-frame_999=\"o:0;st:w;\"\n\t\t\t\t\t\t\t\tstyle=\"z-index:5;font-family:Open Sans;\"\n\t\t\t\t\t\t\t><span style=\"text-transform: uppercase;\">Ap\u00f3stolos de F\u00e1tima<span><br \/>\n<br \/>\n<br \/>\n<br \/>\n \n\t\t\t\t\t\t\t<\/rs-layer><!--\n\n\t\t\t\t\t\t\t--><rs-layer\n\t\t\t\t\t\t\t\tid=\"slider-4-slide-26-layer-3\" \n\t\t\t\t\t\t\t\tdata-type=\"text\"\n\t\t\t\t\t\t\t\tdata-tsh=\"c:#000000;h:3px,3px,3px,2px;v:3px,3px,3px,2px;b:5px;\"\n\t\t\t\t\t\t\t\tdata-rsp_ch=\"on\"\n\t\t\t\t\t\t\t\tdata-xy=\"xo:349px,349px,349px,320px;yo:215px,215px,215px,350px;\"\n\t\t\t\t\t\t\t\tdata-text=\"w:normal;s:30,30,30,35;l:25,25,25,28;fw:800;\"\n\t\t\t\t\t\t\t\tdata-tst=\"w:0px;c:#ffffff;\"\n\t\t\t\t\t\t\t\tdata-frame_0=\"x:0,0,0,0px;y:0,0,0,0px;\"\n\t\t\t\t\t\t\t\tdata-frame_1=\"x:0,0,0,0px;y:0,0,0,0px;\"\n\t\t\t\t\t\t\t\tdata-frame_999=\"o:0;st:w;\"\n\t\t\t\t\t\t\t\tstyle=\"z-index:6;font-family:Open Sans;\"\n\t\t\t\t\t\t\t>Nossa Senhora precisa de Voc\u00ea! \n\t\t\t\t\t\t\t<\/rs-layer><!--\n\n\t\t\t\t\t\t\t--><rs-layer\n\t\t\t\t\t\t\t\tid=\"slider-4-slide-26-layer-4\" \n\t\t\t\t\t\t\t\tclass=\"rev-btn\"\n\t\t\t\t\t\t\t\tdata-type=\"button\"\n\t\t\t\t\t\t\t\tdata-rsp_ch=\"on\"\n\t\t\t\t\t\t\t\tdata-xy=\"xo:398px,398px,398px,374px;yo:342px,342px,342px,506px;\"\n\t\t\t\t\t\t\t\tdata-text=\"w:normal;s:31,31,31,34;l:79,79,79,89;fw:700;a:center;\"\n\t\t\t\t\t\t\t\tdata-dim=\"w:395,395,395,452;h:85,85,85,96;minh:0,0,0,none;\"\n\t\t\t\t\t\t\t\tdata-padding=\"r:80,80,80,94;l:80,80,80,94;\"\n\t\t\t\t\t\t\t\tdata-border=\"bor:10px,10px,10px,10px;\"\n\t\t\t\t\t\t\t\tdata-frame_999=\"o:0;st:w;\"\n\t\t\t\t\t\t\t\tdata-frame_hover=\"c:#fff;bgc:#003b93;bor:10px,10px,10px,10px;sp:100;e:Power1.easeInOut;bri:120%;\"\n\t\t\t\t\t\t\t\tstyle=\"z-index:7;background-color:#002088;font-family:Open Sans;\"\n\t\t\t\t\t\t\t><a href=\"https:\/\/adf.org.br\/apostolosdefatima\/2\/?origem=9761#Promessa\" target=\"_blank\" style=\"color: #fff;text-decoration:none;\">Saiba como<\/a> \n\t\t\t\t\t\t\t<\/rs-layer><!--\n-->\t\t\t\t\t\t<\/rs-slide>\n\t\t\t\t\t\t<rs-slide data-key=\"rs-27\" data-title=\"Um ter\u00e7o Rezado\" data-thumb=\"\/\/www.adf.org.br\/home\/wp-content\/uploads\/2021\/01\/2021-01-07-50x100.jpg\" data-anim=\"ei:d;eo:d;s:1000;r:0;t:fade;sl:0;\">\n\t\t\t\t\t\t\t<img loading=\"lazy\" src=\"\/\/www.adf.org.br\/home\/wp-content\/uploads\/2021\/01\/2021-01-07.jpg\" title=\"2021-01-07\" width=\"950\" height=\"600\" class=\"rev-slidebg\" data-no-retina>\n<!--\n\t\t\t\t\t\t\t--><rs-layer\n\t\t\t\t\t\t\t\tid=\"slider-4-slide-27-layer-2\" \n\t\t\t\t\t\t\t\tdata-type=\"text\"\n\t\t\t\t\t\t\t\tdata-tsh=\"c:#000000;b:5px;\"\n\t\t\t\t\t\t\t\tdata-rsp_ch=\"on\"\n\t\t\t\t\t\t\t\tdata-xy=\"xo:178px,178px,178px,260px;yo:227px,227px,227px,97px;\"\n\t\t\t\t\t\t\t\tdata-text=\"w:normal;s:40,40,40,50;l:50,50,50,60;fw:800;a:center;\"\n\t\t\t\t\t\t\t\tdata-dim=\"w:756px,756px,756px,806px;\"\n\t\t\t\t\t\t\t\tdata-border=\"bow:0px,0px,0,0;\"\n\t\t\t\t\t\t\t\tdata-frame_999=\"o:0;st:w;\"\n\t\t\t\t\t\t\t\tstyle=\"z-index:5;font-family:Open Sans;\"\n\t\t\t\t\t\t\t><span style=\"color:#ffde00\">Um Ter\u00e7o Por Voc\u00ea!<\/span> \n\t\t\t\t\t\t\t<\/rs-layer><!--\n\n\t\t\t\t\t\t\t--><rs-layer\n\t\t\t\t\t\t\t\tid=\"slider-4-slide-27-layer-26\" \n\t\t\t\t\t\t\t\tdata-type=\"text\"\n\t\t\t\t\t\t\t\tdata-tsh=\"c:#000000;b:5px;\"\n\t\t\t\t\t\t\t\tdata-rsp_ch=\"on\"\n\t\t\t\t\t\t\t\tdata-xy=\"xo:178px,178px,178px,260px;yo:272px,272px,272px,97px;\"\n\t\t\t\t\t\t\t\tdata-text=\"w:normal;s:40,40,40,50;l:50,50,50,60;fw:800;a:center;\"\n\t\t\t\t\t\t\t\tdata-dim=\"w:756px,756px,756px,806px;\"\n\t\t\t\t\t\t\t\tdata-border=\"bow:0px,0px,0,0;\"\n\t\t\t\t\t\t\t\tdata-frame_999=\"o:0;st:w;\"\n\t\t\t\t\t\t\t\tstyle=\"z-index:5;font-family:Open Sans;\"\n\t\t\t\t\t\t\t><span style=\"font-family:Arial; font-size:22px\">Religiosos e sacerdotes rezar\u00e3o um ter\u00e7o por voc\u00ea<\/span> \n\t\t\t\t\t\t\t<\/rs-layer><!--\n\n\t\t\t\t\t\t\t--><a\n\t\t\t\t\t\t\t\tid=\"slider-4-slide-27-layer-30\" \n\t\t\t\t\t\t\t\tclass=\"rs-layer rev-btn\"\n\t\t\t\t\t\t\t\thref=\"https:\/\/adf.org.br\/terco\/?origem=31932\" target=\"_blank\" rel=\"nofollow\"\n\t\t\t\t\t\t\t\tdata-type=\"button\"\n\t\t\t\t\t\t\t\tdata-rsp_ch=\"on\"\n\t\t\t\t\t\t\t\tdata-xy=\"xo:351px,351px,351px,407px;yo:340px,340px,340px,499px;\"\n\t\t\t\t\t\t\t\tdata-text=\"w:normal;s:24,24,24,26;l:61,61,61,77;fw:700;a:center;\"\n\t\t\t\t\t\t\t\tdata-dim=\"w:416px,416px,416px,494px;h:61px,61px,61px,79px;minh:0,0,0,none;\"\n\t\t\t\t\t\t\t\tdata-padding=\"r:62,62,62,81;l:62,62,62,81;\"\n\t\t\t\t\t\t\t\tdata-border=\"bor:10px,10px,10px,10px;\"\n\t\t\t\t\t\t\t\tdata-frame_999=\"o:0;st:w;\"\n\t\t\t\t\t\t\t\tdata-frame_hover=\"bgc:#34aadc;bor:10px,10px,10px,10px;sp:100;e:Power1.easeInOut;bri:120%;\"\n\t\t\t\t\t\t\t\tstyle=\"z-index:7;background-color:#007aff;font-family:Open Sans;\"\n\t\t\t\t\t\t\t>Inscreva seu nome \n\t\t\t\t\t\t\t<\/a><!--\n-->\t\t\t\t\t\t<\/rs-slide>\n\t\t\t\t\t\t<rs-slide data-key=\"rs-37\" data-title=\"Um ter\u00e7o Rezado\" data-thumb=\"\/\/www.adf.org.br\/home\/wp-content\/uploads\/2025\/03\/tres_pastorinhos-3-50x100.jpg\" data-anim=\"ei:d;eo:d;s:1000;r:0;t:fade;sl:0;\">\n\t\t\t\t\t\t\t<img loading=\"lazy\" src=\"\/\/www.adf.org.br\/home\/wp-content\/uploads\/2025\/03\/tres_pastorinhos-3.jpg\" title=\"tres_pastorinhos\" width=\"887\" height=\"447\" class=\"rev-slidebg\" data-no-retina>\n<!--\n\t\t\t\t\t\t\t--><rs-layer\n\t\t\t\t\t\t\t\tid=\"slider-4-slide-37-layer-2\" \n\t\t\t\t\t\t\t\tdata-type=\"text\"\n\t\t\t\t\t\t\t\tdata-rsp_ch=\"on\"\n\t\t\t\t\t\t\t\tdata-xy=\"xo:-23px,-23px,-23px,253px;yo:176px,176px,176px,190px;\"\n\t\t\t\t\t\t\t\tdata-text=\"w:normal;s:40,40,40,50;l:50,50,50,60;fw:800;a:center;\"\n\t\t\t\t\t\t\t\tdata-dim=\"w:756px,756px,756px,806px;\"\n\t\t\t\t\t\t\t\tdata-border=\"bow:0px,0px,0,0;\"\n\t\t\t\t\t\t\t\tdata-frame_999=\"o:0;st:w;\"\n\t\t\t\t\t\t\t\tstyle=\"z-index:9;font-family:Open Sans;\"\n\t\t\t\t\t\t\t><span style=\"color:#163f61\">Diga \u201cSIM\u201d ao Imaculado<br>Cora\u00e7\u00e3o de Maria<\/span> \n\t\t\t\t\t\t\t<\/rs-layer><!--\n\n\t\t\t\t\t\t\t--><a\n\t\t\t\t\t\t\t\tid=\"slider-4-slide-37-layer-30\" \n\t\t\t\t\t\t\t\tclass=\"rs-layer rev-btn\"\n\t\t\t\t\t\t\t\thref=\"https:\/\/adf.org.br\/apostolosdefatima\/2\/?origem=31932#\" target=\"_blank\" rel=\"nofollow\"\n\t\t\t\t\t\t\t\tdata-type=\"button\"\n\t\t\t\t\t\t\t\tdata-rsp_ch=\"on\"\n\t\t\t\t\t\t\t\tdata-xy=\"xo:150px,150px,150px,408px;yo:361px,361px,361px,414px;\"\n\t\t\t\t\t\t\t\tdata-text=\"w:normal;s:24,24,24,26;l:61,61,61,77;fw:700;a:center;\"\n\t\t\t\t\t\t\t\tdata-dim=\"w:416px,416px,416px,494px;h:61px,61px,61px,79px;minh:0,0,0,none;\"\n\t\t\t\t\t\t\t\tdata-padding=\"r:62,62,62,81;l:62,62,62,81;\"\n\t\t\t\t\t\t\t\tdata-border=\"bor:10px,10px,10px,10px;\"\n\t\t\t\t\t\t\t\tdata-frame_999=\"o:0;st:w;\"\n\t\t\t\t\t\t\t\tdata-frame_hover=\"bgc:#34aadc;bor:10px,10px,10px,10px;sp:100;e:Power1.easeInOut;bri:120%;\"\n\t\t\t\t\t\t\t\tstyle=\"z-index:10;background-color:#007aff;font-family:Open Sans;\"\n\t\t\t\t\t\t\t>CLIQUE AQUI \n\t\t\t\t\t\t\t<\/a><!--\n\n\t\t\t\t\t\t\t--><rs-layer\n\t\t\t\t\t\t\t\tid=\"slider-4-slide-37-layer-32\" \n\t\t\t\t\t\t\t\tdata-type=\"text\"\n\t\t\t\t\t\t\t\tdata-color=\"#fff\"\n\t\t\t\t\t\t\t\tdata-rsp_ch=\"on\"\n\t\t\t\t\t\t\t\tdata-xy=\"xo:85px,85px,85px,95px;yo:291px,291px,291px,330px;\"\n\t\t\t\t\t\t\t\tdata-text=\"w:normal;s:16,16,16,18;l:24,24,24,26;ls:2,2,2,1;a:center;\"\n\t\t\t\t\t\t\t\tdata-dim=\"w:545px,545px,545px,619px;h:55px,55px,55px,62px;minh:0px,0px,0px,none;\"\n\t\t\t\t\t\t\t\tdata-frame_999=\"o:0;st:w;\"\n\t\t\t\t\t\t\t\tstyle=\"z-index:11;font-family:Poppins;\"\n\t\t\t\t\t\t\t><b><span style=\"color:#000000; font-family:Arial !important; font-size:18px\">Torne-se um Ap\u00f3stolo de F\u00e1tima e atraia gra\u00e7as<br>que Nossa Senhora de F\u00e1tima lhe reservou<\/span><\/b> \n\t\t\t\t\t\t\t<\/rs-layer><!--\n-->\t\t\t\t\t\t<\/rs-slide>\n\t\t\t\t\t\t<rs-slide data-key=\"rs-38\" data-title=\"Um ter\u00e7o Rezado\" data-thumb=\"\/\/www.adf.org.br\/home\/wp-content\/uploads\/2025\/03\/cova_de_iria-2-50x100.jpg\" data-anim=\"ei:d;eo:d;s:1000;r:0;t:fade;sl:0;\">\n\t\t\t\t\t\t\t<img loading=\"lazy\" src=\"\/\/www.adf.org.br\/home\/wp-content\/uploads\/2025\/03\/cova_de_iria-2.jpg\" title=\"cova_de_iria\" width=\"887\" height=\"447\" class=\"rev-slidebg\" data-no-retina>\n<!--\n\t\t\t\t\t\t\t--><rs-layer\n\t\t\t\t\t\t\t\tid=\"slider-4-slide-38-layer-2\" \n\t\t\t\t\t\t\t\tdata-type=\"text\"\n\t\t\t\t\t\t\t\tdata-rsp_ch=\"on\"\n\t\t\t\t\t\t\t\tdata-xy=\"xo:8px,8px,8px,253px;yo:171px,171px,171px,190px;\"\n\t\t\t\t\t\t\t\tdata-text=\"w:normal;s:40,40,40,50;l:50,50,50,60;fw:800;a:center;\"\n\t\t\t\t\t\t\t\tdata-dim=\"w:756px,756px,756px,806px;\"\n\t\t\t\t\t\t\t\tdata-border=\"bow:0px,0px,0,0;\"\n\t\t\t\t\t\t\t\tdata-frame_999=\"o:0;st:w;\"\n\t\t\t\t\t\t\t\tstyle=\"z-index:9;font-family:Open Sans;\"\n\t\t\t\t\t\t\t><span style=\"color:#185b93\">Missa de Nossa Senhora<br> de F\u00e1tima<\/span> \n\t\t\t\t\t\t\t<\/rs-layer><!--\n\n\t\t\t\t\t\t\t--><rs-layer\n\t\t\t\t\t\t\t\tid=\"slider-4-slide-38-layer-32\" \n\t\t\t\t\t\t\t\tdata-type=\"text\"\n\t\t\t\t\t\t\t\tdata-color=\"#fff\"\n\t\t\t\t\t\t\t\tdata-rsp_ch=\"on\"\n\t\t\t\t\t\t\t\tdata-xy=\"xo:112px,112px,112px,126px;yo:367px,367px,367px,416px;\"\n\t\t\t\t\t\t\t\tdata-text=\"w:normal;s:16,16,16,18;l:24,24,24,26;ls:2,2,2,1;a:center;\"\n\t\t\t\t\t\t\t\tdata-dim=\"w:545px,545px,545px,619px;h:55px,55px,55px,62px;minh:0px,0px,0px,none;\"\n\t\t\t\t\t\t\t\tdata-frame_999=\"o:0;st:w;\"\n\t\t\t\t\t\t\t\tstyle=\"z-index:11;font-family:Poppins;\"\n\t\t\t\t\t\t\t><b><span style=\"color:#000000; font-family:Arial !important; font-size:18px\">Liga\u00e7\u00e3o gratuita para todo o Brasil<br>(seg. a sex., das 8h \u00e0s 18h)<\/span><\/b> \n\t\t\t\t\t\t\t<\/rs-layer><!--\n\n\t\t\t\t\t\t\t--><rs-layer\n\t\t\t\t\t\t\t\tid=\"slider-4-slide-38-layer-34\" \n\t\t\t\t\t\t\t\tdata-type=\"image\"\n\t\t\t\t\t\t\t\tdata-rsp_ch=\"on\"\n\t\t\t\t\t\t\t\tdata-xy=\"xo:647px,647px,647px,734px;yo:16px,16px,16px,18px;\"\n\t\t\t\t\t\t\t\tdata-text=\"w:normal;s:20,20,20,22;l:0,0,0,27;\"\n\t\t\t\t\t\t\t\tdata-dim=\"w:308px,308px,308px,349px;h:536px,536px,536px,608px;\"\n\t\t\t\t\t\t\t\tdata-frame_999=\"o:0;st:w;\"\n\t\t\t\t\t\t\t\tstyle=\"z-index:12;font-family:Roboto;\"\n\t\t\t\t\t\t\t><img loading=\"lazy\" src=\"\/\/www.adf.org.br\/home\/wp-content\/uploads\/2025\/03\/nossa_senhora_fatima.png\" width=\"308\" height=\"536\" data-no-retina> \n\t\t\t\t\t\t\t<\/rs-layer><!--\n\n\t\t\t\t\t\t\t--><a\n\t\t\t\t\t\t\t\tid=\"slider-4-slide-38-layer-36\" \n\t\t\t\t\t\t\t\tclass=\"rs-layer rev-btn\"\n\t\t\t\t\t\t\t\thref=\"tel:08006082128\" target=\"_blank\" rel=\"nofollow\"\n\t\t\t\t\t\t\t\tdata-type=\"button\"\n\t\t\t\t\t\t\t\tdata-rsp_ch=\"on\"\n\t\t\t\t\t\t\t\tdata-xy=\"xo:158px,158px,158px,102px;yo:287px,287px,287px,427px;\"\n\t\t\t\t\t\t\t\tdata-text=\"w:nowrap;s:22,22,22,30;l:30,30,30,89;fw:700;a:center;\"\n\t\t\t\t\t\t\t\tdata-dim=\"w:446px,446px,446px,573px;h:64px,64px,64px,96px;minh:0,0,0,none;\"\n\t\t\t\t\t\t\t\tdata-padding=\"r:80,80,80,94;l:80,80,80,94;\"\n\t\t\t\t\t\t\t\tdata-border=\"bor:20px,20px,20px,20px;\"\n\t\t\t\t\t\t\t\tdata-frame_999=\"o:0;st:w;\"\n\t\t\t\t\t\t\t\tdata-frame_hover=\"bgc:#007aff;bor:20px,20px,20px,20px;sp:100;e:Power1.easeInOut;bri:120%;\"\n\t\t\t\t\t\t\t\tstyle=\"z-index:9;background-color:#1e6683;font-family:Open Sans;\"\n\t\t\t\t\t\t\t>Inclua seu nome pelo:<br \/>\n0800 608 2128 \n\t\t\t\t\t\t\t<\/a><!--\n-->\t\t\t\t\t\t<\/rs-slide>\n\t\t\t\t\t<\/rs-slides>\n\t\t\t\t\t<rs-static-layers><!--\n\t\t\t\t\t--><\/rs-static-layers>\n\t\t\t\t\t<rs-progress class=\"rs-bottom\" style=\"visibility: hidden !important;\"><\/rs-progress>\n\t\t\t\t<\/rs-module>\n\t\t\t\t<script type=\"text\/javascript\">\n\t\t\t\t\tsetREVStartSize({c: 'rev_slider_4_1',rl:[1240,1240,1240,480],el:[600,600,600,900],gw:[950,950,950,1080],gh:[600,600,600,900],layout:'fullwidth',mh:\"0\"});\n\t\t\t\t\tvar\trevapi4,\n\t\t\t\t\t\ttpj;\n\t\t\t\t\tjQuery(function() {\n\t\t\t\t\t\ttpj = jQuery;\n\t\t\t\t\t\tif(tpj(\"#rev_slider_4_1\").revolution == undefined){\n\t\t\t\t\t\t\trevslider_showDoubleJqueryError(\"#rev_slider_4_1\");\n\t\t\t\t\t\t}else{\n\t\t\t\t\t\t\trevapi4 = tpj(\"#rev_slider_4_1\").show().revolution({\n\t\t\t\t\t\t\t\tjsFileLocation:\"\/\/www.adf.org.br\/home\/wp-content\/plugins\/revslider\/public\/assets\/js\/\",\n\t\t\t\t\t\t\t\tvisibilityLevels:\"1240,1240,1240,480\",\n\t\t\t\t\t\t\t\tgridwidth:\"950,950,950,1080\",\n\t\t\t\t\t\t\t\tgridheight:\"600,600,600,900\",\n\t\t\t\t\t\t\t\tminHeight:\"\",\n\t\t\t\t\t\t\t\tspinner:\"spinner0\",\n\t\t\t\t\t\t\t\teditorheight:\"600,600,500,900\",\n\t\t\t\t\t\t\t\tresponsiveLevels:\"1240,1240,1240,480\",\n\t\t\t\t\t\t\t\tdisableProgressBar:\"on\",\n\t\t\t\t\t\t\t\tnavigation: {\n\t\t\t\t\t\t\t\t\tonHoverStop:false,\n\t\t\t\t\t\t\t\t\tarrows: {\n\t\t\t\t\t\t\t\t\t\tenable:true,\n\t\t\t\t\t\t\t\t\t\tstyle:\"hesperiden\",\n\t\t\t\t\t\t\t\t\t\tleft: {\n\t\t\t\t\t\t\t\t\t\t\th_offset:30\n\t\t\t\t\t\t\t\t\t\t},\n\t\t\t\t\t\t\t\t\t\tright: {\n\t\t\t\t\t\t\t\t\t\t\th_offset:30\n\t\t\t\t\t\t\t\t\t\t}\n\t\t\t\t\t\t\t\t\t},\n\t\t\t\t\t\t\t\t\tbullets: {\n\t\t\t\t\t\t\t\t\t\tenable:true,\n\t\t\t\t\t\t\t\t\t\ttmp:\"\",\n\t\t\t\t\t\t\t\t\t\tstyle:\"hephaistos\",\n\t\t\t\t\t\t\t\t\t\thide_onleave:true,\n\t\t\t\t\t\t\t\t\t\th_offset:1\n\t\t\t\t\t\t\t\t\t}\n\t\t\t\t\t\t\t\t},\n\t\t\t\t\t\t\t\tfallbacks: {\n\t\t\t\t\t\t\t\t\tallowHTML5AutoPlayOnAndroid:true\n\t\t\t\t\t\t\t\t},\n\t\t\t\t\t\t\t});\n\t\t\t\t\t\t}\n\t\t\t\t\t\t\n\t\t\t\t\t});\n\t\t\t\t<\/script>\n\t\t\t\t<script>\n\t\t\t\t\tvar htmlDivCss = unescape(\"%23rev_slider_4_1_wrapper%20.hesperiden.tparrows%20%7B%0A%09cursor%3Apointer%3B%0A%09background%3Argba%280%2C0%2C0%2C0.5%29%3B%0A%09width%3A40px%3B%0A%09height%3A40px%3B%0A%09position%3Aabsolute%3B%0A%09display%3Ablock%3B%0A%09z-index%3A1000%3B%0A%20%20%20%20border-radius%3A%2050%25%3B%0A%7D%0A%23rev_slider_4_1_wrapper%20.hesperiden.tparrows%3Ahover%20%7B%0A%09background%3A%23000000%3B%0A%7D%0A%23rev_slider_4_1_wrapper%20.hesperiden.tparrows%3Abefore%20%7B%0A%09font-family%3A%20%27revicons%27%3B%0A%09font-size%3A20px%3B%0A%09color%3A%23ffffff%3B%0A%09display%3Ablock%3B%0A%09line-height%3A%2040px%3B%0A%09text-align%3A%20center%3B%0A%7D%0A%23rev_slider_4_1_wrapper%20.hesperiden.tparrows.tp-leftarrow%3Abefore%20%7B%0A%09content%3A%20%27%5Ce82c%27%3B%0A%20%20%20%20margin-left%3A-3px%3B%0A%7D%0A%23rev_slider_4_1_wrapper%20.hesperiden.tparrows.tp-rightarrow%3Abefore%20%7B%0A%09content%3A%20%27%5Ce82d%27%3B%0A%20%20%20%20margin-right%3A-3px%3B%0A%7D%0A%23rev_slider_4_1_wrapper%20.hephaistos%20.tp-bullet%20%7B%0A%09width%3A12px%3B%0A%09height%3A12px%3B%0A%09position%3Aabsolute%3B%0A%09background%3A%23c7c7cc%3B%0A%09border%3A3px%20solid%20rgba%28255%2C255%2C255%2C0.9%29%3B%0A%09border-radius%3A50%25%3B%0A%09cursor%3A%20pointer%3B%0A%09box-sizing%3Acontent-box%3B%0A%20%20%20%20box-shadow%3A%200px%200px%202px%201px%20rgba%28130%2C130%2C130%2C%200.3%29%3B%0A%7D%0A%23rev_slider_4_1_wrapper%20.hephaistos%20.tp-bullet%3Ahover%2C%0A%23rev_slider_4_1_wrapper%20.hephaistos%20.tp-bullet.selected%20%7B%0A%09background%3A%23ffffff%3B%0A%20%20%20%20border-color%3A%23007aff%3B%0A%7D%0A\");\n\t\t\t\t\tvar htmlDiv = document.getElementById('rs-plugin-settings-inline-css');\n\t\t\t\t\tif(htmlDiv) {\n\t\t\t\t\t\thtmlDiv.innerHTML = htmlDiv.innerHTML + htmlDivCss;\n\t\t\t\t\t}else{\n\t\t\t\t\t\tvar htmlDiv = document.createElement('div');\n\t\t\t\t\t\thtmlDiv.innerHTML = '<style>' + htmlDivCss + '<\/style>';\n\t\t\t\t\t\tdocument.getElementsByTagName('head')[0].appendChild(htmlDiv.childNodes[0]);\n\t\t\t\t\t}\n\t\t\t\t<\/script>\n\t\t\t\t<script>\n\t\t\t\t\tvar htmlDivCss = unescape(\"%0A%0A%0A%0A%0A%0A%0A%0A%0A%0A%0A%0A%0A%0A%0A%0A%0A%0A%0A%0A%0A%0A\");\n\t\t\t\t\tvar htmlDiv = document.getElementById('rs-plugin-settings-inline-css');\n\t\t\t\t\tif(htmlDiv) {\n\t\t\t\t\t\thtmlDiv.innerHTML = htmlDiv.innerHTML + htmlDivCss;\n\t\t\t\t\t}else{\n\t\t\t\t\t\tvar htmlDiv = document.createElement('div');\n\t\t\t\t\t\thtmlDiv.innerHTML = '<style>' + htmlDivCss + '<\/style>';\n\t\t\t\t\t\tdocument.getElementsByTagName('head')[0].appendChild(htmlDiv.childNodes[0]);\n\t\t\t\t\t}\n\t\t\t\t<\/script>\n\t\t\t<\/rs-module-wrap>\n\t\t\t<!-- END REVOLUTION SLIDER -->\n<\/div>\n\t\t\t\t<\/div>\n\t\t\t\t<\/div>\n\t\t\t\t\t\t<\/div>\n\t\t\t\t\t<\/div>\n\t\t<\/div>\n\t\t\t\t\t\t\t\t<\/div>\n\t\t\t\t\t<\/div>\n\t\t<\/section>\n\t\t\t\t\t\t<\/div>\n\t\t\t\t\t<\/div>\n\t\t<\/div>\n\t\t\t\t\t\t\t\t<\/div>\n\t\t\t\t\t<\/div>\n\t\t<\/section>\n\t\t\t\t<section class=\"elementor-section elementor-top-section elementor-element elementor-element-6dc6491 elementor-section-boxed elementor-section-height-default elementor-section-height-default\" data-id=\"6dc6491\" data-element_type=\"section\" data-settings=\"{&quot;background_background&quot;:&quot;classic&quot;}\">\n\t\t\t\t\t\t<div class=\"elementor-container elementor-column-gap-default\">\n\t\t\t\t\t\t\t<div class=\"elementor-row\">\n\t\t\t\t\t<div class=\"elementor-column elementor-col-100 elementor-top-column elementor-element elementor-element-43f6bc7\" data-id=\"43f6bc7\" data-element_type=\"column\">\n\t\t\t<div class=\"elementor-column-wrap elementor-element-populated\">\n\t\t\t\t\t\t\t<div class=\"elementor-widget-wrap\">\n\t\t\t\t\t\t<div class=\"elementor-element elementor-element-e017b99 elementor-widget elementor-widget-heading\" data-id=\"e017b99\" data-element_type=\"widget\" data-widget_type=\"heading.default\">\n\t\t\t\t<div class=\"elementor-widget-container\">\n\t\t\t<h2 class=\"elementor-heading-title elementor-size-default\">\u00daltimos Artigos <\/h2>\t\t<\/div>\n\t\t\t\t<\/div>\n\t\t\t\t<div class=\"elementor-element elementor-element-2cfee55 elementor-grid-1 elementor-posts--thumbnail-left elementor-hidden-tablet elementor-hidden-phone elementor-grid-tablet-2 elementor-grid-mobile-1 elementor-widget elementor-widget-posts\" data-id=\"2cfee55\" data-element_type=\"widget\" data-settings=\"{&quot;classic_columns&quot;:&quot;1&quot;,&quot;classic_row_gap&quot;:{&quot;unit&quot;:&quot;px&quot;,&quot;size&quot;:11,&quot;sizes&quot;:[]},&quot;classic_columns_tablet&quot;:&quot;2&quot;,&quot;classic_columns_mobile&quot;:&quot;1&quot;}\" data-widget_type=\"posts.classic\">\n\t\t\t\t<div class=\"elementor-widget-container\">\n\t\t\t\t\t<div class=\"elementor-posts-container elementor-posts elementor-posts--skin-classic elementor-grid\">\n\t\t\t\t<article class=\"elementor-post elementor-grid-item post-76403 post type-post status-publish format-standard has-post-thumbnail hentry category-santo-do-dia category-sao-jose tag-1-de-maio tag-dia-de-sao-jose-operario tag-dia-do-trabalho tag-guardiao-do-menino-jesus tag-sao-jose tag-sao-jose-carpinteiro wpbf-post\">\n\t\t\t\t<a class=\"elementor-post__thumbnail__link\" href=\"https:\/\/www.adf.org.br\/home\/sao-jose-operario-ensina-cada-ato-de-trabalho-pode-ser-dedicado-a-deus\/\" >\n\t\t\t<div class=\"elementor-post__thumbnail\"><img width=\"300\" height=\"199\" src=\"https:\/\/www.adf.org.br\/home\/wp-content\/uploads\/2024\/04\/sao-jose-operario-banner-300x199.jpg\" class=\"attachment-medium size-medium\" alt=\"\" loading=\"lazy\" srcset=\"https:\/\/www.adf.org.br\/home\/wp-content\/uploads\/2024\/04\/sao-jose-operario-banner-300x199.jpg 300w, https:\/\/www.adf.org.br\/home\/wp-content\/uploads\/2024\/04\/sao-jose-operario-banner.jpg 600w\" sizes=\"(max-width: 300px) 100vw, 300px\" \/><\/div>\n\t\t<\/a>\n\t\t\t\t<div class=\"elementor-post__text\">\n\t\t\t\t<h3 class=\"elementor-post__title\">\n\t\t\t<a href=\"https:\/\/www.adf.org.br\/home\/sao-jose-operario-ensina-cada-ato-de-trabalho-pode-ser-dedicado-a-deus\/\" >\n\t\t\t\tS\u00e3o Jos\u00e9 Oper\u00e1rio ensina: Cada ato de trabalho pode ser dedicado a Deus\t\t\t<\/a>\n\t\t<\/h3>\n\t\t\t\t<div class=\"elementor-post__meta-data\">\n\t\t\t\t\t<span class=\"elementor-post-date\">\n\t\t\t1 de maio de 2026\t\t<\/span>\n\t\t\t\t<span class=\"elementor-post-avatar\">\n\t\t\tNenhum coment\u00e1rio\t\t<\/span>\n\t\t\t\t<\/div>\n\t\t\t\t<div class=\"elementor-post__excerpt\">\n\t\t\t<p>Neste 1\u00ba de maio, celebramos honradamente o Dia de S\u00e3o Jos\u00e9 Oper\u00e1rio. Esta \u00e9 uma data significativa para todos os cat\u00f3licos, inclusive para a devo\u00e7\u00e3o<\/p>\n\t\t<\/div>\n\t\t\t\t\t<a class=\"elementor-post__read-more\" href=\"https:\/\/www.adf.org.br\/home\/sao-jose-operario-ensina-cada-ato-de-trabalho-pode-ser-dedicado-a-deus\/\" >\n\t\t\t\tLeia a mat\u00e9ria completa \u00bb\t\t\t<\/a>\n\t\t\t\t<\/div>\n\t\t\t\t<\/article>\n\t\t\t\t<article class=\"elementor-post elementor-grid-item post-76388 post type-post status-publish format-standard has-post-thumbnail hentry category-santo-do-dia tag-nossa-senhora-de-fatima tag-sao-luis-maria tag-sao-luis-maria-grignion-de-montfort tag-tratado-da-verdadeira-devocao-a-santissima-virgem tag-virgem-maria wpbf-post\">\n\t\t\t\t<a class=\"elementor-post__thumbnail__link\" href=\"https:\/\/www.adf.org.br\/home\/hoje-celebramos-a-memoria-de-sao-luis-maria-grignion-de-montfort\/\" >\n\t\t\t<div class=\"elementor-post__thumbnail\"><img width=\"300\" height=\"169\" src=\"https:\/\/www.adf.org.br\/home\/wp-content\/uploads\/2024\/01\/sao-luis-de-montfort--300x169.jpg\" class=\"attachment-medium size-medium\" alt=\"Lu\u00eds Maria Grignion de Montfort, grande devoto de Nossa Senhora de F\u00e1tima\" loading=\"lazy\" srcset=\"https:\/\/www.adf.org.br\/home\/wp-content\/uploads\/2024\/01\/sao-luis-de-montfort--300x169.jpg 300w, https:\/\/www.adf.org.br\/home\/wp-content\/uploads\/2024\/01\/sao-luis-de-montfort--1024x576.jpg 1024w, https:\/\/www.adf.org.br\/home\/wp-content\/uploads\/2024\/01\/sao-luis-de-montfort--768x432.jpg 768w, https:\/\/www.adf.org.br\/home\/wp-content\/uploads\/2024\/01\/sao-luis-de-montfort-.jpg 1280w\" sizes=\"(max-width: 300px) 100vw, 300px\" \/><\/div>\n\t\t<\/a>\n\t\t\t\t<div class=\"elementor-post__text\">\n\t\t\t\t<h3 class=\"elementor-post__title\">\n\t\t\t<a href=\"https:\/\/www.adf.org.br\/home\/hoje-celebramos-a-memoria-de-sao-luis-maria-grignion-de-montfort\/\" >\n\t\t\t\tHoje celebramos a mem\u00f3ria de S\u00e3o Lu\u00eds Maria Grignion de Montfort\t\t\t<\/a>\n\t\t<\/h3>\n\t\t\t\t<div class=\"elementor-post__meta-data\">\n\t\t\t\t\t<span class=\"elementor-post-date\">\n\t\t\t28 de abril de 2026\t\t<\/span>\n\t\t\t\t<span class=\"elementor-post-avatar\">\n\t\t\tNenhum coment\u00e1rio\t\t<\/span>\n\t\t\t\t<\/div>\n\t\t\t\t<div class=\"elementor-post__excerpt\">\n\t\t\t<p>&nbsp; Hoje \u00e9 dia de\u00a0S\u00e3o Lu\u00eds Maria Grignion de Montfort, sacerdote franc\u00eas amplamente reconhecido por sua profunda devo\u00e7\u00e3o \u00e0 Virgem Maria. S\u00e3o Lu\u00eds Maria estabeleceu<\/p>\n\t\t<\/div>\n\t\t\t\t\t<a class=\"elementor-post__read-more\" href=\"https:\/\/www.adf.org.br\/home\/hoje-celebramos-a-memoria-de-sao-luis-maria-grignion-de-montfort\/\" >\n\t\t\t\tLeia a mat\u00e9ria completa \u00bb\t\t\t<\/a>\n\t\t\t\t<\/div>\n\t\t\t\t<\/article>\n\t\t\t\t<article class=\"elementor-post elementor-grid-item post-72463 post type-post status-publish format-standard has-post-thumbnail hentry category-boletim category-santo-do-dia tag-dia-de-santo-expedito tag-padroeiro-das-causas-urgentes tag-santo-do-dia-19-04 tag-santo-expedito tag-santo-expedito-padroeiro-causas-urgentes wpbf-post\">\n\t\t\t\t<a class=\"elementor-post__thumbnail__link\" href=\"https:\/\/www.adf.org.br\/home\/dia-de-santo-expedito-por-que-ele-e-padroeiro-das-causas-urgentes-descubra\/\" >\n\t\t\t<div class=\"elementor-post__thumbnail\"><img width=\"300\" height=\"188\" src=\"https:\/\/www.adf.org.br\/home\/wp-content\/uploads\/2022\/04\/santo-expedito-1-300x188.webp\" class=\"attachment-medium size-medium\" alt=\"Dia de Santo Expedito\" loading=\"lazy\" srcset=\"https:\/\/www.adf.org.br\/home\/wp-content\/uploads\/2022\/04\/santo-expedito-1-300x188.webp 300w, https:\/\/www.adf.org.br\/home\/wp-content\/uploads\/2022\/04\/santo-expedito-1.webp 640w\" sizes=\"(max-width: 300px) 100vw, 300px\" \/><\/div>\n\t\t<\/a>\n\t\t\t\t<div class=\"elementor-post__text\">\n\t\t\t\t<h3 class=\"elementor-post__title\">\n\t\t\t<a href=\"https:\/\/www.adf.org.br\/home\/dia-de-santo-expedito-por-que-ele-e-padroeiro-das-causas-urgentes-descubra\/\" >\n\t\t\t\tDia de Santo Expedito: Por que ele \u00e9 padroeiro das Causas Urgentes? Descubra\t\t\t<\/a>\n\t\t<\/h3>\n\t\t\t\t<div class=\"elementor-post__meta-data\">\n\t\t\t\t\t<span class=\"elementor-post-date\">\n\t\t\t19 de abril de 2026\t\t<\/span>\n\t\t\t\t<span class=\"elementor-post-avatar\">\n\t\t\t1 coment\u00e1rio\t\t<\/span>\n\t\t\t\t<\/div>\n\t\t\t\t<div class=\"elementor-post__excerpt\">\n\t\t\t<p>Dia de Santo Expedito: Por que ele \u00e9 padroeiro das Causas Urgentes? Descubra &nbsp; Comandante da legi\u00e3o romana e m\u00e1rtir da\u00a0Igreja\u00a0do s\u00e9culo IV,\u00a0Santo Expedito,\u00a0cuja festa<\/p>\n\t\t<\/div>\n\t\t\t\t\t<a class=\"elementor-post__read-more\" href=\"https:\/\/www.adf.org.br\/home\/dia-de-santo-expedito-por-que-ele-e-padroeiro-das-causas-urgentes-descubra\/\" >\n\t\t\t\tLeia a mat\u00e9ria completa \u00bb\t\t\t<\/a>\n\t\t\t\t<\/div>\n\t\t\t\t<\/article>\n\t\t\t\t<article class=\"elementor-post elementor-grid-item post-72426 post type-post status-publish format-standard has-post-thumbnail hentry category-boletim tag-divina-misericordia tag-festa-da-divina-misericordia tag-mae-de-misericordia tag-maria tag-misericordia-maria tag-nossa-senhora-misericordia tag-virgem-maria wpbf-post\">\n\t\t\t\t<a class=\"elementor-post__thumbnail__link\" href=\"https:\/\/www.adf.org.br\/home\/divina-misericordia-maria-a-que-mais-conhece-o-misterio-dessa-devocao\/\" >\n\t\t\t<div class=\"elementor-post__thumbnail\"><img width=\"300\" height=\"163\" src=\"https:\/\/www.adf.org.br\/home\/wp-content\/uploads\/2023\/04\/Festa-da-Divina-Misericordia-300x163.png\" class=\"attachment-medium size-medium\" alt=\"Festa da Divina Miseric\u00f3rdia\" loading=\"lazy\" srcset=\"https:\/\/www.adf.org.br\/home\/wp-content\/uploads\/2023\/04\/Festa-da-Divina-Misericordia-300x163.png 300w, https:\/\/www.adf.org.br\/home\/wp-content\/uploads\/2023\/04\/Festa-da-Divina-Misericordia-1024x555.png 1024w, https:\/\/www.adf.org.br\/home\/wp-content\/uploads\/2023\/04\/Festa-da-Divina-Misericordia-768x416.png 768w, https:\/\/www.adf.org.br\/home\/wp-content\/uploads\/2023\/04\/Festa-da-Divina-Misericordia.png 1200w\" sizes=\"(max-width: 300px) 100vw, 300px\" \/><\/div>\n\t\t<\/a>\n\t\t\t\t<div class=\"elementor-post__text\">\n\t\t\t\t<h3 class=\"elementor-post__title\">\n\t\t\t<a href=\"https:\/\/www.adf.org.br\/home\/divina-misericordia-maria-a-que-mais-conhece-o-misterio-dessa-devocao\/\" >\n\t\t\t\tDivina Miseric\u00f3rdia: Maria, a que mais conhece o mist\u00e9rio dessa devo\u00e7\u00e3o\t\t\t<\/a>\n\t\t<\/h3>\n\t\t\t\t<div class=\"elementor-post__meta-data\">\n\t\t\t\t\t<span class=\"elementor-post-date\">\n\t\t\t12 de abril de 2026\t\t<\/span>\n\t\t\t\t<span class=\"elementor-post-avatar\">\n\t\t\tNenhum coment\u00e1rio\t\t<\/span>\n\t\t\t\t<\/div>\n\t\t\t\t<div class=\"elementor-post__excerpt\">\n\t\t\t<p>Hoje, segundo Domingo de P\u00e1scoa, a Santa Igreja comemora a\u00a0Festa da Divina Miseric\u00f3rdia. A devo\u00e7\u00e3o tem origem nas revela\u00e7\u00f5es particulares a Santa Faustina, religiosa polonesa<\/p>\n\t\t<\/div>\n\t\t\t\t\t<a class=\"elementor-post__read-more\" href=\"https:\/\/www.adf.org.br\/home\/divina-misericordia-maria-a-que-mais-conhece-o-misterio-dessa-devocao\/\" >\n\t\t\t\tLeia a mat\u00e9ria completa \u00bb\t\t\t<\/a>\n\t\t\t\t<\/div>\n\t\t\t\t<\/article>\n\t\t\t\t<\/div>\n\t\t\t\t<\/div>\n\t\t\t\t<\/div>\n\t\t\t\t<div class=\"elementor-element elementor-element-405a98a elementor-grid-1 elementor-hidden-desktop elementor-grid-tablet-2 elementor-grid-mobile-1 elementor-posts--thumbnail-top elementor-widget elementor-widget-posts\" data-id=\"405a98a\" data-element_type=\"widget\" data-settings=\"{&quot;classic_columns&quot;:&quot;1&quot;,&quot;classic_row_gap&quot;:{&quot;unit&quot;:&quot;px&quot;,&quot;size&quot;:9,&quot;sizes&quot;:[]},&quot;classic_columns_tablet&quot;:&quot;2&quot;,&quot;classic_columns_mobile&quot;:&quot;1&quot;}\" data-widget_type=\"posts.classic\">\n\t\t\t\t<div class=\"elementor-widget-container\">\n\t\t\t\t\t<div class=\"elementor-posts-container elementor-posts elementor-posts--skin-classic elementor-grid\">\n\t\t\t\t<article class=\"elementor-post elementor-grid-item post-76403 post type-post status-publish format-standard has-post-thumbnail hentry category-santo-do-dia category-sao-jose tag-1-de-maio tag-dia-de-sao-jose-operario tag-dia-do-trabalho tag-guardiao-do-menino-jesus tag-sao-jose tag-sao-jose-carpinteiro wpbf-post\">\n\t\t\t\t<a class=\"elementor-post__thumbnail__link\" href=\"https:\/\/www.adf.org.br\/home\/sao-jose-operario-ensina-cada-ato-de-trabalho-pode-ser-dedicado-a-deus\/\" >\n\t\t\t<div class=\"elementor-post__thumbnail\"><img width=\"300\" height=\"199\" src=\"https:\/\/www.adf.org.br\/home\/wp-content\/uploads\/2024\/04\/sao-jose-operario-banner-300x199.jpg\" class=\"attachment-medium size-medium\" alt=\"\" loading=\"lazy\" srcset=\"https:\/\/www.adf.org.br\/home\/wp-content\/uploads\/2024\/04\/sao-jose-operario-banner-300x199.jpg 300w, https:\/\/www.adf.org.br\/home\/wp-content\/uploads\/2024\/04\/sao-jose-operario-banner.jpg 600w\" sizes=\"(max-width: 300px) 100vw, 300px\" \/><\/div>\n\t\t<\/a>\n\t\t\t\t<div class=\"elementor-post__text\">\n\t\t\t\t<h3 class=\"elementor-post__title\">\n\t\t\t<a href=\"https:\/\/www.adf.org.br\/home\/sao-jose-operario-ensina-cada-ato-de-trabalho-pode-ser-dedicado-a-deus\/\" >\n\t\t\t\tS\u00e3o Jos\u00e9 Oper\u00e1rio ensina: Cada ato de trabalho pode ser dedicado a Deus\t\t\t<\/a>\n\t\t<\/h3>\n\t\t\t\t<div class=\"elementor-post__meta-data\">\n\t\t\t\t\t<span class=\"elementor-post-date\">\n\t\t\t1 de maio de 2026\t\t<\/span>\n\t\t\t\t<span class=\"elementor-post-avatar\">\n\t\t\tNenhum coment\u00e1rio\t\t<\/span>\n\t\t\t\t<\/div>\n\t\t\t\t<div class=\"elementor-post__excerpt\">\n\t\t\t<p>Neste 1\u00ba de maio, celebramos honradamente o Dia de S\u00e3o Jos\u00e9 Oper\u00e1rio. Esta \u00e9 uma data significativa para todos os cat\u00f3licos, inclusive para a devo\u00e7\u00e3o<\/p>\n\t\t<\/div>\n\t\t\t\t\t<a class=\"elementor-post__read-more\" href=\"https:\/\/www.adf.org.br\/home\/sao-jose-operario-ensina-cada-ato-de-trabalho-pode-ser-dedicado-a-deus\/\" >\n\t\t\t\tLeia a mat\u00e9ria completa \u00bb\t\t\t<\/a>\n\t\t\t\t<\/div>\n\t\t\t\t<\/article>\n\t\t\t\t<article class=\"elementor-post elementor-grid-item post-76388 post type-post status-publish format-standard has-post-thumbnail hentry category-santo-do-dia tag-nossa-senhora-de-fatima tag-sao-luis-maria tag-sao-luis-maria-grignion-de-montfort tag-tratado-da-verdadeira-devocao-a-santissima-virgem tag-virgem-maria wpbf-post\">\n\t\t\t\t<a class=\"elementor-post__thumbnail__link\" href=\"https:\/\/www.adf.org.br\/home\/hoje-celebramos-a-memoria-de-sao-luis-maria-grignion-de-montfort\/\" >\n\t\t\t<div class=\"elementor-post__thumbnail\"><img width=\"300\" height=\"169\" src=\"https:\/\/www.adf.org.br\/home\/wp-content\/uploads\/2024\/01\/sao-luis-de-montfort--300x169.jpg\" class=\"attachment-medium size-medium\" alt=\"Lu\u00eds Maria Grignion de Montfort, grande devoto de Nossa Senhora de F\u00e1tima\" loading=\"lazy\" srcset=\"https:\/\/www.adf.org.br\/home\/wp-content\/uploads\/2024\/01\/sao-luis-de-montfort--300x169.jpg 300w, https:\/\/www.adf.org.br\/home\/wp-content\/uploads\/2024\/01\/sao-luis-de-montfort--1024x576.jpg 1024w, https:\/\/www.adf.org.br\/home\/wp-content\/uploads\/2024\/01\/sao-luis-de-montfort--768x432.jpg 768w, https:\/\/www.adf.org.br\/home\/wp-content\/uploads\/2024\/01\/sao-luis-de-montfort-.jpg 1280w\" sizes=\"(max-width: 300px) 100vw, 300px\" \/><\/div>\n\t\t<\/a>\n\t\t\t\t<div class=\"elementor-post__text\">\n\t\t\t\t<h3 class=\"elementor-post__title\">\n\t\t\t<a href=\"https:\/\/www.adf.org.br\/home\/hoje-celebramos-a-memoria-de-sao-luis-maria-grignion-de-montfort\/\" >\n\t\t\t\tHoje celebramos a mem\u00f3ria de S\u00e3o Lu\u00eds Maria Grignion de Montfort\t\t\t<\/a>\n\t\t<\/h3>\n\t\t\t\t<div class=\"elementor-post__meta-data\">\n\t\t\t\t\t<span class=\"elementor-post-date\">\n\t\t\t28 de abril de 2026\t\t<\/span>\n\t\t\t\t<span class=\"elementor-post-avatar\">\n\t\t\tNenhum coment\u00e1rio\t\t<\/span>\n\t\t\t\t<\/div>\n\t\t\t\t<div class=\"elementor-post__excerpt\">\n\t\t\t<p>&nbsp; Hoje \u00e9 dia de\u00a0S\u00e3o Lu\u00eds Maria Grignion de Montfort, sacerdote franc\u00eas amplamente reconhecido por sua profunda devo\u00e7\u00e3o \u00e0 Virgem Maria. S\u00e3o Lu\u00eds Maria estabeleceu<\/p>\n\t\t<\/div>\n\t\t\t\t\t<a class=\"elementor-post__read-more\" href=\"https:\/\/www.adf.org.br\/home\/hoje-celebramos-a-memoria-de-sao-luis-maria-grignion-de-montfort\/\" >\n\t\t\t\tLeia a mat\u00e9ria completa \u00bb\t\t\t<\/a>\n\t\t\t\t<\/div>\n\t\t\t\t<\/article>\n\t\t\t\t<article class=\"elementor-post elementor-grid-item post-72463 post type-post status-publish format-standard has-post-thumbnail hentry category-boletim category-santo-do-dia tag-dia-de-santo-expedito tag-padroeiro-das-causas-urgentes tag-santo-do-dia-19-04 tag-santo-expedito tag-santo-expedito-padroeiro-causas-urgentes wpbf-post\">\n\t\t\t\t<a class=\"elementor-post__thumbnail__link\" href=\"https:\/\/www.adf.org.br\/home\/dia-de-santo-expedito-por-que-ele-e-padroeiro-das-causas-urgentes-descubra\/\" >\n\t\t\t<div class=\"elementor-post__thumbnail\"><img width=\"300\" height=\"188\" src=\"https:\/\/www.adf.org.br\/home\/wp-content\/uploads\/2022\/04\/santo-expedito-1-300x188.webp\" class=\"attachment-medium size-medium\" alt=\"Dia de Santo Expedito\" loading=\"lazy\" srcset=\"https:\/\/www.adf.org.br\/home\/wp-content\/uploads\/2022\/04\/santo-expedito-1-300x188.webp 300w, https:\/\/www.adf.org.br\/home\/wp-content\/uploads\/2022\/04\/santo-expedito-1.webp 640w\" sizes=\"(max-width: 300px) 100vw, 300px\" \/><\/div>\n\t\t<\/a>\n\t\t\t\t<div class=\"elementor-post__text\">\n\t\t\t\t<h3 class=\"elementor-post__title\">\n\t\t\t<a href=\"https:\/\/www.adf.org.br\/home\/dia-de-santo-expedito-por-que-ele-e-padroeiro-das-causas-urgentes-descubra\/\" >\n\t\t\t\tDia de Santo Expedito: Por que ele \u00e9 padroeiro das Causas Urgentes? Descubra\t\t\t<\/a>\n\t\t<\/h3>\n\t\t\t\t<div class=\"elementor-post__meta-data\">\n\t\t\t\t\t<span class=\"elementor-post-date\">\n\t\t\t19 de abril de 2026\t\t<\/span>\n\t\t\t\t<span class=\"elementor-post-avatar\">\n\t\t\t1 coment\u00e1rio\t\t<\/span>\n\t\t\t\t<\/div>\n\t\t\t\t<div class=\"elementor-post__excerpt\">\n\t\t\t<p>Dia de Santo Expedito: Por que ele \u00e9 padroeiro das Causas Urgentes? Descubra &nbsp; Comandante da legi\u00e3o romana e m\u00e1rtir da\u00a0Igreja\u00a0do s\u00e9culo IV,\u00a0Santo Expedito,\u00a0cuja festa<\/p>\n\t\t<\/div>\n\t\t\t\t\t<a class=\"elementor-post__read-more\" href=\"https:\/\/www.adf.org.br\/home\/dia-de-santo-expedito-por-que-ele-e-padroeiro-das-causas-urgentes-descubra\/\" >\n\t\t\t\tLeia a mat\u00e9ria completa \u00bb\t\t\t<\/a>\n\t\t\t\t<\/div>\n\t\t\t\t<\/article>\n\t\t\t\t<\/div>\n\t\t\t\t<\/div>\n\t\t\t\t<\/div>\n\t\t\t\t<div class=\"elementor-element elementor-element-6769f32 elementor-widget elementor-widget-shortcode\" data-id=\"6769f32\" data-element_type=\"widget\" data-widget_type=\"shortcode.default\">\n\t\t\t\t<div class=\"elementor-widget-container\">\n\t\t\t\n\t\t<div class=\"elementor-shortcode\"><\/div>\n\t\t\t\t<\/div>\n\t\t\t\t<\/div>\n\t\t\t\t<div class=\"elementor-element elementor-element-03d8ead elementor-widget elementor-widget-button\" data-id=\"03d8ead\" data-element_type=\"widget\" data-widget_type=\"button.default\">\n\t\t\t\t<div class=\"elementor-widget-container\">\n\t\t\t\t\t<div class=\"elementor-button-wrapper\">\n\t\t\t<a href=\"https:\/\/adf.org.br\/home\/pagina-de-post\/\" class=\"elementor-button-link elementor-button elementor-size-sm\" role=\"button\">\n\t\t\t\t\t\t<span class=\"elementor-button-content-wrapper\">\n\t\t\t\t\t\t<span class=\"elementor-button-text\">Todos os Posts<\/span>\n\t\t<\/span>\n\t\t\t\t\t<\/a>\n\t\t<\/div>\n\t\t\t\t<\/div>\n\t\t\t\t<\/div>\n\t\t\t\t\t\t<\/div>\n\t\t\t\t\t<\/div>\n\t\t<\/div>\n\t\t\t\t\t\t\t\t<\/div>\n\t\t\t\t\t<\/div>\n\t\t<\/section>\n\t\t\t\t<section class=\"elementor-section elementor-top-section elementor-element elementor-element-8750e28 elementor-section-height-min-height elementor-section-content-middle elementor-hidden-desktop elementor-hidden-tablet elementor-hidden-phone elementor-section-boxed elementor-section-height-default elementor-section-items-middle\" data-id=\"8750e28\" data-element_type=\"section\" data-settings=\"{&quot;background_background&quot;:&quot;classic&quot;}\">\n\t\t\t\t\t\t\t<div class=\"elementor-background-overlay\"><\/div>\n\t\t\t\t\t\t\t<div class=\"elementor-container elementor-column-gap-default\">\n\t\t\t\t\t\t\t<div class=\"elementor-row\">\n\t\t\t\t\t<div class=\"elementor-column elementor-col-33 elementor-top-column elementor-element elementor-element-0e185f0\" data-id=\"0e185f0\" data-element_type=\"column\" data-settings=\"{&quot;background_background&quot;:&quot;classic&quot;}\">\n\t\t\t<div class=\"elementor-column-wrap elementor-element-populated\">\n\t\t\t\t\t\t\t<div class=\"elementor-widget-wrap\">\n\t\t\t\t\t\t<div class=\"elementor-element elementor-element-05c6127 elementor-widget elementor-widget-spacer\" data-id=\"05c6127\" data-element_type=\"widget\" data-widget_type=\"spacer.default\">\n\t\t\t\t<div class=\"elementor-widget-container\">\n\t\t\t\t\t<div class=\"elementor-spacer\">\n\t\t\t<div class=\"elementor-spacer-inner\"><\/div>\n\t\t<\/div>\n\t\t\t\t<\/div>\n\t\t\t\t<\/div>\n\t\t\t\t\t\t<\/div>\n\t\t\t\t\t<\/div>\n\t\t<\/div>\n\t\t\t\t<div class=\"elementor-column elementor-col-33 elementor-top-column elementor-element elementor-element-f6fae0f\" data-id=\"f6fae0f\" data-element_type=\"column\" data-settings=\"{&quot;background_background&quot;:&quot;classic&quot;}\">\n\t\t\t<div class=\"elementor-column-wrap elementor-element-populated\">\n\t\t\t\t\t\t\t<div class=\"elementor-widget-wrap\">\n\t\t\t\t\t\t<div class=\"elementor-element elementor-element-574fdcb elementor-widget elementor-widget-spacer\" data-id=\"574fdcb\" data-element_type=\"widget\" data-widget_type=\"spacer.default\">\n\t\t\t\t<div class=\"elementor-widget-container\">\n\t\t\t\t\t<div class=\"elementor-spacer\">\n\t\t\t<div class=\"elementor-spacer-inner\"><\/div>\n\t\t<\/div>\n\t\t\t\t<\/div>\n\t\t\t\t<\/div>\n\t\t\t\t<div class=\"elementor-element elementor-element-9082dbf elementor-widget elementor-widget-image\" data-id=\"9082dbf\" data-element_type=\"widget\" data-widget_type=\"image.default\">\n\t\t\t\t<div class=\"elementor-widget-container\">\n\t\t\t\t\t<div class=\"elementor-image\">\n\t\t\t\t\t\t\t\t\t\t<img src=\"https:\/\/www.adf.org.br\/home\/wp-content\/uploads\/elementor\/thumbs\/santuario_texto-qxmmxcyb125vtkcdpgmxhjzmwo6f5khoiby1d1euoq.png\" title=\"santuario_texto\" alt=\"santuario_texto\" \/>\t\t\t\t\t\t\t\t\t\t\t<\/div>\n\t\t\t\t<\/div>\n\t\t\t\t<\/div>\n\t\t\t\t<div class=\"elementor-element elementor-element-72ff75d elementor-widget elementor-widget-image\" data-id=\"72ff75d\" data-element_type=\"widget\" data-widget_type=\"image.default\">\n\t\t\t\t<div class=\"elementor-widget-container\">\n\t\t\t\t\t<div class=\"elementor-image\">\n\t\t\t\t\t\t\t\t\t\t\t<a href=\"https:\/\/www.adf.org.br\/vela-santuario-de-fatima\/?origem_id=30020#rosassantuariodefatima\">\n\t\t\t\t\t\t\t<img src=\"https:\/\/www.adf.org.br\/home\/wp-content\/uploads\/elementor\/thumbs\/santuario_botao-qxmmxdw401es63j8359s84z4w843es4zkjndnjtflu.png\" title=\"santuario_botao\" alt=\"santuario_botao\" \/>\t\t\t\t\t\t\t\t<\/a>\n\t\t\t\t\t\t\t\t\t\t\t<\/div>\n\t\t\t\t<\/div>\n\t\t\t\t<\/div>\n\t\t\t\t\t\t<\/div>\n\t\t\t\t\t<\/div>\n\t\t<\/div>\n\t\t\t\t<div class=\"elementor-column elementor-col-33 elementor-top-column elementor-element elementor-element-bede0a9\" data-id=\"bede0a9\" data-element_type=\"column\" data-settings=\"{&quot;background_background&quot;:&quot;classic&quot;}\">\n\t\t\t<div class=\"elementor-column-wrap elementor-element-populated\">\n\t\t\t\t\t\t\t<div class=\"elementor-widget-wrap\">\n\t\t\t\t\t\t<div class=\"elementor-element elementor-element-675e79c elementor-widget elementor-widget-spacer\" data-id=\"675e79c\" data-element_type=\"widget\" data-widget_type=\"spacer.default\">\n\t\t\t\t<div class=\"elementor-widget-container\">\n\t\t\t\t\t<div class=\"elementor-spacer\">\n\t\t\t<div class=\"elementor-spacer-inner\"><\/div>\n\t\t<\/div>\n\t\t\t\t<\/div>\n\t\t\t\t<\/div>\n\t\t\t\t<div class=\"elementor-element elementor-element-25bfe1d elementor-widget elementor-widget-spacer\" data-id=\"25bfe1d\" data-element_type=\"widget\" data-widget_type=\"spacer.default\">\n\t\t\t\t<div class=\"elementor-widget-container\">\n\t\t\t\t\t<div class=\"elementor-spacer\">\n\t\t\t<div class=\"elementor-spacer-inner\"><\/div>\n\t\t<\/div>\n\t\t\t\t<\/div>\n\t\t\t\t<\/div>\n\t\t\t\t\t\t<\/div>\n\t\t\t\t\t<\/div>\n\t\t<\/div>\n\t\t\t\t\t\t\t\t<\/div>\n\t\t\t\t\t<\/div>\n\t\t<\/section>\n\t\t\t\t<section class=\"elementor-section elementor-top-section elementor-element elementor-element-1aa16d3 elementor-section-height-min-height elementor-hidden-desktop elementor-hidden-tablet elementor-hidden-phone elementor-section-boxed elementor-section-height-default elementor-section-items-middle\" data-id=\"1aa16d3\" data-element_type=\"section\" id=\"vela\" data-settings=\"{&quot;background_background&quot;:&quot;classic&quot;}\">\n\t\t\t\t\t\t\t<div class=\"elementor-background-overlay\"><\/div>\n\t\t\t\t\t\t\t<div class=\"elementor-container elementor-column-gap-default\">\n\t\t\t\t\t\t\t<div class=\"elementor-row\">\n\t\t\t\t\t<div class=\"elementor-column elementor-col-50 elementor-top-column elementor-element elementor-element-2bf48a1\" data-id=\"2bf48a1\" data-element_type=\"column\" data-settings=\"{&quot;background_background&quot;:&quot;classic&quot;}\">\n\t\t\t<div class=\"elementor-column-wrap elementor-element-populated\">\n\t\t\t\t\t\t\t<div class=\"elementor-widget-wrap\">\n\t\t\t\t\t\t<div class=\"elementor-element elementor-element-40dfa9d elementor-widget elementor-widget-image\" data-id=\"40dfa9d\" data-element_type=\"widget\" data-widget_type=\"image.default\">\n\t\t\t\t<div class=\"elementor-widget-container\">\n\t\t\t\t\t<div class=\"elementor-image\">\n\t\t\t\t\t\t\t\t\t\t<img width=\"308\" height=\"536\" src=\"https:\/\/www.adf.org.br\/home\/wp-content\/uploads\/2022\/05\/DSC_0006-3.png\" class=\"attachment-full size-full\" alt=\"\" loading=\"lazy\" srcset=\"https:\/\/www.adf.org.br\/home\/wp-content\/uploads\/2022\/05\/DSC_0006-3.png 308w, https:\/\/www.adf.org.br\/home\/wp-content\/uploads\/2022\/05\/DSC_0006-3-172x300.png 172w\" sizes=\"(max-width: 308px) 100vw, 308px\" \/>\t\t\t\t\t\t\t\t\t\t\t<\/div>\n\t\t\t\t<\/div>\n\t\t\t\t<\/div>\n\t\t\t\t\t\t<\/div>\n\t\t\t\t\t<\/div>\n\t\t<\/div>\n\t\t\t\t<div class=\"elementor-column elementor-col-50 elementor-top-column elementor-element elementor-element-4d87eda\" data-id=\"4d87eda\" data-element_type=\"column\" data-settings=\"{&quot;background_background&quot;:&quot;classic&quot;}\">\n\t\t\t<div class=\"elementor-column-wrap elementor-element-populated\">\n\t\t\t\t\t\t\t<div class=\"elementor-widget-wrap\">\n\t\t\t\t\t\t<div class=\"elementor-element elementor-element-c973dc1 elementor-widget elementor-widget-spacer\" data-id=\"c973dc1\" data-element_type=\"widget\" data-widget_type=\"spacer.default\">\n\t\t\t\t<div class=\"elementor-widget-container\">\n\t\t\t\t\t<div class=\"elementor-spacer\">\n\t\t\t<div class=\"elementor-spacer-inner\"><\/div>\n\t\t<\/div>\n\t\t\t\t<\/div>\n\t\t\t\t<\/div>\n\t\t\t\t<div class=\"elementor-element elementor-element-15887bb elementor-widget elementor-widget-heading\" data-id=\"15887bb\" data-element_type=\"widget\" data-widget_type=\"heading.default\">\n\t\t\t\t<div class=\"elementor-widget-container\">\n\t\t\t<h2 class=\"elementor-heading-title elementor-size-default\">MISSA DE NOSSA<br> SENHORA\n DE F\u00c1TIMA<\/h2>\t\t<\/div>\n\t\t\t\t<\/div>\n\t\t\t\t<div class=\"elementor-element elementor-element-2e9dd29 elementor-widget elementor-widget-image\" data-id=\"2e9dd29\" data-element_type=\"widget\" data-widget_type=\"image.default\">\n\t\t\t\t<div class=\"elementor-widget-container\">\n\t\t\t\t\t<div class=\"elementor-image\">\n\t\t\t\t\t\t\t\t\t\t\t<a href=\"https:\/\/adf.org.br\/velario\/fatima?origem=23508\" target=\"_blank\">\n\t\t\t\t\t\t\t<img width=\"700\" height=\"200\" src=\"https:\/\/www.adf.org.br\/home\/wp-content\/uploads\/2022\/05\/botao.png\" class=\"attachment-medium_large size-medium_large\" alt=\"\" loading=\"lazy\" srcset=\"https:\/\/www.adf.org.br\/home\/wp-content\/uploads\/2022\/05\/botao.png 700w, https:\/\/www.adf.org.br\/home\/wp-content\/uploads\/2022\/05\/botao-300x86.png 300w\" sizes=\"(max-width: 700px) 100vw, 700px\" \/>\t\t\t\t\t\t\t\t<\/a>\n\t\t\t\t\t\t\t\t\t\t\t<\/div>\n\t\t\t\t<\/div>\n\t\t\t\t<\/div>\n\t\t\t\t<div class=\"elementor-element elementor-element-5160364 elementor-widget elementor-widget-heading\" data-id=\"5160364\" data-element_type=\"widget\" data-widget_type=\"heading.default\">\n\t\t\t\t<div class=\"elementor-widget-container\">\n\t\t\t<h2 class=\"elementor-heading-title elementor-size-default\">exclusiva e inclua seus<br>\n pedidos nessa celebra\u00e7\u00e3o\n<\/h2>\t\t<\/div>\n\t\t\t\t<\/div>\n\t\t\t\t<section class=\"elementor-section elementor-inner-section elementor-element elementor-element-2d880d7 elementor-section-boxed elementor-section-height-default elementor-section-height-default\" data-id=\"2d880d7\" data-element_type=\"section\" data-settings=\"{&quot;background_background&quot;:&quot;classic&quot;}\">\n\t\t\t\t\t\t<div class=\"elementor-container elementor-column-gap-default\">\n\t\t\t\t\t\t\t<div class=\"elementor-row\">\n\t\t\t\t\t<div class=\"elementor-column elementor-col-100 elementor-inner-column elementor-element elementor-element-ed6bbcb\" data-id=\"ed6bbcb\" data-element_type=\"column\">\n\t\t\t<div class=\"elementor-column-wrap\">\n\t\t\t\t\t\t\t<div class=\"elementor-widget-wrap\">\n\t\t\t\t\t\t\t\t<\/div>\n\t\t\t\t\t<\/div>\n\t\t<\/div>\n\t\t\t\t\t\t\t\t<\/div>\n\t\t\t\t\t<\/div>\n\t\t<\/section>\n\t\t\t\t\t\t<\/div>\n\t\t\t\t\t<\/div>\n\t\t<\/div>\n\t\t\t\t\t\t\t\t<\/div>\n\t\t\t\t\t<\/div>\n\t\t<\/section>\n\t\t\t\t<section class=\"elementor-section elementor-top-section elementor-element elementor-element-f47f6b6 elementor-section-height-min-height elementor-hidden-desktop elementor-hidden-tablet elementor-hidden-phone elementor-section-boxed elementor-section-height-default elementor-section-items-middle\" data-id=\"f47f6b6\" data-element_type=\"section\" data-settings=\"{&quot;background_background&quot;:&quot;classic&quot;}\">\n\t\t\t\t\t\t\t<div class=\"elementor-background-overlay\"><\/div>\n\t\t\t\t\t\t\t<div class=\"elementor-container elementor-column-gap-default\">\n\t\t\t\t\t\t\t<div class=\"elementor-row\">\n\t\t\t\t\t<div class=\"elementor-column elementor-col-50 elementor-top-column elementor-element elementor-element-3d6bfa3\" data-id=\"3d6bfa3\" data-element_type=\"column\" data-settings=\"{&quot;background_background&quot;:&quot;classic&quot;}\">\n\t\t\t<div class=\"elementor-column-wrap elementor-element-populated\">\n\t\t\t\t\t\t\t<div class=\"elementor-widget-wrap\">\n\t\t\t\t\t\t<div class=\"elementor-element elementor-element-bd6da32 elementor-widget elementor-widget-spacer\" data-id=\"bd6da32\" data-element_type=\"widget\" data-widget_type=\"spacer.default\">\n\t\t\t\t<div class=\"elementor-widget-container\">\n\t\t\t\t\t<div class=\"elementor-spacer\">\n\t\t\t<div class=\"elementor-spacer-inner\"><\/div>\n\t\t<\/div>\n\t\t\t\t<\/div>\n\t\t\t\t<\/div>\n\t\t\t\t<div class=\"elementor-element elementor-element-7b9250e elementor-widget elementor-widget-image\" data-id=\"7b9250e\" data-element_type=\"widget\" data-widget_type=\"image.default\">\n\t\t\t\t<div class=\"elementor-widget-container\">\n\t\t\t\t\t<div class=\"elementor-image\">\n\t\t\t\t\t\t\t\t\t\t\t<a href=\"https:\/\/adf.org.br\/velario\/gracas?origem=28850\" target=\"_blank\">\n\t\t\t\t\t\t\t<img width=\"611\" height=\"422\" src=\"https:\/\/www.adf.org.br\/home\/wp-content\/uploads\/2023\/11\/Prancheta-3.png\" class=\"attachment-large size-large\" alt=\"\" loading=\"lazy\" srcset=\"https:\/\/www.adf.org.br\/home\/wp-content\/uploads\/2023\/11\/Prancheta-3.png 611w, https:\/\/www.adf.org.br\/home\/wp-content\/uploads\/2023\/11\/Prancheta-3-300x207.png 300w\" sizes=\"(max-width: 611px) 100vw, 611px\" \/>\t\t\t\t\t\t\t\t<\/a>\n\t\t\t\t\t\t\t\t\t\t\t<\/div>\n\t\t\t\t<\/div>\n\t\t\t\t<\/div>\n\t\t\t\t\t\t<\/div>\n\t\t\t\t\t<\/div>\n\t\t<\/div>\n\t\t\t\t<div class=\"elementor-column elementor-col-50 elementor-top-column elementor-element elementor-element-33477b8\" data-id=\"33477b8\" data-element_type=\"column\" data-settings=\"{&quot;background_background&quot;:&quot;classic&quot;}\">\n\t\t\t<div class=\"elementor-column-wrap elementor-element-populated\">\n\t\t\t\t\t\t\t<div class=\"elementor-widget-wrap\">\n\t\t\t\t\t\t<div class=\"elementor-element elementor-element-dbdf52f elementor-widget elementor-widget-spacer\" data-id=\"dbdf52f\" data-element_type=\"widget\" data-widget_type=\"spacer.default\">\n\t\t\t\t<div class=\"elementor-widget-container\">\n\t\t\t\t\t<div class=\"elementor-spacer\">\n\t\t\t<div class=\"elementor-spacer-inner\"><\/div>\n\t\t<\/div>\n\t\t\t\t<\/div>\n\t\t\t\t<\/div>\n\t\t\t\t<div class=\"elementor-element elementor-element-948e7d9 elementor-hidden-phone elementor-widget elementor-widget-image\" data-id=\"948e7d9\" data-element_type=\"widget\" data-widget_type=\"image.default\">\n\t\t\t\t<div class=\"elementor-widget-container\">\n\t\t\t\t\t<div class=\"elementor-image\">\n\t\t\t\t\t\t\t\t\t\t<img width=\"323\" height=\"415\" src=\"https:\/\/www.adf.org.br\/home\/wp-content\/uploads\/2023\/11\/Prancheta-2-3.png\" class=\"attachment-full size-full\" alt=\"\" loading=\"lazy\" srcset=\"https:\/\/www.adf.org.br\/home\/wp-content\/uploads\/2023\/11\/Prancheta-2-3.png 323w, https:\/\/www.adf.org.br\/home\/wp-content\/uploads\/2023\/11\/Prancheta-2-3-233x300.png 233w\" sizes=\"(max-width: 323px) 100vw, 323px\" \/>\t\t\t\t\t\t\t\t\t\t\t<\/div>\n\t\t\t\t<\/div>\n\t\t\t\t<\/div>\n\t\t\t\t\t\t<\/div>\n\t\t\t\t\t<\/div>\n\t\t<\/div>\n\t\t\t\t\t\t\t\t<\/div>\n\t\t\t\t\t<\/div>\n\t\t<\/section>\n\t\t\t\t<section class=\"elementor-section elementor-top-section elementor-element elementor-element-af6b372 elementor-section-full_width elementor-hidden-desktop elementor-hidden-tablet elementor-hidden-phone elementor-section-height-default elementor-section-height-default\" data-id=\"af6b372\" data-element_type=\"section\" data-settings=\"{&quot;background_background&quot;:&quot;classic&quot;}\">\n\t\t\t\t\t\t<div class=\"elementor-container elementor-column-gap-default\">\n\t\t\t\t\t\t\t<div class=\"elementor-row\">\n\t\t\t\t\t<div class=\"elementor-column elementor-col-50 elementor-top-column elementor-element elementor-element-e0ab593\" data-id=\"e0ab593\" data-element_type=\"column\">\n\t\t\t<div class=\"elementor-column-wrap elementor-element-populated\">\n\t\t\t\t\t\t\t<div class=\"elementor-widget-wrap\">\n\t\t\t\t\t\t<div class=\"elementor-element elementor-element-c938382 elementor-widget elementor-widget-image\" data-id=\"c938382\" data-element_type=\"widget\" data-widget_type=\"image.default\">\n\t\t\t\t<div class=\"elementor-widget-container\">\n\t\t\t\t\t<div class=\"elementor-image\">\n\t\t\t\t\t\t\t\t\t\t<img width=\"812\" height=\"657\" src=\"https:\/\/www.adf.org.br\/home\/wp-content\/uploads\/2022\/10\/Prancheta-2-3.png\" class=\"attachment-large size-large\" alt=\"\" loading=\"lazy\" srcset=\"https:\/\/www.adf.org.br\/home\/wp-content\/uploads\/2022\/10\/Prancheta-2-3.png 812w, https:\/\/www.adf.org.br\/home\/wp-content\/uploads\/2022\/10\/Prancheta-2-3-300x243.png 300w, https:\/\/www.adf.org.br\/home\/wp-content\/uploads\/2022\/10\/Prancheta-2-3-768x621.png 768w\" sizes=\"(max-width: 812px) 100vw, 812px\" \/>\t\t\t\t\t\t\t\t\t\t\t<\/div>\n\t\t\t\t<\/div>\n\t\t\t\t<\/div>\n\t\t\t\t\t\t<\/div>\n\t\t\t\t\t<\/div>\n\t\t<\/div>\n\t\t\t\t<div class=\"elementor-column elementor-col-50 elementor-top-column elementor-element elementor-element-23a20cc\" data-id=\"23a20cc\" data-element_type=\"column\">\n\t\t\t<div class=\"elementor-column-wrap elementor-element-populated\">\n\t\t\t\t\t\t\t<div class=\"elementor-widget-wrap\">\n\t\t\t\t\t\t<div class=\"elementor-element elementor-element-f8df6f9 elementor-widget elementor-widget-spacer\" data-id=\"f8df6f9\" data-element_type=\"widget\" data-widget_type=\"spacer.default\">\n\t\t\t\t<div class=\"elementor-widget-container\">\n\t\t\t\t\t<div class=\"elementor-spacer\">\n\t\t\t<div class=\"elementor-spacer-inner\"><\/div>\n\t\t<\/div>\n\t\t\t\t<\/div>\n\t\t\t\t<\/div>\n\t\t\t\t<div class=\"elementor-element elementor-element-c8a493a elementor-widget elementor-widget-image\" data-id=\"c8a493a\" data-element_type=\"widget\" data-widget_type=\"image.default\">\n\t\t\t\t<div class=\"elementor-widget-container\">\n\t\t\t\t\t<div class=\"elementor-image\">\n\t\t\t\t\t\t\t\t\t\t<img width=\"605\" height=\"258\" src=\"https:\/\/www.adf.org.br\/home\/wp-content\/uploads\/2022\/10\/nome2-1.png\" class=\"attachment-large size-large\" alt=\"\" loading=\"lazy\" srcset=\"https:\/\/www.adf.org.br\/home\/wp-content\/uploads\/2022\/10\/nome2-1.png 605w, https:\/\/www.adf.org.br\/home\/wp-content\/uploads\/2022\/10\/nome2-1-300x128.png 300w\" sizes=\"(max-width: 605px) 100vw, 605px\" \/>\t\t\t\t\t\t\t\t\t\t\t<\/div>\n\t\t\t\t<\/div>\n\t\t\t\t<\/div>\n\t\t\t\t<div class=\"elementor-element elementor-element-8b4adf2 elementor-invisible elementor-widget elementor-widget-image\" data-id=\"8b4adf2\" data-element_type=\"widget\" data-settings=\"{&quot;_animation&quot;:&quot;pulse&quot;,&quot;_animation_delay&quot;:300}\" data-widget_type=\"image.default\">\n\t\t\t\t<div class=\"elementor-widget-container\">\n\t\t\t\t\t<div class=\"elementor-image\">\n\t\t\t\t\t\t\t\t\t\t\t<a href=\"https:\/\/adf.org.br\/velario\/gracas?origem=25087\" target=\"_blank\">\n\t\t\t\t\t\t\t<img width=\"605\" height=\"192\" src=\"https:\/\/www.adf.org.br\/home\/wp-content\/uploads\/2022\/10\/BOTAO.png\" class=\"attachment-large size-large\" alt=\"\" loading=\"lazy\" srcset=\"https:\/\/www.adf.org.br\/home\/wp-content\/uploads\/2022\/10\/BOTAO.png 605w, https:\/\/www.adf.org.br\/home\/wp-content\/uploads\/2022\/10\/BOTAO-300x95.png 300w\" sizes=\"(max-width: 605px) 100vw, 605px\" \/>\t\t\t\t\t\t\t\t<\/a>\n\t\t\t\t\t\t\t\t\t\t\t<\/div>\n\t\t\t\t<\/div>\n\t\t\t\t<\/div>\n\t\t\t\t\t\t<\/div>\n\t\t\t\t\t<\/div>\n\t\t<\/div>\n\t\t\t\t\t\t\t\t<\/div>\n\t\t\t\t\t<\/div>\n\t\t<\/section>\n\t\t\t\t<section class=\"elementor-section elementor-top-section elementor-element elementor-element-31e7978 elementor-section-boxed elementor-section-height-default elementor-section-height-default\" data-id=\"31e7978\" data-element_type=\"section\" data-settings=\"{&quot;background_background&quot;:&quot;classic&quot;}\">\n\t\t\t\t\t\t<div class=\"elementor-container elementor-column-gap-default\">\n\t\t\t\t\t\t\t<div class=\"elementor-row\">\n\t\t\t\t\t<div class=\"elementor-column elementor-col-33 elementor-top-column elementor-element elementor-element-b143a70\" data-id=\"b143a70\" data-element_type=\"column\">\n\t\t\t<div class=\"elementor-column-wrap elementor-element-populated\">\n\t\t\t\t\t\t\t<div class=\"elementor-widget-wrap\">\n\t\t\t\t\t\t<div class=\"elementor-element elementor-element-5d61c14 elementor-widget elementor-widget-image\" data-id=\"5d61c14\" data-element_type=\"widget\" data-widget_type=\"image.default\">\n\t\t\t\t<div class=\"elementor-widget-container\">\n\t\t\t\t\t<div class=\"elementor-image\">\n\t\t\t\t\t\t\t\t\t\t<img width=\"514\" height=\"444\" src=\"https:\/\/www.adf.org.br\/home\/wp-content\/uploads\/2020\/03\/img-fatima-01.jpg\" class=\"attachment-large size-large\" alt=\"\" loading=\"lazy\" srcset=\"https:\/\/www.adf.org.br\/home\/wp-content\/uploads\/2020\/03\/img-fatima-01.jpg 514w, https:\/\/www.adf.org.br\/home\/wp-content\/uploads\/2020\/03\/img-fatima-01-300x259.jpg 300w\" sizes=\"(max-width: 514px) 100vw, 514px\" \/>\t\t\t\t\t\t\t\t\t\t\t<\/div>\n\t\t\t\t<\/div>\n\t\t\t\t<\/div>\n\t\t\t\t\t\t<\/div>\n\t\t\t\t\t<\/div>\n\t\t<\/div>\n\t\t\t\t<div class=\"elementor-column elementor-col-33 elementor-top-column elementor-element elementor-element-38953ae\" data-id=\"38953ae\" data-element_type=\"column\">\n\t\t\t<div class=\"elementor-column-wrap\">\n\t\t\t\t\t\t\t<div class=\"elementor-widget-wrap\">\n\t\t\t\t\t\t\t\t<\/div>\n\t\t\t\t\t<\/div>\n\t\t<\/div>\n\t\t\t\t<div class=\"elementor-column elementor-col-33 elementor-top-column elementor-element elementor-element-93b0d4e\" data-id=\"93b0d4e\" data-element_type=\"column\">\n\t\t\t<div class=\"elementor-column-wrap elementor-element-populated\">\n\t\t\t\t\t\t\t<div class=\"elementor-widget-wrap\">\n\t\t\t\t\t\t<div class=\"elementor-element elementor-element-1ab3599 elementor-widget elementor-widget-heading\" data-id=\"1ab3599\" data-element_type=\"widget\" data-widget_type=\"heading.default\">\n\t\t\t\t<div class=\"elementor-widget-container\">\n\t\t\t<h2 class=\"elementor-heading-title elementor-size-default\">Sobre a ADF<\/h2>\t\t<\/div>\n\t\t\t\t<\/div>\n\t\t\t\t<div class=\"elementor-element elementor-element-dd2a164 elementor-widget elementor-widget-text-editor\" data-id=\"dd2a164\" data-element_type=\"widget\" data-widget_type=\"text-editor.default\">\n\t\t\t\t<div class=\"elementor-widget-container\">\n\t\t\t\t\t<div class=\"elementor-text-editor elementor-clearfix\"><p>A Associa\u00e7\u00e3o&nbsp; Devotos de&nbsp; F\u00e1tima (ADF)&nbsp; &nbsp; \u00e9 uma institui\u00e7\u00e3o privada, sem fins lucrativos, que tem como miss\u00e3o fomentar a devo\u00e7\u00e3o a Nossa Senhora e difundir Seus apelos ao mundo.<\/p>\n<p>Uma grande s\u00e9rie de apari\u00e7\u00f5es come\u00e7ou em Paris (na Rue du Bac, onde Nossa Senhora mandou cunhar a Medalha Milagrosa), continuou em La Salette e em Lourdes, e culminou na Cova da Iria, onde Nossa Senhora transmitiu a famosa Mensagem aos pastorinhos de F\u00e1tima.<\/p>\n<p>A ess\u00eancia dessa s\u00e9rie de mensagens \u00e9 um apelo \u00e0 mudan\u00e7a de vida, e serve como resposta para as inquieta\u00e7\u00f5es dos dias de hoje.<\/p><\/div>\n\t\t\t\t<\/div>\n\t\t\t\t<\/div>\n\t\t\t\t\t\t<\/div>\n\t\t\t\t\t<\/div>\n\t\t<\/div>\n\t\t\t\t\t\t\t\t<\/div>\n\t\t\t\t\t<\/div>\n\t\t<\/section>\n\t\t\t\t\t\t<\/div>\n\t\t\t\t\t\t<\/div>\n\t\t\t\t\t<\/div>\n\t\t","protected":false},"excerpt":{"rendered":"<p>\u00daltimos Artigos Todos os Posts MISSA DE NOSSA SENHORA DE F\u00c1TIMA exclusiva e inclua seus pedidos nessa celebra\u00e7\u00e3o Sobre a ADF A Associa\u00e7\u00e3o&nbsp; Devotos de&nbsp; F\u00e1tima (ADF)&nbsp; &nbsp; \u00e9 uma institui\u00e7\u00e3o privada, sem fins lucrativos, que tem como miss\u00e3o fomentar a devo\u00e7\u00e3o a Nossa Senhora e difundir Seus apelos ao mundo. Uma grande s\u00e9rie de [&hellip;]<\/p>\n","protected":false},"author":9,"featured_media":0,"parent":0,"menu_order":0,"comment_status":"closed","ping_status":"closed","template":"elementor_header_footer","meta":[],"yoast_head":"<!-- This site is optimized with the Yoast SEO plugin v17.4 - https:\/\/yoast.com\/wordpress\/plugins\/seo\/ -->\n<title>home - Associa\u00e7\u00e3o Devotos de F\u00e1tima<\/title>\n<meta name=\"robots\" content=\"index, follow, max-snippet:-1, max-image-preview:large, max-video-preview:-1\" \/>\n<link rel=\"canonical\" href=\"https:\/\/www.adf.org.br\/home\/\" \/>\n<meta property=\"og:locale\" content=\"pt_BR\" \/>\n<meta property=\"og:type\" content=\"article\" \/>\n<meta property=\"og:title\" content=\"home - Associa\u00e7\u00e3o Devotos de F\u00e1tima\" \/>\n<meta property=\"og:description\" content=\"\u00daltimos Artigos Todos os Posts MISSA DE NOSSA SENHORA DE F\u00c1TIMA exclusiva e inclua seus pedidos nessa celebra\u00e7\u00e3o Sobre a ADF A Associa\u00e7\u00e3o&nbsp; Devotos de&nbsp; F\u00e1tima (ADF)&nbsp; &nbsp; \u00e9 uma institui\u00e7\u00e3o privada, sem fins lucrativos, que tem como miss\u00e3o fomentar a devo\u00e7\u00e3o a Nossa Senhora e difundir Seus apelos ao mundo. Uma grande s\u00e9rie de [&hellip;]\" \/>\n<meta property=\"og:url\" content=\"https:\/\/www.adf.org.br\/home\/\" \/>\n<meta property=\"og:site_name\" content=\"Associa\u00e7\u00e3o Devotos de F\u00e1tima\" \/>\n<meta property=\"article:modified_time\" content=\"2025-02-24T16:40:05+00:00\" \/>\n<meta property=\"og:image\" content=\"https:\/\/www.adf.org.br\/home\/wp-content\/uploads\/2020\/03\/botao-1.jpg\" \/>\n<meta name=\"twitter:card\" content=\"summary_large_image\" \/>\n<meta name=\"twitter:label1\" content=\"Est. tempo de leitura\" \/>\n\t<meta name=\"twitter:data1\" content=\"8 minutos\" \/>\n<script type=\"application\/ld+json\" class=\"yoast-schema-graph\">{\"@context\":\"https:\/\/schema.org\",\"@graph\":[{\"@type\":\"WebSite\",\"@id\":\"https:\/\/www.adf.org.br\/home\/#website\",\"url\":\"https:\/\/www.adf.org.br\/home\/\",\"name\":\"Associa\\u00e7\\u00e3o Devotos de F\\u00e1tima\",\"description\":\"Associa\\u00e7\\u00e3o Devotos de F\\u00e1tima\",\"potentialAction\":[{\"@type\":\"SearchAction\",\"target\":{\"@type\":\"EntryPoint\",\"urlTemplate\":\"https:\/\/www.adf.org.br\/home\/?s={search_term_string}\"},\"query-input\":\"required name=search_term_string\"}],\"inLanguage\":\"pt-BR\"},{\"@type\":\"ImageObject\",\"@id\":\"https:\/\/www.adf.org.br\/home\/#primaryimage\",\"inLanguage\":\"pt-BR\",\"url\":\"https:\/\/www.adf.org.br\/home\/wp-content\/uploads\/2020\/03\/botao-1.jpg\",\"contentUrl\":\"https:\/\/www.adf.org.br\/home\/wp-content\/uploads\/2020\/03\/botao-1.jpg\",\"width\":311,\"height\":202},{\"@type\":\"WebPage\",\"@id\":\"https:\/\/www.adf.org.br\/home\/#webpage\",\"url\":\"https:\/\/www.adf.org.br\/home\/\",\"name\":\"home - Associa\\u00e7\\u00e3o Devotos de F\\u00e1tima\",\"isPartOf\":{\"@id\":\"https:\/\/www.adf.org.br\/home\/#website\"},\"primaryImageOfPage\":{\"@id\":\"https:\/\/www.adf.org.br\/home\/#primaryimage\"},\"datePublished\":\"2020-03-09T19:45:55+00:00\",\"dateModified\":\"2025-02-24T16:40:05+00:00\",\"breadcrumb\":{\"@id\":\"https:\/\/www.adf.org.br\/home\/#breadcrumb\"},\"inLanguage\":\"pt-BR\",\"potentialAction\":[{\"@type\":\"ReadAction\",\"target\":[\"https:\/\/www.adf.org.br\/home\/\"]}]},{\"@type\":\"BreadcrumbList\",\"@id\":\"https:\/\/www.adf.org.br\/home\/#breadcrumb\",\"itemListElement\":[{\"@type\":\"ListItem\",\"position\":1,\"name\":\"Home\",\"item\":\"https:\/\/www.adf.org.br\/home\/\"},{\"@type\":\"ListItem\",\"position\":2,\"name\":\"home\"}]}]}<\/script>\n<!-- \/ Yoast SEO plugin. -->","yoast_head_json":{"title":"home - Associa\u00e7\u00e3o Devotos de F\u00e1tima","robots":{"index":"index","follow":"follow","max-snippet":"max-snippet:-1","max-image-preview":"max-image-preview:large","max-video-preview":"max-video-preview:-1"},"canonical":"https:\/\/www.adf.org.br\/home\/","og_locale":"pt_BR","og_type":"article","og_title":"home - Associa\u00e7\u00e3o Devotos de F\u00e1tima","og_description":"\u00daltimos Artigos Todos os Posts MISSA DE NOSSA SENHORA DE F\u00c1TIMA exclusiva e inclua seus pedidos nessa celebra\u00e7\u00e3o Sobre a ADF A Associa\u00e7\u00e3o&nbsp; Devotos de&nbsp; F\u00e1tima (ADF)&nbsp; &nbsp; \u00e9 uma institui\u00e7\u00e3o privada, sem fins lucrativos, que tem como miss\u00e3o fomentar a devo\u00e7\u00e3o a Nossa Senhora e difundir Seus apelos ao mundo. Uma grande s\u00e9rie de [&hellip;]","og_url":"https:\/\/www.adf.org.br\/home\/","og_site_name":"Associa\u00e7\u00e3o Devotos de F\u00e1tima","article_modified_time":"2025-02-24T16:40:05+00:00","og_image":[{"url":"https:\/\/www.adf.org.br\/home\/wp-content\/uploads\/2020\/03\/botao-1.jpg"}],"twitter_card":"summary_large_image","twitter_misc":{"Est. tempo de leitura":"8 minutos"},"schema":{"@context":"https:\/\/schema.org","@graph":[{"@type":"WebSite","@id":"https:\/\/www.adf.org.br\/home\/#website","url":"https:\/\/www.adf.org.br\/home\/","name":"Associa\u00e7\u00e3o Devotos de F\u00e1tima","description":"Associa\u00e7\u00e3o Devotos de F\u00e1tima","potentialAction":[{"@type":"SearchAction","target":{"@type":"EntryPoint","urlTemplate":"https:\/\/www.adf.org.br\/home\/?s={search_term_string}"},"query-input":"required name=search_term_string"}],"inLanguage":"pt-BR"},{"@type":"ImageObject","@id":"https:\/\/www.adf.org.br\/home\/#primaryimage","inLanguage":"pt-BR","url":"https:\/\/www.adf.org.br\/home\/wp-content\/uploads\/2020\/03\/botao-1.jpg","contentUrl":"https:\/\/www.adf.org.br\/home\/wp-content\/uploads\/2020\/03\/botao-1.jpg","width":311,"height":202},{"@type":"WebPage","@id":"https:\/\/www.adf.org.br\/home\/#webpage","url":"https:\/\/www.adf.org.br\/home\/","name":"home - Associa\u00e7\u00e3o Devotos de F\u00e1tima","isPartOf":{"@id":"https:\/\/www.adf.org.br\/home\/#website"},"primaryImageOfPage":{"@id":"https:\/\/www.adf.org.br\/home\/#primaryimage"},"datePublished":"2020-03-09T19:45:55+00:00","dateModified":"2025-02-24T16:40:05+00:00","breadcrumb":{"@id":"https:\/\/www.adf.org.br\/home\/#breadcrumb"},"inLanguage":"pt-BR","potentialAction":[{"@type":"ReadAction","target":["https:\/\/www.adf.org.br\/home\/"]}]},{"@type":"BreadcrumbList","@id":"https:\/\/www.adf.org.br\/home\/#breadcrumb","itemListElement":[{"@type":"ListItem","position":1,"name":"Home","item":"https:\/\/www.adf.org.br\/home\/"},{"@type":"ListItem","position":2,"name":"home"}]}]}},"_links":{"self":[{"href":"https:\/\/www.adf.org.br\/home\/wp-json\/wp\/v2\/pages\/6"}],"collection":[{"href":"https:\/\/www.adf.org.br\/home\/wp-json\/wp\/v2\/pages"}],"about":[{"href":"https:\/\/www.adf.org.br\/home\/wp-json\/wp\/v2\/types\/page"}],"author":[{"embeddable":true,"href":"https:\/\/www.adf.org.br\/home\/wp-json\/wp\/v2\/users\/9"}],"replies":[{"embeddable":true,"href":"https:\/\/www.adf.org.br\/home\/wp-json\/wp\/v2\/comments?post=6"}],"version-history":[{"count":160,"href":"https:\/\/www.adf.org.br\/home\/wp-json\/wp\/v2\/pages\/6\/revisions"}],"predecessor-version":[{"id":79415,"href":"https:\/\/www.adf.org.br\/home\/wp-json\/wp\/v2\/pages\/6\/revisions\/79415"}],"wp:attachment":[{"href":"https:\/\/www.adf.org.br\/home\/wp-json\/wp\/v2\/media?parent=6"}],"curies":[{"name":"wp","href":"https:\/\/api.w.org\/{rel}","templated":true}]}}