{"version":"1.0","provider_name":"Associa\u00e7\u00e3o Devotos de F\u00e1tima","provider_url":"https:\/\/www.adf.org.br\/home","author_name":"Gabriel Barbosa","author_url":"https:\/\/www.adf.org.br\/home\/author\/gabrielpmk-com-br\/","title":"Volte para os bra\u00e7os da M\u00e3e Sant\u00edssima - Associa\u00e7\u00e3o Devotos de F\u00e1tima","type":"rich","width":600,"height":338,"html":"<blockquote class=\"wp-embedded-content\"><a href=\"https:\/\/www.adf.org.br\/home\/volte-para-os-bracos-da-mae-santissima\/\">Volte para os bra\u00e7os da M\u00e3e Sant\u00edssima<\/a><\/blockquote>\n<script type='text\/javascript'>\n<!--\/\/--><![CDATA[\/\/><!--\n\t\t\/*! This file is auto-generated *\/\n\t\t!function(c,d){\"use strict\";var e=!1,n=!1;if(d.querySelector)if(c.addEventListener)e=!0;if(c.wp=c.wp||{},!c.wp.receiveEmbedMessage)if(c.wp.receiveEmbedMessage=function(e){var t=e.data;if(t)if(t.secret||t.message||t.value)if(!\/[^a-zA-Z0-9]\/.test(t.secret)){for(var r,a,i,s=d.querySelectorAll('iframe[data-secret=\"'+t.secret+'\"]'),n=d.querySelectorAll('blockquote[data-secret=\"'+t.secret+'\"]'),o=0;o<n.length;o++)n[o].style.display=\"none\";for(o=0;o<s.length;o++)if(r=s[o],e.source===r.contentWindow){if(r.removeAttribute(\"style\"),\"height\"===t.message){if(1e3<(i=parseInt(t.value,10)))i=1e3;else if(~~i<200)i=200;r.height=i}if(\"link\"===t.message)if(a=d.createElement(\"a\"),i=d.createElement(\"a\"),a.href=r.getAttribute(\"src\"),i.href=t.value,i.host===a.host)if(d.activeElement===r)c.top.location.href=t.value}}},e)c.addEventListener(\"message\",c.wp.receiveEmbedMessage,!1),d.addEventListener(\"DOMContentLoaded\",t,!1),c.addEventListener(\"load\",t,!1);function t(){if(!n){n=!0;for(var e,t,r=-1!==navigator.appVersion.indexOf(\"MSIE 10\"),a=!!navigator.userAgent.match(\/Trident.*rv:11\\.\/),i=d.querySelectorAll(\"iframe.wp-embedded-content\"),s=0;s<i.length;s++){if(!(e=i[s]).getAttribute(\"data-secret\"))t=Math.random().toString(36).substr(2,10),e.src+=\"#?secret=\"+t,e.setAttribute(\"data-secret\",t);if(r||a)(t=e.cloneNode(!0)).removeAttribute(\"security\"),e.parentNode.replaceChild(t,e)}}}}(window,document);\n\/\/--><!]]>\n<\/script><iframe sandbox=\"allow-scripts\" security=\"restricted\" src=\"https:\/\/www.adf.org.br\/home\/volte-para-os-bracos-da-mae-santissima\/embed\/\" width=\"600\" height=\"338\" title=\"&#8220;Volte para os bra\u00e7os da M\u00e3e Sant\u00edssima&#8221; &#8212; Associa\u00e7\u00e3o Devotos de F\u00e1tima\" frameborder=\"0\" marginwidth=\"0\" marginheight=\"0\" scrolling=\"no\" class=\"wp-embedded-content\"><\/iframe>","description":"Ora\u00e7\u00e3o de Restaura\u00e7\u00e3o H\u00e1 momentos, minha M\u00e3e, em que minha alma se sente no que tem de mais fundo, tocada por uma saudade indiz\u00edvel. Tenho saudades da \u00e9poca em que eu vos amava e V\u00f3s me am\u00e1veis, na atmosfera primaveril de minha vida espiritual. Tenho saudade de V\u00f3s, Senhora, e do para\u00edso que punha em [&hellip;]","thumbnail_url":"http:\/\/www.adf.org.br\/home\/wp-content\/uploads\/2010\/04\/m\u00e3e-santissima-195x300.jpg"}