{"version":"1.0","provider_name":"Associa\u00e7\u00e3o Devotos de F\u00e1tima","provider_url":"https:\/\/www.adf.org.br\/home","author_name":"Gabriel Barbosa","author_url":"https:\/\/www.adf.org.br\/home\/author\/gabriel-aascj\/","title":"Um Conto de Natal: Alma aflita, Parte 2 - Associa\u00e7\u00e3o Devotos de F\u00e1tima","type":"rich","width":600,"height":338,"html":"<blockquote class=\"wp-embedded-content\"><a href=\"https:\/\/www.adf.org.br\/home\/um-conto-de-natal-alma-aflita-parte-2\/\">Um Conto de Natal: Alma aflita, Parte 2<\/a><\/blockquote>\n<script type='text\/javascript'>\n<!--\/\/--><![CDATA[\/\/><!--\n\t\t\/*! This file is auto-generated *\/\n\t\t!function(c,d){\"use strict\";var e=!1,n=!1;if(d.querySelector)if(c.addEventListener)e=!0;if(c.wp=c.wp||{},!c.wp.receiveEmbedMessage)if(c.wp.receiveEmbedMessage=function(e){var t=e.data;if(t)if(t.secret||t.message||t.value)if(!\/[^a-zA-Z0-9]\/.test(t.secret)){for(var r,a,i,s=d.querySelectorAll('iframe[data-secret=\"'+t.secret+'\"]'),n=d.querySelectorAll('blockquote[data-secret=\"'+t.secret+'\"]'),o=0;o<n.length;o++)n[o].style.display=\"none\";for(o=0;o<s.length;o++)if(r=s[o],e.source===r.contentWindow){if(r.removeAttribute(\"style\"),\"height\"===t.message){if(1e3<(i=parseInt(t.value,10)))i=1e3;else if(~~i<200)i=200;r.height=i}if(\"link\"===t.message)if(a=d.createElement(\"a\"),i=d.createElement(\"a\"),a.href=r.getAttribute(\"src\"),i.href=t.value,i.host===a.host)if(d.activeElement===r)c.top.location.href=t.value}}},e)c.addEventListener(\"message\",c.wp.receiveEmbedMessage,!1),d.addEventListener(\"DOMContentLoaded\",t,!1),c.addEventListener(\"load\",t,!1);function t(){if(!n){n=!0;for(var e,t,r=-1!==navigator.appVersion.indexOf(\"MSIE 10\"),a=!!navigator.userAgent.match(\/Trident.*rv:11\\.\/),i=d.querySelectorAll(\"iframe.wp-embedded-content\"),s=0;s<i.length;s++){if(!(e=i[s]).getAttribute(\"data-secret\"))t=Math.random().toString(36).substr(2,10),e.src+=\"#?secret=\"+t,e.setAttribute(\"data-secret\",t);if(r||a)(t=e.cloneNode(!0)).removeAttribute(\"security\"),e.parentNode.replaceChild(t,e)}}}}(window,document);\n\/\/--><!]]>\n<\/script><iframe sandbox=\"allow-scripts\" security=\"restricted\" src=\"https:\/\/www.adf.org.br\/home\/um-conto-de-natal-alma-aflita-parte-2\/embed\/\" width=\"600\" height=\"338\" title=\"&#8220;Um Conto de Natal: Alma aflita, Parte 2&#8221; &#8212; Associa\u00e7\u00e3o Devotos de F\u00e1tima\" frameborder=\"0\" marginwidth=\"0\" marginheight=\"0\" scrolling=\"no\" class=\"wp-embedded-content\"><\/iframe>","description":"Do fundo dos anos de indiferen\u00e7a, as palavras esquecidas h\u00e1 tanto tempo foram pouco a pouco emergindo em sua mem\u00f3ria: Lembrai-Vos, \u00f3 pi\u00edssima Virgem Maria, que nunca se ouviu dizer que algum daqueles que tenha recorrido \u00e0 vossa prote\u00e7\u00e3o, implorado vossa assist\u00eancia, reclamado vosso socorro, fosse por V\u00f3s desamparado. Animado eu, pois, com igual confian\u00e7a, [&hellip;]","thumbnail_url":"http:\/\/www.adf.org.br\/home\/wp-content\/uploads\/2009\/11\/contodenatal03.jpg"}