{"version":"1.0","provider_name":"Associa\u00e7\u00e3o Devotos de F\u00e1tima","provider_url":"https:\/\/www.adf.org.br\/home","author_name":"Gabriel Barbosa","author_url":"https:\/\/www.adf.org.br\/home\/author\/gabrielpmk-com-br\/","title":"Cantiga de Nossa Senhora de Castro Marim - Associa\u00e7\u00e3o Devotos de F\u00e1tima","type":"rich","width":600,"height":338,"html":"<blockquote class=\"wp-embedded-content\"><a href=\"https:\/\/www.adf.org.br\/home\/cantiga-de-nossa-senhora-de-castro-marim\/\">Cantiga de Nossa Senhora de Castro Marim<\/a><\/blockquote>\n<script type='text\/javascript'>\n<!--\/\/--><![CDATA[\/\/><!--\n\t\t\/*! This file is auto-generated *\/\n\t\t!function(c,d){\"use strict\";var e=!1,n=!1;if(d.querySelector)if(c.addEventListener)e=!0;if(c.wp=c.wp||{},!c.wp.receiveEmbedMessage)if(c.wp.receiveEmbedMessage=function(e){var t=e.data;if(t)if(t.secret||t.message||t.value)if(!\/[^a-zA-Z0-9]\/.test(t.secret)){for(var r,a,i,s=d.querySelectorAll('iframe[data-secret=\"'+t.secret+'\"]'),n=d.querySelectorAll('blockquote[data-secret=\"'+t.secret+'\"]'),o=0;o<n.length;o++)n[o].style.display=\"none\";for(o=0;o<s.length;o++)if(r=s[o],e.source===r.contentWindow){if(r.removeAttribute(\"style\"),\"height\"===t.message){if(1e3<(i=parseInt(t.value,10)))i=1e3;else if(~~i<200)i=200;r.height=i}if(\"link\"===t.message)if(a=d.createElement(\"a\"),i=d.createElement(\"a\"),a.href=r.getAttribute(\"src\"),i.href=t.value,i.host===a.host)if(d.activeElement===r)c.top.location.href=t.value}}},e)c.addEventListener(\"message\",c.wp.receiveEmbedMessage,!1),d.addEventListener(\"DOMContentLoaded\",t,!1),c.addEventListener(\"load\",t,!1);function t(){if(!n){n=!0;for(var e,t,r=-1!==navigator.appVersion.indexOf(\"MSIE 10\"),a=!!navigator.userAgent.match(\/Trident.*rv:11\\.\/),i=d.querySelectorAll(\"iframe.wp-embedded-content\"),s=0;s<i.length;s++){if(!(e=i[s]).getAttribute(\"data-secret\"))t=Math.random().toString(36).substr(2,10),e.src+=\"#?secret=\"+t,e.setAttribute(\"data-secret\",t);if(r||a)(t=e.cloneNode(!0)).removeAttribute(\"security\"),e.parentNode.replaceChild(t,e)}}}}(window,document);\n\/\/--><!]]>\n<\/script><iframe sandbox=\"allow-scripts\" security=\"restricted\" src=\"https:\/\/www.adf.org.br\/home\/cantiga-de-nossa-senhora-de-castro-marim\/embed\/\" width=\"600\" height=\"338\" title=\"&#8220;Cantiga de Nossa Senhora de Castro Marim&#8221; &#8212; Associa\u00e7\u00e3o Devotos de F\u00e1tima\" frameborder=\"0\" marginwidth=\"0\" marginheight=\"0\" scrolling=\"no\" class=\"wp-embedded-content\"><\/iframe>","description":"Esta cantiga refere-se ao surgimento da devo\u00e7\u00e3o a Nossa Senhora de Castro Marim (Algarve, s\u00e9culo XII), especial protetora dos portugueses cativos dos mouros. Captivo de um p\u00earro moiro Em terras de moiraria Debaixo de duros ferros, Um pobre crist\u00e3o vivia. Negro p\u00e3o e \u00e1gua turva S\u00f3 lhe davam por medida De manh\u00e3 at\u00e9 \u00e0 tarde [&hellip;]","thumbnail_url":"http:\/\/www.adf.org.br\/home\/wp-content\/uploads\/2012\/09\/Nossa-Senhora-dos-M\u00e1rtires-Castro-Marim.jpg"}